{"id":2183,"date":"2025-10-14T15:28:43","date_gmt":"2022-02-14T02:42:49","guid":{"rendered":"https:\/\/www.solaal.org\/nouvelle-aquitaine\/actualites\/"},"modified":"2025-10-14T16:58:39","modified_gmt":"2025-04-03T09:02:39","slug":"actualites","status":"publish","type":"page","link":"https:\/\/www.solaal.org\/pays-de-la-loire\/actualites\/","title":{"rendered":"Actualit\u00e9s"},"content":{"rendered":"\n<section class=\"actualites-list not-h2\">\n\t\t<div class=\"actualites-list-box inner wowo fadeInUp\">\n\t\t\t<!--<div class=\"breadcrumbs\">\n\t\t\t\t\t<div class=\"breadcrumbs-box\">\n\t\t\t\t\t\t<span>Vous \u00eates ici :<\/span><a href=\"https:\/\/www.solaal.org\/pays-de-la-loire\">Accueil<\/a><span>Actualit\u00e9s<\/span>\n\t\t\t\t\t<\/div>\n\t\t\t\t<\/div>-->\n\t\t\t<div class=\"title\">\n\t\t\t\t<p>Retrouvez ici les derniu00e8res actualit\u00e9s de l&rsquo;association SOLAAL <\/p>\n\t\t\t<\/div>\n\t\t\t<div class=\"filtrer\">\n\t\t\t\t<span>Filtrer :<\/span>\n\t\t\t\t<div class=\"filtrer-box\">\n\t\t\t\t\t\t\n\t\t\t\t\t\t\t\t\t            <div class=\"box\" data=\"14\">\n\t\t\t\t\t\t\t\t<a href=\"https:\/\/www.solaal.org\/pays-de-la-loire\/category\/interview\/\">INTERVIEW<sup>(7)<\/sup><\/a>\n\t\t\t\t\t\t\t<\/div>\n\n\t\t\t\t\t\t\t\t\t\t            <div class=\"box\" data=\"5\">\n\t\t\t\t\t\t\t\t<a href=\"https:\/\/www.solaal.org\/pays-de-la-loire\/category\/action-de-solidarite\/\">Action de solidarit\u00e9<sup>(17)<\/sup><\/a>\n\t\t\t\t\t\t\t<\/div>\n\n\t\t\t\t\t\t\t\t\t\t            <div class=\"box\" data=\"16\">\n\t\t\t\t\t\t\t\t<a href=\"https:\/\/www.solaal.org\/pays-de-la-loire\/category\/actions-solidaires\/\">actions-solidaires<sup>(7)<\/sup><\/a>\n\t\t\t\t\t\t\t<\/div>\n\n\t\t\t\t\t\t\t\t\t\t            <div class=\"box\" data=\"17\">\n\t\t\t\t\t\t\t\t<a href=\"https:\/\/www.solaal.org\/pays-de-la-loire\/category\/antenne-solaal\/\">antenne-solaal<sup>(4)<\/sup><\/a>\n\t\t\t\t\t\t\t<\/div>\n\n\t\t\t\t\t\t\t\t\t\t            <div class=\"box\" data=\"15\">\n\t\t\t\t\t\t\t\t<a href=\"https:\/\/www.solaal.org\/pays-de-la-loire\/category\/don-agricole\/\">don-agricole<sup>(6)<\/sup><\/a>\n\t\t\t\t\t\t\t<\/div>\n\n\t\t\t\t\t\t\t\t\t\t            <div class=\"box\" data=\"18\">\n\t\t\t\t\t\t\t\t<a href=\"https:\/\/www.solaal.org\/pays-de-la-loire\/category\/evenement\/\">evenement<sup>(6)<\/sup><\/a>\n\t\t\t\t\t\t\t<\/div>\n\n\t\t\t\t\t\t\t\t\t\t            <div class=\"box\" data=\"20\">\n\t\t\t\t\t\t\t\t<a href=\"https:\/\/www.solaal.org\/pays-de-la-loire\/category\/evenements\/\">evenements<sup>(2)<\/sup><\/a>\n\t\t\t\t\t\t\t<\/div>\n\n\t\t\t\t\t\t\t\t\t\t            <div class=\"box\" data=\"22\">\n\t\t\t\t\t\t\t\t<a href=\"https:\/\/www.solaal.org\/pays-de-la-loire\/category\/ils-nous-soutiennent\/\">ils-nous-soutiennent<sup>(2)<\/sup><\/a>\n\t\t\t\t\t\t\t<\/div>\n\n\t\t\t\t\t\t\t\t\t\t            <div class=\"box\" data=\"1\">\n\t\t\t\t\t\t\t\t<a href=\"https:\/\/www.solaal.org\/pays-de-la-loire\/category\/non-classe\/\">Non class\u00e9<sup>(3)<\/sup><\/a>\n\t\t\t\t\t\t\t<\/div>\n\n\t\t\t\t\t\t\t\t\t\t            <div class=\"box\" data=\"6\">\n\t\t\t\t\t\t\t\t<a href=\"https:\/\/www.solaal.org\/pays-de-la-loire\/category\/salons\/\">Salons<sup>(12)<\/sup><\/a>\n\t\t\t\t\t\t\t<\/div>\n\n\t\t\t\t\t\t\t\t\t\t            <div class=\"box\" data=\"4\">\n\t\t\t\t\t\t\t\t<a href=\"https:\/\/www.solaal.org\/pays-de-la-loire\/category\/vie-associative\/\">Vie associative<sup>(8)<\/sup><\/a>\n\t\t\t\t\t\t\t<\/div>\n\n\t\t\t\t\t\t\t\t\t\t\t\n\t\t\t\t\t\n\t\t\t\t<\/div>\n\t\t\t\t\n\t\t\t<\/div>\n\t\t\t<div class=\"content\">\n\t\t\t\t<div class=\"content-box\">\n\t\t\t\t\t\t\t\t\t\t\t\n\t\t\t\t\t\t\n\t\t\t\t\t<div class=\"list\">\n\t\t\t\t\t\t<div class=\"img\">\n\t\t\t\t\t\t\t<a href=\"https:\/\/www.solaal.org\/pays-de-la-loire\/2026\/01\/30\/845-000-repas-distribues-aupres-des-personnes-en-situation-de-precarite-en-pays-de-la-loire\/\" style=\"background-image: url(https:\/\/www.solaal.org\/pays-de-la-loire\/wp-content\/uploads\/sites\/26\/2026\/01\/MERCI.png);\"><\/a>\n\t\t\t\t\t\t<\/div>\n\t\t\t\t\t\t<div class=\"text\">\n\t\t\t\t\t\t\t\t\t\t\t\t\t\t<span>Vie associative<\/span>\n\t\t\t\t\t\t\t\t\t\t\t\t\t\t<h2><a href=\"https:\/\/www.solaal.org\/pays-de-la-loire\/2026\/01\/30\/845-000-repas-distribues-aupres-des-personnes-en-situation-de-precarite-en-pays-de-la-loire\/\">845 000 repas distribu\u00e9s aupr\u00e8s des personnes en situation de pr\u00e9carit\u00e9 en Pays de la Loire<\/a><\/h2>\n\t\t\t\t\t\t\t<p>Retrouvez le bilan de l&rsquo;activit\u00e9 de SOLAAL Pays de la Loire en 2025. Focus sur les dons des agriculteurs lig\u00e9riens Gr\u00e2ce \u00e0 la mobilisation de plus de 60 entreprises agricoles bas\u00e9es en Pays de la Loire, ce sont plus de 191 tonnes de produits frais qui ont \u00e9t\u00e9 distribu\u00e9s aupr\u00e8s des personnes dans le besoin. [&hellip;]<\/p>\n\t\t\t\t\t\t\t<a href=\"https:\/\/www.solaal.org\/pays-de-la-loire\/2026\/01\/30\/845-000-repas-distribues-aupres-des-personnes-en-situation-de-precarite-en-pays-de-la-loire\/\" class=\"btn\"><i><\/i>En savoir +<\/a>\n\t\t\t\t\t\t<\/div>\n\t\t\t\t\t<\/div>\n\t\t\t\t\t\t\n\t\t\t\t\t<div class=\"list\">\n\t\t\t\t\t\t<div class=\"img\">\n\t\t\t\t\t\t\t<a href=\"https:\/\/www.solaal.org\/pays-de-la-loire\/2026\/04\/02\/des-jeunes-se-mobilisent-en-cuisine-pour-les-plus-demunis\/\" style=\"background-image: url(https:\/\/www.solaal.org\/pays-de-la-loire\/wp-content\/uploads\/sites\/26\/2026\/04\/20260331_144609-1024x768.jpg);\"><\/a>\n\t\t\t\t\t\t<\/div>\n\t\t\t\t\t\t<div class=\"text\">\n\t\t\t\t\t\t\t\t\t\t\t\t\t\t<span>Action de solidarit\u00e9<\/span>\n\t\t\t\t\t\t\t\t\t\t\t\t\t\t<h2><a href=\"https:\/\/www.solaal.org\/pays-de-la-loire\/2026\/04\/02\/des-jeunes-se-mobilisent-en-cuisine-pour-les-plus-demunis\/\">Des jeunes se mobilisent en cuisine pour les plus d\u00e9munis<\/a><\/h2>\n\t\t\t\t\t\t\t<p>Mardi 31 mars, les \u00e9l\u00e8ves du Lyc\u00e9e Nature et du Coll\u00e8ge Auguste et Jean Renoir de La Roche-sur-Yon ont eu le plaisir de participer \u00e0 l\u2019op\u00e9ration Cuisines Solidaires \u2013 La Rel\u00e8ve, organis\u00e9e par La Tabl\u00e9e des Chefs. Au total, 200 repas ont \u00e9t\u00e9 pr\u00e9par\u00e9s \u00e0 partir de produits agricoles donn\u00e9s par Ros\u00e9e des champs, partenaire [&hellip;]<\/p>\n\t\t\t\t\t\t\t<a href=\"https:\/\/www.solaal.org\/pays-de-la-loire\/2026\/04\/02\/des-jeunes-se-mobilisent-en-cuisine-pour-les-plus-demunis\/\" class=\"btn\"><i><\/i>En savoir +<\/a>\n\t\t\t\t\t\t<\/div>\n\t\t\t\t\t<\/div>\n\t\t\t\t\t\t\n\t\t\t\t\t<div class=\"list\">\n\t\t\t\t\t\t<div class=\"img\">\n\t\t\t\t\t\t\t<a href=\"https:\/\/www.solaal.org\/pays-de-la-loire\/2026\/03\/27\/accompagnement-strategique-maine-et-loire-nouveau-mecene\/\" style=\"background-image: url(https:\/\/www.solaal.org\/pays-de-la-loire\/wp-content\/uploads\/sites\/26\/2026\/03\/Logo-RVB-Accompagnement-Strategie-Maine-et-Loire-Conseil-Gestion-Expertise-comptable-50-ans-1024x329.png);\"><\/a>\n\t\t\t\t\t\t<\/div>\n\t\t\t\t\t\t<div class=\"text\">\n\t\t\t\t\t\t\t\t\t\t\t\t\t\t<span>ils-nous-soutiennent<\/span>\n\t\t\t\t\t\t\t\t\t\t\t\t\t\t<h2><a href=\"https:\/\/www.solaal.org\/pays-de-la-loire\/2026\/03\/27\/accompagnement-strategique-maine-et-loire-nouveau-mecene\/\">Accompagnement Strat\u00e9gique Maine-et-Loire, nouveau m\u00e9c\u00e8ne<\/a><\/h2>\n\t\t\t\t\t\t\t<p>AS Maine-et-Loire est devenue m\u00e9c\u00e8ne de l&rsquo;association SOLAAL Pays de la Loire. AS Maine-et-Loire est une association de gestion et de comptabilit\u00e9 implant\u00e9e sur le Maine-et-Loire depuis plus de 50 ans.AS Maine-et-Loire compte plus de 2500 adh\u00e9rents suivis et accompagn\u00e9s gr\u00e2ce aux 115 collaborateurs\u00a0r\u00e9partis sur 8 sites de proximit\u00e9 sur le d\u00e9partement. Le soutien de [&hellip;]<\/p>\n\t\t\t\t\t\t\t<a href=\"https:\/\/www.solaal.org\/pays-de-la-loire\/2026\/03\/27\/accompagnement-strategique-maine-et-loire-nouveau-mecene\/\" class=\"btn\"><i><\/i>En savoir +<\/a>\n\t\t\t\t\t\t<\/div>\n\t\t\t\t\t<\/div>\n\t\t\t\t\t\t\n\t\t\t\t\t<div class=\"list\">\n\t\t\t\t\t\t<div class=\"img\">\n\t\t\t\t\t\t\t<a href=\"https:\/\/www.solaal.org\/pays-de-la-loire\/2026\/01\/22\/solidarite-partage\/\" style=\"background-image: url(https:\/\/www.solaal.org\/pays-de-la-loire\/wp-content\/uploads\/sites\/26\/2026\/01\/WhatsApp-Image-2026-01-20-at-12.20.16-1024x768.jpeg);\"><\/a>\n\t\t\t\t\t\t<\/div>\n\t\t\t\t\t\t<div class=\"text\">\n\t\t\t\t\t\t\t\t\t\t\t\t\t\t<span>Action de solidarit\u00e9<\/span>\n\t\t\t\t\t\t\t\t\t\t\t\t\t\t<h2><a href=\"https:\/\/www.solaal.org\/pays-de-la-loire\/2026\/01\/22\/solidarite-partage\/\">1 600 repas pour l&rsquo;aide alimentaire<\/a><\/h2>\n\t\t\t\t\t\t\t<p>Retour en images sur le SIVAL 2026, gr\u00e2ce \u00e0 la mobilisation d&rsquo;une dizaine de b\u00e9n\u00e9voles, l&rsquo;\u00e9quivalent de 1 600 repas ont pu \u00eatre revers\u00e9s au Secours Populaire de Maine-et-Loire. SIVAL, salon international du v\u00e9g\u00e9tal sp\u00e9cialis\u00e9, est un rdv incontournable pour SOLAAL Pays de la Loire. Depuis 4 ans, nous b\u00e9n\u00e9ficions d&rsquo;une communication de la part [&hellip;]<\/p>\n\t\t\t\t\t\t\t<a href=\"https:\/\/www.solaal.org\/pays-de-la-loire\/2026\/01\/22\/solidarite-partage\/\" class=\"btn\"><i><\/i>En savoir +<\/a>\n\t\t\t\t\t\t<\/div>\n\t\t\t\t\t<\/div>\n\t\t\t\t\t\t\n\t\t\t\t\t<div class=\"list\">\n\t\t\t\t\t\t<div class=\"img\">\n\t\t\t\t\t\t\t<a href=\"https:\/\/www.solaal.org\/pays-de-la-loire\/2026\/01\/07\/interview-dalbert-richard-president-du-sival\/\" style=\"background-image: url(https:\/\/www.solaal.org\/pays-de-la-loire\/wp-content\/uploads\/sites\/26\/2026\/01\/SIVAL_2025_INAUGURATION__EQUIPE_Photo-Regine-Lemarchand-5-1024x683.jpg);\"><\/a>\n\t\t\t\t\t\t<\/div>\n\t\t\t\t\t\t<div class=\"text\">\n\t\t\t\t\t\t\t\t\t\t\t\t\t\t<span>INTERVIEW<\/span>\n\t\t\t\t\t\t\t\t\t\t\t\t\t\t<h2><a href=\"https:\/\/www.solaal.org\/pays-de-la-loire\/2026\/01\/07\/interview-dalbert-richard-president-du-sival\/\">Interview d&rsquo;Albert Richard, pr\u00e9sident du SIVAL<\/a><\/h2>\n\t\t\t\t\t\t\t<p>\u00ab\u00a0Notre d\u00e9marche anti-gaspi alimentaire se fait en partenariat avec SOLAAL depuis l\u2019\u00e9dition 2022 du SIVAL et vise \u00e0 r\u00e9cup\u00e9rer les denr\u00e9es alimentaires des exposants (fruits et l\u00e9gumes, jus de fruit, paquets de g\u00e2teaux&#8230;) et \u00e0 les redistribuer \u00e0 l\u2019aide alimentaire.\u00a0\u00bb selon Albert Richard, pr\u00e9sident du SIVAL Pouvez-vous nous pr\u00e9senter le SIVAL&nbsp;? Quelles sont vos attentes [&hellip;]<\/p>\n\t\t\t\t\t\t\t<a href=\"https:\/\/www.solaal.org\/pays-de-la-loire\/2026\/01\/07\/interview-dalbert-richard-president-du-sival\/\" class=\"btn\"><i><\/i>En savoir +<\/a>\n\t\t\t\t\t\t<\/div>\n\t\t\t\t\t<\/div>\n\t\t\t\t\t\t\n\t\t\t\t\t<div class=\"list\">\n\t\t\t\t\t\t<div class=\"img\">\n\t\t\t\t\t\t\t<a href=\"https:\/\/www.solaal.org\/pays-de-la-loire\/2025\/10\/23\/lengagement-solidaire-de-bodin-bio-2\/\" style=\"background-image: url(https:\/\/www.solaal.org\/pays-de-la-loire\/wp-content\/uploads\/sites\/26\/2025\/10\/Sebastien-MENAND.jpg);\"><\/a>\n\t\t\t\t\t\t<\/div>\n\t\t\t\t\t\t<div class=\"text\">\n\t\t\t\t\t\t\t\t\t\t\t\t\t\t<span>INTERVIEW<\/span>\n\t\t\t\t\t\t\t\t\t\t\t\t\t\t<h2><a href=\"https:\/\/www.solaal.org\/pays-de-la-loire\/2025\/10\/23\/lengagement-solidaire-de-bodin-bio-2\/\">L&rsquo;engagement solidaire de Bodin bio<\/a><\/h2>\n\t\t\t\t\t\t\t<p>\u00ab L\u2019accompagnement propos\u00e9 par SOLAAL constitue une v\u00e9ritable solution pour faciliter les dons alimentaires. En jouant un r\u00f4le de centralisateur, SOLAAL met en relation les entreprises disposant de produits \u00e0 donner avec des associations ayant des besoins identifi\u00e9s. \u00bb, selon S\u00e9bastien M\u00e9nand, responsable des relations clients chez Bodin bio. Pouvez-vous nous pr\u00e9senter votre entreprise ? [&hellip;]<\/p>\n\t\t\t\t\t\t\t<a href=\"https:\/\/www.solaal.org\/pays-de-la-loire\/2025\/10\/23\/lengagement-solidaire-de-bodin-bio-2\/\" class=\"btn\"><i><\/i>En savoir +<\/a>\n\t\t\t\t\t\t<\/div>\n\t\t\t\t\t<\/div>\n\t\t\t\t\t\t\n\t\t\t\t\t<div class=\"list\">\n\t\t\t\t\t\t<div class=\"img\">\n\t\t\t\t\t\t\t<a href=\"https:\/\/www.solaal.org\/pays-de-la-loire\/2025\/10\/17\/une-premiere-pour-les-jeunes-de-la-mfr-de-verneil-le-chetif\/\" style=\"background-image: url(https:\/\/www.solaal.org\/pays-de-la-loire\/wp-content\/uploads\/sites\/26\/2025\/10\/VFGlanage-Philippe-POUSSE-2-1024x768.jpg);\"><\/a>\n\t\t\t\t\t\t<\/div>\n\t\t\t\t\t\t<div class=\"text\">\n\t\t\t\t\t\t\t\t\t\t\t\t\t\t<span>Action de solidarit\u00e9<\/span>\n\t\t\t\t\t\t\t\t\t\t\t\t\t\t<h2><a href=\"https:\/\/www.solaal.org\/pays-de-la-loire\/2025\/10\/17\/une-premiere-pour-les-jeunes-de-la-mfr-de-verneil-le-chetif\/\">Une premi\u00e8re pour les jeunes de la MFR de Verneil le Ch\u00e9tif<\/a><\/h2>\n\t\t\t\t\t\t\t<p>Jeudi 16 octobre la classe de CAP 2\u00e8me ann\u00e9e de la MFR de Verneil le Ch\u00e9tif s&rsquo;est rendue chez Philippe POUSSE pour faire un glanage de pommes. Ces pommes ont ensuite \u00e9t\u00e9 donn\u00e9es \u00e0 l&rsquo;\u00e9picerie sociale de La Fl\u00e8che. Elles seront distribu\u00e9es d\u00e8s le lendemain aupr\u00e8s des familles accueillies. SOLAAL Pays de la Loire est [&hellip;]<\/p>\n\t\t\t\t\t\t\t<a href=\"https:\/\/www.solaal.org\/pays-de-la-loire\/2025\/10\/17\/une-premiere-pour-les-jeunes-de-la-mfr-de-verneil-le-chetif\/\" class=\"btn\"><i><\/i>En savoir +<\/a>\n\t\t\t\t\t\t<\/div>\n\t\t\t\t\t<\/div>\n\t\t\t\t\t<div class='pages'><div class='pages-button'><ul class=\"pages-ul\"><li class='active'><a href='https:\/\/www.solaal.org\/pays-de-la-loire\/wp-json\/wp\/v2\/pages\/2183\/'>1<\/a><\/li><li><a href='https:\/\/www.solaal.org\/pays-de-la-loire\/wp-json\/wp\/v2\/pages\/2183\/page\/2\/'>2<\/a><\/li><li><a href='https:\/\/www.solaal.org\/pays-de-la-loire\/wp-json\/wp\/v2\/pages\/2183\/page\/3\/'>3<\/a><\/li><li><a href='https:\/\/www.solaal.org\/pays-de-la-loire\/wp-json\/wp\/v2\/pages\/2183\/page\/4\/'>4<\/a><\/li><li><a href='https:\/\/www.solaal.org\/pays-de-la-loire\/wp-json\/wp\/v2\/pages\/2183\/page\/5\/'>5<\/a><\/li><li><a href='https:\/\/www.solaal.org\/pays-de-la-loire\/wp-json\/wp\/v2\/pages\/2183\/page\/6\/'>6<\/a><\/li><li><a href='https:\/\/www.solaal.org\/pays-de-la-loire\/wp-json\/wp\/v2\/pages\/2183\/page\/7\/'>7<\/a><\/li><\/ul><a href=\"https:\/\/www.solaal.org\/pays-de-la-loire\/wp-json\/wp\/v2\/pages\/2183\/page\/2\/\" class=\"next\">><\/a><\/div><\/div>\t\t\t\t<\/div>\n\t\t\t<\/div>\n\t\t\t\t\t<\/div>\n\t<\/section>\n\n\n\t<section class=\"home-newsletter not-h2 style-two\">\n\t<div class=\"home-newsletter-box inner fadeInUp\">\n\t\t<div class=\"content\">\n\t\t\t<div class=\"title\">\n\t\t\t\t<h2>Abonnez-vous u00e0 la Newsletter SOLAAL !<\/h2>\n\t\t\t<\/div>\n\t\t\t<div class=\"form\">\n\t\t\t\t\t\t\t\t<p class=\"wpcf7-contact-form-not-found\"><strong>Erreur\u00a0:<\/strong> Formulaire de contact non trouv\u00e9\u00a0!<\/p>\t\t\t<\/div>\n\t\t\t\n\t\t<\/div>\n\t\t<div class=\"end-text\">\n\t\t\t<p>Votre adresse de messagerie est uniquement utilis\u00e9e pour vous envoyer les newsletter de SOLAAL. Vous pouvez u00e0 tout moment utiliser le lien de d\u00e9sabonnement int\u00e9gr\u00e9 dans la newsletter. En savoir plus sur la gestion de vos donn\u00e9es et vos droits.<\/p>\n\t\t<\/div>\n\t<\/div>\n<\/section>\n\n\n","protected":false},"excerpt":{"rendered":"","protected":false},"author":2,"featured_media":0,"parent":0,"menu_order":0,"comment_status":"closed","ping_status":"closed","template":"","meta":{"_acf_changed":true,"inline_featured_image":false,"footnotes":""},"class_list":["post-2183","page","type-page","status-publish","hentry"],"acf":[],"_links":{"self":[{"href":"https:\/\/www.solaal.org\/pays-de-la-loire\/wp-json\/wp\/v2\/pages\/2183","targetHints":{"allow":["GET"]}}],"collection":[{"href":"https:\/\/www.solaal.org\/pays-de-la-loire\/wp-json\/wp\/v2\/pages"}],"about":[{"href":"https:\/\/www.solaal.org\/pays-de-la-loire\/wp-json\/wp\/v2\/types\/page"}],"author":[{"embeddable":true,"href":"https:\/\/www.solaal.org\/pays-de-la-loire\/wp-json\/wp\/v2\/users\/2"}],"replies":[{"embeddable":true,"href":"https:\/\/www.solaal.org\/pays-de-la-loire\/wp-json\/wp\/v2\/comments?post=2183"}],"version-history":[{"count":2,"href":"https:\/\/www.solaal.org\/pays-de-la-loire\/wp-json\/wp\/v2\/pages\/2183\/revisions"}],"predecessor-version":[{"id":2330,"href":"https:\/\/www.solaal.org\/pays-de-la-loire\/wp-json\/wp\/v2\/pages\/2183\/revisions\/2330"}],"wp:attachment":[{"href":"https:\/\/www.solaal.org\/pays-de-la-loire\/wp-json\/wp\/v2\/media?parent=2183"}],"curies":[{"name":"wp","href":"https:\/\/api.w.org\/{rel}","templated":true}]}}