{"id":1269,"date":"2022-08-09T12:28:06","date_gmt":"2022-08-09T10:28:06","guid":{"rendered":"https:\/\/www.solaal.org\/pays-de-la-loire\/?page_id=1269"},"modified":"2022-09-05T10:40:50","modified_gmt":"2022-09-05T08:40:50","slug":"nos-missions","status":"publish","type":"page","link":"https:\/\/www.solaal.org\/pays-de-la-loire\/nos-missions-nos-actions\/nos-missions\/","title":{"rendered":"Nos missions"},"content":{"rendered":"\n<p>SOLAAL est une association reconnue d&rsquo;int\u00e9r\u00eat g\u00e9n\u00e9ral qui a pour but de faciliter l&rsquo;organisation des dons des entreprises agricoles et agroalimentaires.<\/p>\n\n\n\n<section class=\"wp-block-title-c\">\n\t<h2>Notre raison d&rsquo;\u00eatre<\/h2>\n<\/section>\n\n\n<p class=\"has-medium-font-size\">4 objectifs animent notre association : <\/p>\n\n\n\n<div class=\"wp-block-columns is-layout-flex wp-container-core-columns-is-layout-9d6595d7 wp-block-columns-is-layout-flex\">\n<div class=\"wp-block-column is-layout-flow wp-block-column-is-layout-flow\">\n<h4 class=\"wp-block-heading\">Renforcer l&rsquo;engagement des fili\u00e8res alimentaires<\/h4>\n\n\n<div class=\"wp-block-image\">\n<figure class=\"aligncenter size-full is-resized\"><img loading=\"lazy\" decoding=\"async\" src=\"https:\/\/www.solaal.org\/pays-de-la-loire\/wp-content\/uploads\/sites\/26\/2022\/08\/Objectif-1.png\" alt=\"\" class=\"wp-image-1425\" width=\"281\" height=\"193\" srcset=\"https:\/\/www.solaal.org\/pays-de-la-loire\/wp-content\/uploads\/sites\/26\/2022\/08\/Objectif-1.png 562w, https:\/\/www.solaal.org\/pays-de-la-loire\/wp-content\/uploads\/sites\/26\/2022\/08\/Objectif-1-300x206.png 300w\" sizes=\"auto, (max-width: 281px) 100vw, 281px\" \/><\/figure>\n<\/div>\n\n\n<h4 class=\"wp-block-heading\">Contribuer \u00e0 l&rsquo;\u00e9quilibre nutritionnel des b\u00e9n\u00e9ficiaires de l&rsquo;aide alimentaire<\/h4>\n\n\n<div class=\"wp-block-image\">\n<figure class=\"aligncenter size-full is-resized\"><img loading=\"lazy\" decoding=\"async\" src=\"https:\/\/www.solaal.org\/pays-de-la-loire\/wp-content\/uploads\/sites\/26\/2022\/08\/Objectif-3.png\" alt=\"\" class=\"wp-image-1427\" width=\"257\" height=\"193\" srcset=\"https:\/\/www.solaal.org\/pays-de-la-loire\/wp-content\/uploads\/sites\/26\/2022\/08\/Objectif-3.png 513w, https:\/\/www.solaal.org\/pays-de-la-loire\/wp-content\/uploads\/sites\/26\/2022\/08\/Objectif-3-300x226.png 300w\" sizes=\"auto, (max-width: 257px) 100vw, 257px\" \/><\/figure>\n<\/div><\/div>\n\n\n\n<div class=\"wp-block-column is-layout-flow wp-block-column-is-layout-flow\">\n<h4 class=\"wp-block-heading\">Faciliter l&rsquo;organisation des dons<br>   <\/h4>\n\n\n<div class=\"wp-block-image\">\n<figure class=\"aligncenter size-full is-resized\"><img loading=\"lazy\" decoding=\"async\" src=\"https:\/\/www.solaal.org\/pays-de-la-loire\/wp-content\/uploads\/sites\/26\/2022\/08\/Objectif-2.png\" alt=\"\" class=\"wp-image-1426\" width=\"257\" height=\"193\" srcset=\"https:\/\/www.solaal.org\/pays-de-la-loire\/wp-content\/uploads\/sites\/26\/2022\/08\/Objectif-2.png 513w, https:\/\/www.solaal.org\/pays-de-la-loire\/wp-content\/uploads\/sites\/26\/2022\/08\/Objectif-2-300x226.png 300w\" sizes=\"auto, (max-width: 257px) 100vw, 257px\" \/><\/figure>\n<\/div>\n\n\n<h4 class=\"wp-block-heading\">Lutter contre le gaspillage alimentaire<\/h4>\n\n\n<div class=\"wp-block-image\">\n<figure class=\"aligncenter size-full is-resized\"><img loading=\"lazy\" decoding=\"async\" src=\"https:\/\/www.solaal.org\/pays-de-la-loire\/wp-content\/uploads\/sites\/26\/2022\/08\/Objectif-4.png\" alt=\"\" class=\"wp-image-1428\" width=\"257\" height=\"193\" srcset=\"https:\/\/www.solaal.org\/pays-de-la-loire\/wp-content\/uploads\/sites\/26\/2022\/08\/Objectif-4.png 513w, https:\/\/www.solaal.org\/pays-de-la-loire\/wp-content\/uploads\/sites\/26\/2022\/08\/Objectif-4-300x226.png 300w\" sizes=\"auto, (max-width: 257px) 100vw, 257px\" \/><\/figure>\n<\/div><\/div>\n<\/div>\n\n\n\n<section class=\"wp-block-title-c\">\n\t<h2>SOLAAL et les Objectifs du D\u00e9veloppement Durable (ODD)<\/h2>\n<\/section>\n\n\n<p class=\"has-medium-font-size\">L&rsquo;activit\u00e9 de SOLAAL s&rsquo;inscrit dans 5 objectifs du d\u00e9veloppement durable, \u00e0 savoir : <\/p>\n\n\n\n<div class=\"wp-block-columns is-layout-flex wp-container-core-columns-is-layout-9d6595d7 wp-block-columns-is-layout-flex\">\n<div class=\"wp-block-column is-layout-flow wp-block-column-is-layout-flow\"><div class=\"wp-block-image\">\n<figure class=\"aligncenter size-full is-resized\"><img loading=\"lazy\" decoding=\"async\" src=\"https:\/\/www.solaal.org\/pays-de-la-loire\/wp-content\/uploads\/sites\/26\/2022\/08\/ODD-1-pas-de-pauvrete.png\" alt=\"\" class=\"wp-image-1444\" width=\"121\" height=\"122\" srcset=\"https:\/\/www.solaal.org\/pays-de-la-loire\/wp-content\/uploads\/sites\/26\/2022\/08\/ODD-1-pas-de-pauvrete.png 241w, https:\/\/www.solaal.org\/pays-de-la-loire\/wp-content\/uploads\/sites\/26\/2022\/08\/ODD-1-pas-de-pauvrete-150x150.png 150w, https:\/\/www.solaal.org\/pays-de-la-loire\/wp-content\/uploads\/sites\/26\/2022\/08\/ODD-1-pas-de-pauvrete-16x16.png 16w\" sizes=\"auto, (max-width: 121px) 100vw, 121px\" \/><\/figure>\n<\/div><\/div>\n\n\n\n<div class=\"wp-block-column is-layout-flow wp-block-column-is-layout-flow\"><div class=\"wp-block-image\">\n<figure class=\"aligncenter size-full is-resized\"><img loading=\"lazy\" decoding=\"async\" src=\"https:\/\/www.solaal.org\/pays-de-la-loire\/wp-content\/uploads\/sites\/26\/2022\/08\/ODD-2-faim-zero.png\" alt=\"\" class=\"wp-image-1445\" width=\"121\" height=\"122\" srcset=\"https:\/\/www.solaal.org\/pays-de-la-loire\/wp-content\/uploads\/sites\/26\/2022\/08\/ODD-2-faim-zero.png 241w, https:\/\/www.solaal.org\/pays-de-la-loire\/wp-content\/uploads\/sites\/26\/2022\/08\/ODD-2-faim-zero-150x150.png 150w, https:\/\/www.solaal.org\/pays-de-la-loire\/wp-content\/uploads\/sites\/26\/2022\/08\/ODD-2-faim-zero-16x16.png 16w\" sizes=\"auto, (max-width: 121px) 100vw, 121px\" \/><\/figure>\n<\/div><\/div>\n\n\n\n<div class=\"wp-block-column is-layout-flow wp-block-column-is-layout-flow\"><div class=\"wp-block-image\">\n<figure class=\"aligncenter size-full is-resized\"><img loading=\"lazy\" decoding=\"async\" src=\"https:\/\/www.solaal.org\/pays-de-la-loire\/wp-content\/uploads\/sites\/26\/2022\/08\/ODD-3-bonne-sante-et-bien-etre.png\" alt=\"\" class=\"wp-image-1446\" width=\"121\" height=\"122\" srcset=\"https:\/\/www.solaal.org\/pays-de-la-loire\/wp-content\/uploads\/sites\/26\/2022\/08\/ODD-3-bonne-sante-et-bien-etre.png 242w, https:\/\/www.solaal.org\/pays-de-la-loire\/wp-content\/uploads\/sites\/26\/2022\/08\/ODD-3-bonne-sante-et-bien-etre-150x150.png 150w, https:\/\/www.solaal.org\/pays-de-la-loire\/wp-content\/uploads\/sites\/26\/2022\/08\/ODD-3-bonne-sante-et-bien-etre-16x16.png 16w\" sizes=\"auto, (max-width: 121px) 100vw, 121px\" \/><\/figure>\n<\/div><\/div>\n<\/div>\n\n\n\n<div class=\"wp-block-columns is-layout-flex wp-container-core-columns-is-layout-9d6595d7 wp-block-columns-is-layout-flex\">\n<div class=\"wp-block-column is-layout-flow wp-block-column-is-layout-flow\"><div class=\"wp-block-image\">\n<figure class=\"aligncenter size-full is-resized\"><img loading=\"lazy\" decoding=\"async\" src=\"https:\/\/www.solaal.org\/pays-de-la-loire\/wp-content\/uploads\/sites\/26\/2022\/08\/ODD-10-reduction-des-inegalites.png\" alt=\"\" class=\"wp-image-1447\" width=\"121\" height=\"122\" srcset=\"https:\/\/www.solaal.org\/pays-de-la-loire\/wp-content\/uploads\/sites\/26\/2022\/08\/ODD-10-reduction-des-inegalites.png 241w, https:\/\/www.solaal.org\/pays-de-la-loire\/wp-content\/uploads\/sites\/26\/2022\/08\/ODD-10-reduction-des-inegalites-150x150.png 150w, https:\/\/www.solaal.org\/pays-de-la-loire\/wp-content\/uploads\/sites\/26\/2022\/08\/ODD-10-reduction-des-inegalites-16x16.png 16w\" sizes=\"auto, (max-width: 121px) 100vw, 121px\" \/><\/figure>\n<\/div><\/div>\n\n\n\n<div class=\"wp-block-column is-layout-flow wp-block-column-is-layout-flow\"><div class=\"wp-block-image\">\n<figure class=\"aligncenter size-full is-resized\"><img loading=\"lazy\" decoding=\"async\" src=\"https:\/\/www.solaal.org\/pays-de-la-loire\/wp-content\/uploads\/sites\/26\/2022\/08\/ODD-12-consommation-et-production-responsables.png\" alt=\"\" class=\"wp-image-1448\" width=\"121\" height=\"122\" srcset=\"https:\/\/www.solaal.org\/pays-de-la-loire\/wp-content\/uploads\/sites\/26\/2022\/08\/ODD-12-consommation-et-production-responsables.png 242w, https:\/\/www.solaal.org\/pays-de-la-loire\/wp-content\/uploads\/sites\/26\/2022\/08\/ODD-12-consommation-et-production-responsables-150x150.png 150w, https:\/\/www.solaal.org\/pays-de-la-loire\/wp-content\/uploads\/sites\/26\/2022\/08\/ODD-12-consommation-et-production-responsables-16x16.png 16w\" sizes=\"auto, (max-width: 121px) 100vw, 121px\" \/><\/figure>\n<\/div><\/div>\n<\/div>\n\n\n\n<section class=\"wp-block-title-c\">\n\t<h2>Un accompagnement diversifi\u00e9 <\/h2>\n<\/section>\n\n\n<p class=\"has-medium-font-size\">Vous \u00eates une <strong>entreprise agricole<\/strong>, sachez que nous pouvons vous accompagner sur divers types de dons. Pour en savoir plus, consultez notre <a href=\"https:\/\/www.solaal.org\/pays-de-la-loire\/nos-missions-nos-actions\/un-accompagnement-complet\/\">page d\u00e9di\u00e9 au don<\/a>.<\/p>\n\n\n\n<p class=\"has-medium-font-size\">Vous \u00eates une <strong>association d&rsquo;aide alimentaire<\/strong>, sachez que nous travaillons en priorit\u00e9 avec les associations qui ont une habilitation nationale. Pour en savoir plus, <a href=\"https:\/\/www.solaal.org\/pays-de-la-loire\/contact\/\" target=\"_blank\" rel=\"noreferrer noopener\">contactez-nous<\/a>.<\/p>\n\n\n\n<p class=\"has-medium-font-size\">Vous \u00eates un (futur) <strong>partenaire<\/strong>, n&rsquo;h\u00e9sitez pas \u00e0 consultez notre page d\u00e9di\u00e9 ou \u00e0 nous contacter pour proposer vos id\u00e9es d&rsquo;<strong>actions solidaires<\/strong>.<\/p>\n\n\n\n<section class=\"wp-block-title-c\">\n\t<h2>En images<\/h2>\n<\/section>\n\n\n\t<section class=\"home-video style-two width-970\">\n\t\t<div class=\"home-video-box inner wowo fadeInUp\">\n\t\t\t<div class=\"video\">\n\t\t        <a href=\"#\" class=\"video-link embed\">\n\t\t          \t\t\t\t\t<div class=\"data-video\">\n\t\t\t\t\t\t<iframe loading=\"lazy\" title=\"Pr\u00e9sentation SOLAAL Pays de la Loire\" width=\"640\" height=\"360\" src=\"https:\/\/www.youtube.com\/embed\/KrfPkp4iPsY?feature=oembed\" frameborder=\"0\" allow=\"accelerometer; autoplay; clipboard-write; encrypted-media; gyroscope; picture-in-picture; web-share\" referrerpolicy=\"strict-origin-when-cross-origin\" allowfullscreen><\/iframe>\t\t\t\t\t\t\t\n\t\t\t\t\t\t<\/div>\n\t\t\t\t\t\t\t\t          <div class=\"img\">\n\t\t\t            <img decoding=\"async\" src=\"https:\/\/www.solaal.org\/pays-de-la-loire\/wp-content\/uploads\/sites\/26\/2022\/05\/20220317_145038.jpg\" alt=\"\" class=\"img-bg \">\n\t\t\t          <\/div>\n\t\t\t          <div class=\"text-and-icon\">\n\t\t\t          \t<h2>Pr\u00e9sentation de SOLAAL  Pays de la Loire<\/h2>\n\t\t\t          \t<i class=\"icon-play\"><\/i>\n\t\t\t          <\/div>\n\t\t        <\/a>\n\t\t    <\/div>\n\t\t    <div class=\"text\">\n\t\t    \t<p>D\u00e9couvrez l&rsquo;association et nos missions !<\/p>\n\t    \t<\/div>\n\t\t<\/div>\t\n\t<\/section>\n\n\n<div class=\"wp-block-buttons is-content-justification-center is-layout-flex wp-container-core-buttons-is-layout-16018d1d wp-block-buttons-is-layout-flex\">\n<div class=\"wp-block-button\"><a class=\"wp-block-button__link\" href=\"https:\/\/www.solaal.org\/pays-de-la-loire\/contact\/\" target=\"_blank\" rel=\"noreferrer noopener\">Contact<\/a><\/div>\n<\/div>\n","protected":false},"excerpt":{"rendered":"<p>SOLAAL est une association reconnue d&rsquo;int\u00e9r\u00eat g\u00e9n\u00e9ral qui a pour but de faciliter l&rsquo;organisation des dons des entreprises agricoles et agroalimentaires. 4 objectifs animent notre association : Renforcer l&rsquo;engagement des fili\u00e8res alimentaires Contribuer \u00e0 l&rsquo;\u00e9quilibre nutritionnel des b\u00e9n\u00e9ficiaires de l&rsquo;aide alimentaire Faciliter l&rsquo;organisation des dons Lutter contre le gaspillage alimentaire L&rsquo;activit\u00e9 de SOLAAL s&rsquo;inscrit dans [&hellip;]<\/p>\n","protected":false},"author":16,"featured_media":0,"parent":453,"menu_order":17,"comment_status":"closed","ping_status":"closed","template":"","meta":{"_acf_changed":false,"inline_featured_image":false,"footnotes":""},"class_list":["post-1269","page","type-page","status-publish","hentry"],"acf":[],"_links":{"self":[{"href":"https:\/\/www.solaal.org\/pays-de-la-loire\/wp-json\/wp\/v2\/pages\/1269","targetHints":{"allow":["GET"]}}],"collection":[{"href":"https:\/\/www.solaal.org\/pays-de-la-loire\/wp-json\/wp\/v2\/pages"}],"about":[{"href":"https:\/\/www.solaal.org\/pays-de-la-loire\/wp-json\/wp\/v2\/types\/page"}],"author":[{"embeddable":true,"href":"https:\/\/www.solaal.org\/pays-de-la-loire\/wp-json\/wp\/v2\/users\/16"}],"replies":[{"embeddable":true,"href":"https:\/\/www.solaal.org\/pays-de-la-loire\/wp-json\/wp\/v2\/comments?post=1269"}],"version-history":[{"count":34,"href":"https:\/\/www.solaal.org\/pays-de-la-loire\/wp-json\/wp\/v2\/pages\/1269\/revisions"}],"predecessor-version":[{"id":1609,"href":"https:\/\/www.solaal.org\/pays-de-la-loire\/wp-json\/wp\/v2\/pages\/1269\/revisions\/1609"}],"up":[{"embeddable":true,"href":"https:\/\/www.solaal.org\/pays-de-la-loire\/wp-json\/wp\/v2\/pages\/453"}],"wp:attachment":[{"href":"https:\/\/www.solaal.org\/pays-de-la-loire\/wp-json\/wp\/v2\/media?parent=1269"}],"curies":[{"name":"wp","href":"https:\/\/api.w.org\/{rel}","templated":true}]}}