{"id":1213,"date":"2022-08-08T15:17:52","date_gmt":"2022-08-08T13:17:52","guid":{"rendered":"https:\/\/www.solaal.org\/pays-de-la-loire\/?page_id=1213"},"modified":"2026-07-29T12:03:53","modified_gmt":"2026-07-29T10:03:53","slug":"a-qui-donner","status":"publish","type":"page","link":"https:\/\/www.solaal.org\/pays-de-la-loire\/vous-souhaitez-faire-un-don\/a-qui-donner\/","title":{"rendered":"A qui donner ? Nos partenaires associatifs"},"content":{"rendered":"\n<p class=\"wp-block-paragraph\">SOLAAL facilite l&rsquo;organisation des dons des entreprises agricoles et agroalimentaires \u00e0 destination des associations d&rsquo;aide alimentaire habilit\u00e9es par l&rsquo;Etat. Nous travaillons principalement avec les associations ayant une <strong>habilitation nationale<\/strong> mais proposons aussi dans certains cas les dons aux associations habilit\u00e9es r\u00e9gionalement.<\/p>\n\n\n\n<section class=\"wp-block-title-c\">\n\t<h2>A qui sont donn\u00e9s les produits ? <\/h2>\n<\/section>\n\n\n<p class=\"has-medium-font-size wp-block-paragraph\">SOLAAL vous met en relation avec des associations d&rsquo;aide alimentaire ayant une <strong>habilitation nationale<\/strong> <strong>et r\u00e9gionale<\/strong> dans certains cas. Nous comptons en France 18 associations ayant une habilitation nationale, pour les Pays de la Loire 11 structures ont une ou plusieurs antennes sur notre r\u00e9gion. <br>Les associations d&rsquo;aide alimentaire redistribuent ensuite les produits aux personnes \u00e9ligibles \u00e0 cet aide selon leurs crit\u00e8res ou bien de mani\u00e8re inconditionnelle.<\/p>\n\n\n\n<h2 class=\"wp-block-heading\">Aper\u00e7u de nos partenaires associatifs en Pays de la Loire :<\/h2>\n\n\n\n<div class=\"wp-block-group is-vertical is-layout-flex wp-container-core-group-is-layout-4fc3f8e1 wp-block-group-is-layout-flex\">\n<figure class=\"wp-block-gallery has-nested-images columns-default is-cropped wp-block-gallery-1 is-layout-flex wp-block-gallery-is-layout-flex\">\n<figure class=\"wp-block-image size-large\"><img loading=\"lazy\" decoding=\"async\" width=\"1024\" height=\"806\" data-id=\"2733\" src=\"https:\/\/www.solaal.org\/pays-de-la-loire\/wp-content\/uploads\/sites\/26\/2026\/07\/SPF-1024x806.png\" alt=\"\" class=\"wp-image-2733\" srcset=\"https:\/\/www.solaal.org\/pays-de-la-loire\/wp-content\/uploads\/sites\/26\/2026\/07\/SPF-1024x806.png 1024w, https:\/\/www.solaal.org\/pays-de-la-loire\/wp-content\/uploads\/sites\/26\/2026\/07\/SPF-300x236.png 300w, https:\/\/www.solaal.org\/pays-de-la-loire\/wp-content\/uploads\/sites\/26\/2026\/07\/SPF-768x605.png 768w, https:\/\/www.solaal.org\/pays-de-la-loire\/wp-content\/uploads\/sites\/26\/2026\/07\/SPF.png 1200w\" sizes=\"auto, (max-width: 1024px) 100vw, 1024px\" \/><\/figure>\n\n\n\n<figure class=\"wp-block-image size-large\"><img loading=\"lazy\" decoding=\"async\" width=\"1024\" height=\"1016\" data-id=\"2735\" src=\"https:\/\/www.solaal.org\/pays-de-la-loire\/wp-content\/uploads\/sites\/26\/2026\/07\/RDC-1024x1016.png\" alt=\"\" class=\"wp-image-2735\" srcset=\"https:\/\/www.solaal.org\/pays-de-la-loire\/wp-content\/uploads\/sites\/26\/2026\/07\/RDC-1024x1016.png 1024w, https:\/\/www.solaal.org\/pays-de-la-loire\/wp-content\/uploads\/sites\/26\/2026\/07\/RDC-300x298.png 300w, https:\/\/www.solaal.org\/pays-de-la-loire\/wp-content\/uploads\/sites\/26\/2026\/07\/RDC-150x150.png 150w, https:\/\/www.solaal.org\/pays-de-la-loire\/wp-content\/uploads\/sites\/26\/2026\/07\/RDC-768x762.png 768w, https:\/\/www.solaal.org\/pays-de-la-loire\/wp-content\/uploads\/sites\/26\/2026\/07\/RDC-16x16.png 16w, https:\/\/www.solaal.org\/pays-de-la-loire\/wp-content\/uploads\/sites\/26\/2026\/07\/RDC.png 1200w\" sizes=\"auto, (max-width: 1024px) 100vw, 1024px\" \/><\/figure>\n\n\n\n<figure class=\"wp-block-image size-large\"><img loading=\"lazy\" decoding=\"async\" width=\"564\" height=\"349\" data-id=\"2736\" src=\"https:\/\/www.solaal.org\/pays-de-la-loire\/wp-content\/uploads\/sites\/26\/2026\/07\/BA.png\" alt=\"\" class=\"wp-image-2736\" srcset=\"https:\/\/www.solaal.org\/pays-de-la-loire\/wp-content\/uploads\/sites\/26\/2026\/07\/BA.png 564w, https:\/\/www.solaal.org\/pays-de-la-loire\/wp-content\/uploads\/sites\/26\/2026\/07\/BA-300x186.png 300w\" sizes=\"auto, (max-width: 564px) 100vw, 564px\" \/><\/figure>\n\n\n\n<figure class=\"wp-block-image size-large\"><img loading=\"lazy\" decoding=\"async\" width=\"474\" height=\"474\" data-id=\"2730\" src=\"https:\/\/www.solaal.org\/pays-de-la-loire\/wp-content\/uploads\/sites\/26\/2026\/07\/secours-catholique.jpg\" alt=\"\" class=\"wp-image-2730\" srcset=\"https:\/\/www.solaal.org\/pays-de-la-loire\/wp-content\/uploads\/sites\/26\/2026\/07\/secours-catholique.jpg 474w, https:\/\/www.solaal.org\/pays-de-la-loire\/wp-content\/uploads\/sites\/26\/2026\/07\/secours-catholique-300x300.jpg 300w, https:\/\/www.solaal.org\/pays-de-la-loire\/wp-content\/uploads\/sites\/26\/2026\/07\/secours-catholique-150x150.jpg 150w, https:\/\/www.solaal.org\/pays-de-la-loire\/wp-content\/uploads\/sites\/26\/2026\/07\/secours-catholique-16x16.jpg 16w\" sizes=\"auto, (max-width: 474px) 100vw, 474px\" \/><\/figure>\n\n\n\n<figure class=\"wp-block-image size-large\"><img loading=\"lazy\" decoding=\"async\" width=\"937\" height=\"1024\" data-id=\"2734\" src=\"https:\/\/www.solaal.org\/pays-de-la-loire\/wp-content\/uploads\/sites\/26\/2026\/07\/HalteduCoeur-Logo-Quadri-Vertical-937x1024.png\" alt=\"\" class=\"wp-image-2734\" srcset=\"https:\/\/www.solaal.org\/pays-de-la-loire\/wp-content\/uploads\/sites\/26\/2026\/07\/HalteduCoeur-Logo-Quadri-Vertical-937x1024.png 937w, https:\/\/www.solaal.org\/pays-de-la-loire\/wp-content\/uploads\/sites\/26\/2026\/07\/HalteduCoeur-Logo-Quadri-Vertical-275x300.png 275w, https:\/\/www.solaal.org\/pays-de-la-loire\/wp-content\/uploads\/sites\/26\/2026\/07\/HalteduCoeur-Logo-Quadri-Vertical-768x839.png 768w, https:\/\/www.solaal.org\/pays-de-la-loire\/wp-content\/uploads\/sites\/26\/2026\/07\/HalteduCoeur-Logo-Quadri-Vertical-502x548.png 502w, https:\/\/www.solaal.org\/pays-de-la-loire\/wp-content\/uploads\/sites\/26\/2026\/07\/HalteduCoeur-Logo-Quadri-Vertical-16x16.png 16w, https:\/\/www.solaal.org\/pays-de-la-loire\/wp-content\/uploads\/sites\/26\/2026\/07\/HalteduCoeur-Logo-Quadri-Vertical.png 1098w\" sizes=\"auto, (max-width: 937px) 100vw, 937px\" \/><\/figure>\n\n\n\n<figure class=\"wp-block-image size-large\"><img loading=\"lazy\" decoding=\"async\" width=\"1024\" height=\"1024\" data-id=\"2729\" src=\"https:\/\/www.solaal.org\/pays-de-la-loire\/wp-content\/uploads\/sites\/26\/2026\/07\/croix-rouge-1024x1024.webp\" alt=\"\" class=\"wp-image-2729\" srcset=\"https:\/\/www.solaal.org\/pays-de-la-loire\/wp-content\/uploads\/sites\/26\/2026\/07\/croix-rouge-1024x1024.webp 1024w, https:\/\/www.solaal.org\/pays-de-la-loire\/wp-content\/uploads\/sites\/26\/2026\/07\/croix-rouge-300x300.webp 300w, https:\/\/www.solaal.org\/pays-de-la-loire\/wp-content\/uploads\/sites\/26\/2026\/07\/croix-rouge-150x150.webp 150w, https:\/\/www.solaal.org\/pays-de-la-loire\/wp-content\/uploads\/sites\/26\/2026\/07\/croix-rouge-768x768.webp 768w, https:\/\/www.solaal.org\/pays-de-la-loire\/wp-content\/uploads\/sites\/26\/2026\/07\/croix-rouge-16x16.webp 16w, https:\/\/www.solaal.org\/pays-de-la-loire\/wp-content\/uploads\/sites\/26\/2026\/07\/croix-rouge.webp 1080w\" sizes=\"auto, (max-width: 1024px) 100vw, 1024px\" \/><\/figure>\n\n\n\n<figure class=\"wp-block-image size-large\"><img loading=\"lazy\" decoding=\"async\" width=\"585\" height=\"385\" data-id=\"2732\" src=\"https:\/\/www.solaal.org\/pays-de-la-loire\/wp-content\/uploads\/sites\/26\/2026\/07\/Cocagne.png\" alt=\"\" class=\"wp-image-2732\" srcset=\"https:\/\/www.solaal.org\/pays-de-la-loire\/wp-content\/uploads\/sites\/26\/2026\/07\/Cocagne.png 585w, https:\/\/www.solaal.org\/pays-de-la-loire\/wp-content\/uploads\/sites\/26\/2026\/07\/Cocagne-300x197.png 300w\" sizes=\"auto, (max-width: 585px) 100vw, 585px\" \/><\/figure>\n\n\n\n<figure class=\"wp-block-image size-large\"><img loading=\"lazy\" decoding=\"async\" width=\"1024\" height=\"628\" data-id=\"2731\" src=\"https:\/\/www.solaal.org\/pays-de-la-loire\/wp-content\/uploads\/sites\/26\/2026\/07\/logo_pp_mainpage-1024x628-1.jpg\" alt=\"\" class=\"wp-image-2731\" srcset=\"https:\/\/www.solaal.org\/pays-de-la-loire\/wp-content\/uploads\/sites\/26\/2026\/07\/logo_pp_mainpage-1024x628-1.jpg 1024w, https:\/\/www.solaal.org\/pays-de-la-loire\/wp-content\/uploads\/sites\/26\/2026\/07\/logo_pp_mainpage-1024x628-1-300x184.jpg 300w, https:\/\/www.solaal.org\/pays-de-la-loire\/wp-content\/uploads\/sites\/26\/2026\/07\/logo_pp_mainpage-1024x628-1-768x471.jpg 768w\" sizes=\"auto, (max-width: 1024px) 100vw, 1024px\" \/><\/figure>\n\n\n\n<figure class=\"wp-block-image size-large\"><img loading=\"lazy\" decoding=\"async\" width=\"1024\" height=\"304\" data-id=\"2727\" src=\"https:\/\/www.solaal.org\/pays-de-la-loire\/wp-content\/uploads\/sites\/26\/2026\/07\/logo-UGESS-1024x304.webp\" alt=\"\" class=\"wp-image-2727\" srcset=\"https:\/\/www.solaal.org\/pays-de-la-loire\/wp-content\/uploads\/sites\/26\/2026\/07\/logo-UGESS-1024x304.webp 1024w, https:\/\/www.solaal.org\/pays-de-la-loire\/wp-content\/uploads\/sites\/26\/2026\/07\/logo-UGESS-300x89.webp 300w, https:\/\/www.solaal.org\/pays-de-la-loire\/wp-content\/uploads\/sites\/26\/2026\/07\/logo-UGESS-768x228.webp 768w, https:\/\/www.solaal.org\/pays-de-la-loire\/wp-content\/uploads\/sites\/26\/2026\/07\/logo-UGESS.webp 1136w\" sizes=\"auto, (max-width: 1024px) 100vw, 1024px\" \/><\/figure>\n\n\n\n<figure class=\"wp-block-image size-large\"><img loading=\"lazy\" decoding=\"async\" width=\"500\" height=\"500\" data-id=\"2726\" src=\"https:\/\/www.solaal.org\/pays-de-la-loire\/wp-content\/uploads\/sites\/26\/2026\/07\/logo-mab-avatar-1.jpg\" alt=\"\" class=\"wp-image-2726\" srcset=\"https:\/\/www.solaal.org\/pays-de-la-loire\/wp-content\/uploads\/sites\/26\/2026\/07\/logo-mab-avatar-1.jpg 500w, https:\/\/www.solaal.org\/pays-de-la-loire\/wp-content\/uploads\/sites\/26\/2026\/07\/logo-mab-avatar-1-300x300.jpg 300w, https:\/\/www.solaal.org\/pays-de-la-loire\/wp-content\/uploads\/sites\/26\/2026\/07\/logo-mab-avatar-1-150x150.jpg 150w, https:\/\/www.solaal.org\/pays-de-la-loire\/wp-content\/uploads\/sites\/26\/2026\/07\/logo-mab-avatar-1-16x16.jpg 16w\" sizes=\"auto, (max-width: 500px) 100vw, 500px\" \/><\/figure>\n\n\n\n<figure class=\"wp-block-image size-large\"><img loading=\"lazy\" decoding=\"async\" width=\"160\" height=\"160\" data-id=\"2728\" src=\"https:\/\/www.solaal.org\/pays-de-la-loire\/wp-content\/uploads\/sites\/26\/2026\/07\/1_ANDES_LOGOTYPE_PRINCIPAL_NOTORIETE_COULEUR_RVB.png\" alt=\"\" class=\"wp-image-2728\" srcset=\"https:\/\/www.solaal.org\/pays-de-la-loire\/wp-content\/uploads\/sites\/26\/2026\/07\/1_ANDES_LOGOTYPE_PRINCIPAL_NOTORIETE_COULEUR_RVB.png 160w, https:\/\/www.solaal.org\/pays-de-la-loire\/wp-content\/uploads\/sites\/26\/2026\/07\/1_ANDES_LOGOTYPE_PRINCIPAL_NOTORIETE_COULEUR_RVB-150x150.png 150w, https:\/\/www.solaal.org\/pays-de-la-loire\/wp-content\/uploads\/sites\/26\/2026\/07\/1_ANDES_LOGOTYPE_PRINCIPAL_NOTORIETE_COULEUR_RVB-16x16.png 16w\" sizes=\"auto, (max-width: 160px) 100vw, 160px\" \/><\/figure>\n\n\n\n<figure class=\"wp-block-image size-large\"><img loading=\"lazy\" decoding=\"async\" width=\"800\" height=\"800\" data-id=\"2737\" src=\"https:\/\/www.solaal.org\/pays-de-la-loire\/wp-content\/uploads\/sites\/26\/2026\/07\/Logo_COP1.png\" alt=\"\" class=\"wp-image-2737\" srcset=\"https:\/\/www.solaal.org\/pays-de-la-loire\/wp-content\/uploads\/sites\/26\/2026\/07\/Logo_COP1.png 800w, https:\/\/www.solaal.org\/pays-de-la-loire\/wp-content\/uploads\/sites\/26\/2026\/07\/Logo_COP1-300x300.png 300w, https:\/\/www.solaal.org\/pays-de-la-loire\/wp-content\/uploads\/sites\/26\/2026\/07\/Logo_COP1-150x150.png 150w, https:\/\/www.solaal.org\/pays-de-la-loire\/wp-content\/uploads\/sites\/26\/2026\/07\/Logo_COP1-768x768.png 768w, https:\/\/www.solaal.org\/pays-de-la-loire\/wp-content\/uploads\/sites\/26\/2026\/07\/Logo_COP1-16x16.png 16w\" sizes=\"auto, (max-width: 800px) 100vw, 800px\" \/><\/figure>\n<\/figure>\n<\/div>\n\n\n\n<p class=\"has-medium-font-size wp-block-paragraph\"><br><strong>Le saviez-vous ? <\/strong><br>La plupart des personnes accueillies par un dispositif d&rsquo;aide alimentaire sont accompagn\u00e9es pour construire leur projet social ou professionnel. <\/p>\n\n\n\n<p class=\"has-medium-font-size wp-block-paragraph\">L&rsquo;aide alimentaire peut donc repr\u00e9senter selon les situations une aide d&rsquo;urgence mais aussi un tremplin n\u00e9cessaire pour rebondir sur une situation plus confortable pour les personnes accueillies. <\/p>\n\n\n\n<section class=\"wp-block-title-c\">\n\t<h2>Je souhaite donner, ai-je le droit \u00e0 une r\u00e9duction d&rsquo;imp\u00f4ts ?<\/h2>\n<\/section>\n\n\n<p class=\"has-medium-font-size wp-block-paragraph\">Les entreprises agricoles ou agroalimentaires sont consid\u00e9r\u00e9es comme des donateurs lorsqu&rsquo;ils donnent une partie de leur production. Le don offre le droit \u00e0 une r\u00e9duction d&rsquo;imp\u00f4ts \u00e0 hauteur de 60% dans la limite de 20 000\u20ac du chiffre d&rsquo;affaires ou 0.5% de votre chiffre d&rsquo;affaires. <\/p>\n\n\n\n<div class=\"wp-block-buttons is-layout-flex wp-block-buttons-is-layout-flex\">\n<div class=\"wp-block-button\"><a class=\"wp-block-button__link wp-element-button\" href=\"https:\/\/www.solaal.org\/du-nouveau-sur-la-reduction-dimpot-des-dons-%ef%bf%bc\/\">Pour en savoir plus<\/a><\/div>\n<\/div>\n\n\n\n\n\t<section class=\"home-alimentaire not-h2\">\n\t\t<div class=\"home-alimentaire-box inner fadeInUp\">\n\t\t\t<a class=\"content\" href=\"https:\/\/agridon.org\/\" target=\"_self\">\n\t\t\t\t<div class=\"img-p\">\n\t\t\t\t\t<img decoding=\"async\" src=\"https:\/\/www.solaal.org\/pays-de-la-loire\/wp-content\/uploads\/sites\/26\/2022\/08\/g15045.png\" alt=\"\" class=\"desktop\">\n\t\t\t\t\t<img decoding=\"async\" src=\"https:\/\/www.solaal.org\/pays-de-la-loire\/wp-content\/uploads\/sites\/26\/2022\/08\/g15045.png\" alt=\"\" class=\"mobile\">\n\t\t\t\t<\/div>\n\t\t\t\t<div class=\"text\">\n\t\t\t\t\t<h2>Anti-gaspillage alimentaire<\/h2>\n\t\t\t\t\t<h3>Vous avez des produits \u00e0 donner ? <\/h3>\n\t\t\t\t<\/div>\n\t\t\t\t\n  \n                \t<div class=\"agridon-box is-alimentaire\">\n\t\t\t\t    \t\t                    \t<div class=\"agridon-logo\">\n\t                    \t\t<img decoding=\"async\" src=\"https:\/\/www.solaal.org\/pays-de-la-loire\/wp-content\/uploads\/sites\/26\/2026\/06\/agridon-by-solaal-2.svg\" alt=\"\" \/>\n\t                    \t<\/div>\n\t                    \t\t\t\t\t    \t<div class=\"agridon-text\">\n\t\t\t\t    \t\t<span class=\"btn\"><i><\/i><\/span>\n\t\t\t\t    \t\t<h2>Faire un <br>Don agricole<\/h2>\n\t\t\t\t    \t<\/div>\n\t\t\t\t    <\/div>\n\n\t\t\t<\/a>\n\t\t\t<div class=\"links\">\n\t\t\t\t\t\t\t\t<a  class=\"btn btn-b btn-button\" href=\"http:\/\/www.dons.solaal.org\" target=\"_blank\"><i><\/i>Faire un don en ligne<\/a>\n\t\t\t\t\t\t\t\t<a  class=\"btn btn-b \" href=\"https:\/\/www.solaal.org\/pays-de-la-loire\/contact\/\" target=\"_blank\"><i><\/i>Contactez-nous ! <\/a>\n\t\t\t\t\t\t\t<\/div>\n\t\t<\/div>\n\t<\/section>","protected":false},"excerpt":{"rendered":"<p>SOLAAL facilite l&rsquo;organisation des dons des entreprises agricoles et agroalimentaires \u00e0 destination des associations d&rsquo;aide alimentaire habilit\u00e9es par l&rsquo;Etat. Nous travaillons principalement avec les associations ayant une habilitation nationale mais proposons aussi dans certains cas les dons aux associations habilit\u00e9es r\u00e9gionalement. SOLAAL vous met en relation avec des associations d&rsquo;aide alimentaire ayant une habilitation nationale [&hellip;]<\/p>\n","protected":false},"author":16,"featured_media":0,"parent":455,"menu_order":29,"comment_status":"closed","ping_status":"closed","template":"","meta":{"_acf_changed":false,"inline_featured_image":false,"footnotes":""},"class_list":["post-1213","page","type-page","status-publish","hentry"],"acf":[],"_links":{"self":[{"href":"https:\/\/www.solaal.org\/pays-de-la-loire\/wp-json\/wp\/v2\/pages\/1213","targetHints":{"allow":["GET"]}}],"collection":[{"href":"https:\/\/www.solaal.org\/pays-de-la-loire\/wp-json\/wp\/v2\/pages"}],"about":[{"href":"https:\/\/www.solaal.org\/pays-de-la-loire\/wp-json\/wp\/v2\/types\/page"}],"author":[{"embeddable":true,"href":"https:\/\/www.solaal.org\/pays-de-la-loire\/wp-json\/wp\/v2\/users\/16"}],"replies":[{"embeddable":true,"href":"https:\/\/www.solaal.org\/pays-de-la-loire\/wp-json\/wp\/v2\/comments?post=1213"}],"version-history":[{"count":14,"href":"https:\/\/www.solaal.org\/pays-de-la-loire\/wp-json\/wp\/v2\/pages\/1213\/revisions"}],"predecessor-version":[{"id":2742,"href":"https:\/\/www.solaal.org\/pays-de-la-loire\/wp-json\/wp\/v2\/pages\/1213\/revisions\/2742"}],"up":[{"embeddable":true,"href":"https:\/\/www.solaal.org\/pays-de-la-loire\/wp-json\/wp\/v2\/pages\/455"}],"wp:attachment":[{"href":"https:\/\/www.solaal.org\/pays-de-la-loire\/wp-json\/wp\/v2\/media?parent=1213"}],"curies":[{"name":"wp","href":"https:\/\/api.w.org\/{rel}","templated":true}]}}