{"id":922,"date":"2025-10-14T15:28:43","date_gmt":"2025-10-14T13:28:43","guid":{"rendered":"https:\/\/www.solaal.org\/nouvelle-aquitaine\/actualites\/"},"modified":"2025-10-14T16:58:39","modified_gmt":"2025-10-14T14:58:39","slug":"actualites","status":"publish","type":"page","link":"https:\/\/www.solaal.org\/occitanie\/actualites\/","title":{"rendered":"Actualit\u00e9s"},"content":{"rendered":"\n<section class=\"actualites-list not-h2\">\n\t\t<div class=\"actualites-list-box inner wowo fadeInUp\">\n\t\t\t<!--<div class=\"breadcrumbs\">\n\t\t\t\t\t<div class=\"breadcrumbs-box\">\n\t\t\t\t\t\t<span>Vous \u00eates ici :<\/span><a href=\"https:\/\/www.solaal.org\/occitanie\">Accueil<\/a><span>Actualit\u00e9s<\/span>\n\t\t\t\t\t<\/div>\n\t\t\t\t<\/div>-->\n\t\t\t<div class=\"title\">\n\t\t\t\t<p>Retrouvez ici les derniu00e8res actualit\u00e9s de l&rsquo;association SOLAAL <\/p>\n\t\t\t<\/div>\n\t\t\t<div class=\"filtrer\">\n\t\t\t\t<span>Filtrer :<\/span>\n\t\t\t\t<div class=\"filtrer-box\">\n\t\t\t\t\t\t\n\t\t\t\t\t\t\t\t\t            <div class=\"box\" data=\"7\">\n\t\t\t\t\t\t\t\t<a href=\"https:\/\/www.solaal.org\/occitanie\/category\/actions-solidaires\/\">actions-solidaires<sup>(5)<\/sup><\/a>\n\t\t\t\t\t\t\t<\/div>\n\n\t\t\t\t\t\t\t\t\t\t            <div class=\"box\" data=\"8\">\n\t\t\t\t\t\t\t\t<a href=\"https:\/\/www.solaal.org\/occitanie\/category\/antenne-solaal\/\">antenne-solaal<sup>(4)<\/sup><\/a>\n\t\t\t\t\t\t\t<\/div>\n\n\t\t\t\t\t\t\t\t\t\t            <div class=\"box\" data=\"6\">\n\t\t\t\t\t\t\t\t<a href=\"https:\/\/www.solaal.org\/occitanie\/category\/don-agricole\/\">don-agricole<sup>(5)<\/sup><\/a>\n\t\t\t\t\t\t\t<\/div>\n\n\t\t\t\t\t\t\t\t\t\t            <div class=\"box\" data=\"9\">\n\t\t\t\t\t\t\t\t<a href=\"https:\/\/www.solaal.org\/occitanie\/category\/evenement\/\">evenement<sup>(5)<\/sup><\/a>\n\t\t\t\t\t\t\t<\/div>\n\n\t\t\t\t\t\t\t\t\t\t            <div class=\"box\" data=\"11\">\n\t\t\t\t\t\t\t\t<a href=\"https:\/\/www.solaal.org\/occitanie\/category\/evenements\/\">evenements<sup>(2)<\/sup><\/a>\n\t\t\t\t\t\t\t<\/div>\n\n\t\t\t\t\t\t\t\t\t\t            <div class=\"box\" data=\"10\">\n\t\t\t\t\t\t\t\t<a href=\"https:\/\/www.solaal.org\/occitanie\/category\/ils-nous-soutiennent\/\">ils-nous-soutiennent<sup>(2)<\/sup><\/a>\n\t\t\t\t\t\t\t<\/div>\n\n\t\t\t\t\t\t\t\t\t\t            <div class=\"box\" data=\"5\">\n\t\t\t\t\t\t\t\t<a href=\"https:\/\/www.solaal.org\/occitanie\/category\/interview\/\">interview<sup>(6)<\/sup><\/a>\n\t\t\t\t\t\t\t<\/div>\n\n\t\t\t\t\t\t\t\t\t\t            <div class=\"box\" data=\"1\">\n\t\t\t\t\t\t\t\t<a href=\"https:\/\/www.solaal.org\/occitanie\/category\/non-classe\/\">Non class\u00e9<sup>(9)<\/sup><\/a>\n\t\t\t\t\t\t\t<\/div>\n\n\t\t\t\t\t\t\t\t\t\t\t\n\t\t\t\t\t\n\t\t\t\t<\/div>\n\t\t\t\t\n\t\t\t<\/div>\n\t\t\t<div class=\"content\">\n\t\t\t\t<div class=\"content-box\">\n\t\t\t\t\t\t\t\t\t\t\t\n\t\t\t\t\t\t\n\t\t\t\t\t<div class=\"list\">\n\t\t\t\t\t\t<div class=\"img\">\n\t\t\t\t\t\t\t<a href=\"https:\/\/www.solaal.org\/occitanie\/2025\/10\/23\/lengagement-solidaire-de-bodin-bio\/\" style=\"background-image: url(https:\/\/www.solaal.org\/occitanie\/wp-content\/uploads\/sites\/21\/2025\/10\/Sebastien-MENAND.jpg);\"><\/a>\n\t\t\t\t\t\t<\/div>\n\t\t\t\t\t\t<div class=\"text\">\n\t\t\t\t\t\t\t\t\t\t\t\t\t\t<span>ils-nous-soutiennent<\/span>\n\t\t\t\t\t\t\t\t\t\t\t\t\t\t<h2><a href=\"https:\/\/www.solaal.org\/occitanie\/2025\/10\/23\/lengagement-solidaire-de-bodin-bio\/\">L&rsquo;engagement solidaire de Bodin bio<\/a><\/h2>\n\t\t\t\t\t\t\t<p>\u00ab L\u2019accompagnement propos\u00e9 par SOLAAL constitue une v\u00e9ritable solution pour faciliter les dons alimentaires. En jouant un r\u00f4le de centralisateur, SOLAAL met en relation les entreprises disposant de produits \u00e0 donner avec des associations ayant des besoins identifi\u00e9s. \u00bb, selon S\u00e9bastien M\u00e9nand, responsable des relations clients chez Bodin bio. Pouvez-vous nous pr\u00e9senter votre entreprise ? [&hellip;]<\/p>\n\t\t\t\t\t\t\t<a href=\"https:\/\/www.solaal.org\/occitanie\/2025\/10\/23\/lengagement-solidaire-de-bodin-bio\/\" class=\"btn\"><i><\/i>En savoir +<\/a>\n\t\t\t\t\t\t<\/div>\n\t\t\t\t\t<\/div>\n\t\t\t\t\t\t\n\t\t\t\t\t<div class=\"list\">\n\t\t\t\t\t\t<div class=\"img\">\n\t\t\t\t\t\t\t<a href=\"https:\/\/www.solaal.org\/occitanie\/2025\/10\/01\/solaal-occitanie-fete-ses-5-ans-au-min-de-toulouse\/\" style=\"background-image: url(https:\/\/www.solaal.org\/occitanie\/wp-content\/uploads\/sites\/21\/2025\/10\/Yvon-Sarrault-1024x576.jpg);\"><\/a>\n\t\t\t\t\t\t<\/div>\n\t\t\t\t\t\t<div class=\"text\">\n\t\t\t\t\t\t\t\t\t\t\t\t\t\t<span>interview<\/span>\n\t\t\t\t\t\t\t\t\t\t\t\t\t\t<h2><a href=\"https:\/\/www.solaal.org\/occitanie\/2025\/10\/01\/solaal-occitanie-fete-ses-5-ans-au-min-de-toulouse\/\">SOLAAL Occitanie f\u00eate ses 5 ans au MIN de Toulouse\u00a0!<\/a><\/h2>\n\t\t\t\t\t\t\t<p>\u00ab\u00a0Nous souhaitons continuer \u00e0 d\u00e9velopper les dons sur l\u2019ensemble des d\u00e9partements. Nous pensons plus particuli\u00e8rement \u00e0 la Loz\u00e8re, les Hautes-Pyr\u00e9n\u00e9es, l\u2019Ari\u00e8ge et l\u2019Aveyron o\u00f9 cette ann\u00e9e il n\u2019y a pas encore eu de dons. Nous pourrons ainsi aller \u00e0 la rencontre des producteurs, leur proposer des actions locales comme les glanages solidaires ou des projets [&hellip;]<\/p>\n\t\t\t\t\t\t\t<a href=\"https:\/\/www.solaal.org\/occitanie\/2025\/10\/01\/solaal-occitanie-fete-ses-5-ans-au-min-de-toulouse\/\" class=\"btn\"><i><\/i>En savoir +<\/a>\n\t\t\t\t\t\t<\/div>\n\t\t\t\t\t<\/div>\n\t\t\t\t\t\t\n\t\t\t\t\t<div class=\"list\">\n\t\t\t\t\t\t<div class=\"img\">\n\t\t\t\t\t\t\t<a href=\"https:\/\/www.solaal.org\/occitanie\/2025\/09\/01\/verger-cancel-une-entreprise-familiale-engagee\/\" style=\"background-image: url(https:\/\/www.solaal.org\/occitanie\/wp-content\/uploads\/sites\/21\/2025\/09\/logo_vergers_cancel_couleurs.png);\"><\/a>\n\t\t\t\t\t\t<\/div>\n\t\t\t\t\t\t<div class=\"text\">\n\t\t\t\t\t\t\t\t\t\t\t\t\t\t<span>ils-nous-soutiennent<\/span>\n\t\t\t\t\t\t\t\t\t\t\t\t\t\t<h2><a href=\"https:\/\/www.solaal.org\/occitanie\/2025\/09\/01\/verger-cancel-une-entreprise-familiale-engagee\/\">Verger Cancel : Une entreprise familiale engag\u00e9e<\/a><\/h2>\n\t\t\t\t\t\t\t<p>\u00ab\u00a0L\u2019int\u00e9r\u00eat de cette collaboration est double : \u00e9viter le gaspillage alimentaire et r\u00e9partir nos dons sur plusieurs jours gr\u00e2ce \u00e0 un r\u00e9seau d\u2019associations plus vaste que le n\u00f4tre.\u00bb selon Benjamin Boscus, commercial chez Vergers Cancel. Pouvez-vous nous pr\u00e9senter votre structure ? Vergers Cancel est une entreprise familiale, productrice et exp\u00e9ditrice de kiwis, prunes, raisins et [&hellip;]<\/p>\n\t\t\t\t\t\t\t<a href=\"https:\/\/www.solaal.org\/occitanie\/2025\/09\/01\/verger-cancel-une-entreprise-familiale-engagee\/\" class=\"btn\"><i><\/i>En savoir +<\/a>\n\t\t\t\t\t\t<\/div>\n\t\t\t\t\t<\/div>\n\t\t\t\t\t\t\n\t\t\t\t\t<div class=\"list\">\n\t\t\t\t\t\t<div class=\"img\">\n\t\t\t\t\t\t\t<a href=\"https:\/\/www.solaal.org\/occitanie\/2025\/01\/07\/assises-nationales-de-lalimentation\/\" style=\"background-image: url(https:\/\/www.solaal.org\/occitanie\/wp-content\/uploads\/sites\/21\/2025\/01\/Medias-newsletter-mai-3.png);\"><\/a>\n\t\t\t\t\t\t<\/div>\n\t\t\t\t\t\t<div class=\"text\">\n\t\t\t\t\t\t\t\t\t\t\t\t\t\t<span>interview<\/span>\n\t\t\t\t\t\t\t\t\t\t\t\t\t\t<h2><a href=\"https:\/\/www.solaal.org\/occitanie\/2025\/01\/07\/assises-nationales-de-lalimentation\/\">SOLAAL Occitanie aux Assises de la transition agro\u00e9cologique et de l&rsquo;alimentation durable<\/a><\/h2>\n\t\t\t\t\t\t\t<p>Les 2 et 3 d\u00e9cembre ont eu lieu les Assises de la transition agro\u00e9cologique et de l\u2019alimentation durable \u00e0 Montpellier, pour la troisi\u00e8me \u00e9dition. R\u00e9unissant les acteurs de l\u2019alimentation des territoires elles permettent d\u2019apporter des r\u00e9flexions et des solutions aux enjeux de la transition \u00e9cologique. Lors de l\u2019atelier \u00ab&nbsp;Faciliter les coop\u00e9rations et mettre en place [&hellip;]<\/p>\n\t\t\t\t\t\t\t<a href=\"https:\/\/www.solaal.org\/occitanie\/2025\/01\/07\/assises-nationales-de-lalimentation\/\" class=\"btn\"><i><\/i>En savoir +<\/a>\n\t\t\t\t\t\t<\/div>\n\t\t\t\t\t<\/div>\n\t\t\t\t\t\t\n\t\t\t\t\t<div class=\"list\">\n\t\t\t\t\t\t<div class=\"img\">\n\t\t\t\t\t\t\t<a href=\"https:\/\/www.solaal.org\/occitanie\/2024\/10\/08\/10eme-edition-des-journees-nationales-du-don-agricole-jnda-un-mois-de-solidarite-au-service-de-laide-alimentaire\/\" style=\"background-image: url(https:\/\/www.solaal.org\/occitanie\/wp-content\/uploads\/sites\/21\/2024\/10\/Pastille_fond_transparent-1.png);\"><\/a>\n\t\t\t\t\t\t<\/div>\n\t\t\t\t\t\t<div class=\"text\">\n\t\t\t\t\t\t\t\t\t\t\t\t\t\t<span>actions-solidaires<\/span>\n\t\t\t\t\t\t\t\t\t\t\t\t\t\t<h2><a href=\"https:\/\/www.solaal.org\/occitanie\/2024\/10\/08\/10eme-edition-des-journees-nationales-du-don-agricole-jnda-un-mois-de-solidarite-au-service-de-laide-alimentaire\/\">10\u00e8me \u00e9dition des Journ\u00e9es nationales du don agricole (JNDA) : Un mois de solidarit\u00e9 au service de l&rsquo;aide alimentaire<\/a><\/h2>\n\t\t\t\t\t\t\t<p>Pendant le mois de septembre, des \u00e9v\u00e9nements ont \u00e9t\u00e9 organis\u00e9s dans toute la France pour mettre en avant la solidarit\u00e9 au sein du secteur agricole. Parrain\u00e9es par le minist\u00e8re de l\u2019Agriculture et de la Souverainet\u00e9 alimentaire, ces journ\u00e9es ont une fois de plus t\u00e9moign\u00e9 de l&rsquo;engagement des acteurs agricoles pour soutenir les associations d\u2019aide alimentaire. [&hellip;]<\/p>\n\t\t\t\t\t\t\t<a href=\"https:\/\/www.solaal.org\/occitanie\/2024\/10\/08\/10eme-edition-des-journees-nationales-du-don-agricole-jnda-un-mois-de-solidarite-au-service-de-laide-alimentaire\/\" class=\"btn\"><i><\/i>En savoir +<\/a>\n\t\t\t\t\t\t<\/div>\n\t\t\t\t\t<\/div>\n\t\t\t\t\t\t\n\t\t\t\t\t<div class=\"list\">\n\t\t\t\t\t\t<div class=\"img\">\n\t\t\t\t\t\t\t<a href=\"https:\/\/www.solaal.org\/occitanie\/2024\/09\/05\/dixieme-edition-des-journees-nationales-du-don-agricole\/\" style=\"background-image: url(https:\/\/www.solaal.org\/occitanie\/wp-content\/uploads\/sites\/21\/2024\/09\/20240404_161904-768x1024.jpg);\"><\/a>\n\t\t\t\t\t\t<\/div>\n\t\t\t\t\t\t<div class=\"text\">\n\t\t\t\t\t\t\t\t\t\t\t\t\t\t<span>interview<\/span>\n\t\t\t\t\t\t\t\t\t\t\t\t\t\t<h2><a href=\"https:\/\/www.solaal.org\/occitanie\/2024\/09\/05\/dixieme-edition-des-journees-nationales-du-don-agricole\/\">Dixi\u00e8me \u00e9dition des Journ\u00e9es nationales du don agricole\u00a0!<\/a><\/h2>\n\t\t\t\t\t\t\t<p>\u00ab\u00a0Les JNDA permettent de rappeler que le nombre de nos concitoyens en pr\u00e9carit\u00e9, accueillis par nos partenaires associatifs, reste pr\u00e9occupant et que tout don de produits agricoles se traduit en \u00e9quivalent-repas. Les agriculteurs contribuent ainsi \u00e0 l\u2019acc\u00e8s de tous \u00e0 une alimentation de qualit\u00e9.\u00a0\u00bb, selon Ang\u00e9lique Delahaye, pr\u00e9sidente de SOLAAL On les appelle les JNDA [&hellip;]<\/p>\n\t\t\t\t\t\t\t<a href=\"https:\/\/www.solaal.org\/occitanie\/2024\/09\/05\/dixieme-edition-des-journees-nationales-du-don-agricole\/\" class=\"btn\"><i><\/i>En savoir +<\/a>\n\t\t\t\t\t\t<\/div>\n\t\t\t\t\t<\/div>\n\t\t\t\t\t\t\n\t\t\t\t\t<div class=\"list\">\n\t\t\t\t\t\t<div class=\"img\">\n\t\t\t\t\t\t\t<a href=\"https:\/\/www.solaal.org\/occitanie\/2024\/07\/01\/le-reseau-solaal-aux-jnagri2024\/\" style=\"background-image: url(https:\/\/www.solaal.org\/occitanie\/wp-content\/uploads\/sites\/21\/2024\/07\/JNAgri-2024-Logo-1.jpg);\"><\/a>\n\t\t\t\t\t\t<\/div>\n\t\t\t\t\t\t<div class=\"text\">\n\t\t\t\t\t\t\t\t\t\t\t\t\t\t<span>actions-solidaires<\/span>\n\t\t\t\t\t\t\t\t\t\t\t\t\t\t<h2><a href=\"https:\/\/www.solaal.org\/occitanie\/2024\/07\/01\/le-reseau-solaal-aux-jnagri2024\/\">Le r\u00e9seau SOLAAL aux #JNAgri2024<\/a><\/h2>\n\t\t\t\t\t\t\t<p>Du 7 au 9 juin 2024, se sont tenues les Journ\u00e9es Nationales de l\u2019Agriculture. Plus de 1700 \u00e9v\u00e8nements ont \u00e9t\u00e9 enregistr\u00e9s sur toute la France&nbsp;: des visites d\u2019exploitations agricoles, des foires, des ateliers et bien d\u2019autres. C\u2019est aussi une occasion que les antennes SOLAAL ont saisie pour mettre en avant la solidarit\u00e9 agricole. Des ateliers [&hellip;]<\/p>\n\t\t\t\t\t\t\t<a href=\"https:\/\/www.solaal.org\/occitanie\/2024\/07\/01\/le-reseau-solaal-aux-jnagri2024\/\" class=\"btn\"><i><\/i>En savoir +<\/a>\n\t\t\t\t\t\t<\/div>\n\t\t\t\t\t<\/div>\n\t\t\t\t\t<div class='pages'><div class='pages-button'><ul class=\"pages-ul\"><li class='active'><a href='https:\/\/www.solaal.org\/occitanie\/wp-json\/wp\/v2\/pages\/922\/'>1<\/a><\/li><li><a href='https:\/\/www.solaal.org\/occitanie\/wp-json\/wp\/v2\/pages\/922\/page\/2\/'>2<\/a><\/li><li><a href='https:\/\/www.solaal.org\/occitanie\/wp-json\/wp\/v2\/pages\/922\/page\/3\/'>3<\/a><\/li><li><a href='https:\/\/www.solaal.org\/occitanie\/wp-json\/wp\/v2\/pages\/922\/page\/4\/'>4<\/a><\/li><\/ul><a href=\"https:\/\/www.solaal.org\/occitanie\/wp-json\/wp\/v2\/pages\/922\/page\/2\/\" class=\"next\">><\/a><\/div><\/div>\t\t\t\t<\/div>\n\t\t\t<\/div>\n\t\t\t\t\t<\/div>\n\t<\/section>\n\n\n\t<section class=\"home-newsletter not-h2 style-two\">\n\t<div class=\"home-newsletter-box inner fadeInUp\">\n\t\t<div class=\"content\">\n\t\t\t<div class=\"title\">\n\t\t\t\t<h2>Abonnez-vous u00e0 la Newsletter SOLAAL !<\/h2>\n\t\t\t<\/div>\n\t\t\t<div class=\"form\">\n\t\t\t\t\t\t\t\t<p class=\"wpcf7-contact-form-not-found\"><strong>Erreur\u00a0:<\/strong> Formulaire de contact non trouv\u00e9\u00a0!<\/p>\t\t\t<\/div>\n\t\t\t\n\t\t<\/div>\n\t\t<div class=\"end-text\">\n\t\t\t<p>Votre adresse de messagerie est uniquement utilis\u00e9e pour vous envoyer les newsletter de SOLAAL. Vous pouvez u00e0 tout moment utiliser le lien de d\u00e9sabonnement int\u00e9gr\u00e9 dans la newsletter. En savoir plus sur la gestion de vos donn\u00e9es et vos droits.<\/p>\n\t\t<\/div>\n\t<\/div>\n<\/section>\n\n\n","protected":false},"excerpt":{"rendered":"","protected":false},"author":2,"featured_media":0,"parent":0,"menu_order":0,"comment_status":"closed","ping_status":"closed","template":"","meta":{"_acf_changed":true,"inline_featured_image":false,"footnotes":""},"class_list":["post-922","page","type-page","status-publish","hentry"],"acf":[],"_links":{"self":[{"href":"https:\/\/www.solaal.org\/occitanie\/wp-json\/wp\/v2\/pages\/922","targetHints":{"allow":["GET"]}}],"collection":[{"href":"https:\/\/www.solaal.org\/occitanie\/wp-json\/wp\/v2\/pages"}],"about":[{"href":"https:\/\/www.solaal.org\/occitanie\/wp-json\/wp\/v2\/types\/page"}],"author":[{"embeddable":true,"href":"https:\/\/www.solaal.org\/occitanie\/wp-json\/wp\/v2\/users\/2"}],"replies":[{"embeddable":true,"href":"https:\/\/www.solaal.org\/occitanie\/wp-json\/wp\/v2\/comments?post=922"}],"version-history":[{"count":0,"href":"https:\/\/www.solaal.org\/occitanie\/wp-json\/wp\/v2\/pages\/922\/revisions"}],"wp:attachment":[{"href":"https:\/\/www.solaal.org\/occitanie\/wp-json\/wp\/v2\/media?parent=922"}],"curies":[{"name":"wp","href":"https:\/\/api.w.org\/{rel}","templated":true}]}}