{"id":3928,"date":"2025-03-06T13:53:00","date_gmt":"2025-03-06T12:53:00","guid":{"rendered":"https:\/\/www.solaal.org\/hauts-de-france\/?page_id=3928"},"modified":"2025-08-22T11:15:48","modified_gmt":"2025-08-22T09:15:48","slug":"ateliers-culinaires","status":"publish","type":"page","link":"https:\/\/www.solaal.org\/hauts-de-france\/ateliers-culinaires\/","title":{"rendered":"Ateliers culinaires"},"content":{"rendered":"\n<h3 class=\"wp-block-heading\">Rien ne se perd, tout se cuisine !<\/h3>\n\n\n\n<p>SOLAAL Hauts-de-France organise des ateliers culinaires avec des personnes en&nbsp;pr\u00e9carit\u00e9 alimentaire, qui mettent \u00e0 l\u2019honneur les produits locaux et la lutte contre le gaspillage alimentaire.<\/p>\n\n\n\n<p>Encadr\u00e9s par des professionnels de la nutrition, ces moments d\u2019\u00e9change offrent l&rsquo;opportunit\u00e9 d&rsquo;apprendre \u00e0 cuisiner sainement tout en adoptant de bonnes habitudes pour une alimentation \u00e9quilibr\u00e9e et durable. Les participants d\u00e9couvrent des recettes savoureuses, tout en valorisant des produits issus des&nbsp;Hauts-de-France et souvent m\u00e9connus.<\/p>\n\n\n\n<h4 class=\"wp-block-heading\">Nos engagements<\/h4>\n\n\n\n<ul class=\"wp-block-list\">\n<li>Soutenir les circuits courts et promouvoir une agriculture locale.<\/li>\n\n\n\n<li>Encourager une alimentation saine \u00e0 travers des recettes accessibles et \u00e9quilibr\u00e9es \u00e0 cuisiner au quotidien.<\/li>\n\n\n\n<li>Favoriser le lien social et les \u00e9changes entre producteurs, associations, consommateurs et personnes accueillies.<\/li>\n<\/ul>\n\n\n\n<div style=\"height:16px\" aria-hidden=\"true\" class=\"wp-block-spacer\"><\/div>\n\n\n\n<h4 class=\"wp-block-heading\">Cette action vous int\u00e9resse et vous aimeriez en organiser avec nous ? Contactez-nous !<\/h4>\n\n\n\n\t<div class=\"wp-block-button-two\">\n\t\t<a href=\"https:\/\/www.solaal.org\/hauts-de-france\/vous-souhaitez-faire-un-don\/contact\/\" target=\"_blank\"><i><\/i>Contactez notre \u00e9quipe !<\/a>\n\t<\/div>\n\n\n<div style=\"height:40px\" aria-hidden=\"true\" class=\"wp-block-spacer\"><\/div>\n\n\n\n<h4 class=\"wp-block-heading has-text-align-center\">D\u00e9couvrez nos actions en vid\u00e9o et photos !<\/h4>\n\n\n\n\t<section class=\"home-video style-two width-770\">\n\t\t<div class=\"home-video-box inner wowo fadeInUp\">\n\t\t\t<div class=\"video\">\n\t\t        <a href=\"#\" class=\"video-link embed\">\n\t\t          \t\t\t\t\t<div class=\"data-video\">\n\t\t\t\t\t\t<iframe loading=\"lazy\" title=\"Atelier culinaire avec les \u00e9tudiants de l\u2019Universit\u00e9 de Lille | APEF &amp; Interfel \ud83c\udf31\ud83d\udc68\u200d\ud83c\udf73\" width=\"640\" height=\"360\" src=\"https:\/\/www.youtube.com\/embed\/hiqH_VxYcRk?feature=oembed\" frameborder=\"0\" allow=\"accelerometer; autoplay; clipboard-write; encrypted-media; gyroscope; picture-in-picture; web-share\" referrerpolicy=\"strict-origin-when-cross-origin\" allowfullscreen><\/iframe>\t\t\t\t\t\t\t\n\t\t\t\t\t\t<\/div>\n\t\t\t\t\t\t\t\t          <div class=\"img\">\n\t\t\t            <img decoding=\"async\" src=\"https:\/\/www.solaal.org\/hauts-de-france\/wp-content\/uploads\/sites\/18\/2025\/02\/Capture-decran-2025-02-14-155902-e1739545317841.png\" alt=\"\" class=\"img-bg \">\n\t\t\t          <\/div>\n\t\t\t          <div class=\"text-and-icon\">\n\t\t\t          \t<h2>Atelier culinaire en partenariat avec l&rsquo;APEF, Interfel et l&rsquo;Universit\u00e9 de Lille !<\/h2>\n\t\t\t          \t<i class=\"icon-play\"><\/i>\n\t\t\t          <\/div>\n\t\t        <\/a>\n\t\t    <\/div>\n\t\t    <div class=\"text\">\n\t\t    \t<p>L\u2019endive \u00e0 l&rsquo;honneur pour les \u00e9tudiants de l&rsquo;Universit\u00e9 de Lille !<\/p>\n\t    \t<\/div>\n\t\t<\/div>\t\n\t<\/section>\n\n\n<section class=\"four-img width-1170\">\n\t\t<div class=\"four-img-box inner wowo fadeInUp\">\n\t\t\t<div class=\"content gallery-wrap\">\n\t\t\t\t\t\t\t\t<div class=\"block\">\n\t\t\t\t\t<a href=\"https:\/\/www.solaal.org\/hauts-de-france\/wp-content\/uploads\/sites\/18\/2025\/03\/23_11_15-Atelier-cuisine-nutrition-MARPA-Saulty-62-1.jpg\" data-rel=\"lightcase:myCollection\">\n\t\t\t\t\t\t<div class=\"bg-img\" style=\"background-image: url(https:\/\/www.solaal.org\/hauts-de-france\/wp-content\/uploads\/sites\/18\/2025\/03\/23_11_15-Atelier-cuisine-nutrition-MARPA-Saulty-62-1.jpg);\"><\/div>\n\t\t\t\t\t<\/a>\n\t\t\t\t\t\t\t\t\t\t<span>Atelier culinaire-nutrition \u00e0 la MARPA de Saulty (62)<\/span>\n\t\t\t\t\t\t\t\t\t<\/div>\n\t\t\t\t\t\t\t\t<div class=\"block\">\n\t\t\t\t\t<div class=\"box-box\">\n\t\t\t\t\t\t\t\t\t\t\t\t<div class=\"box\">\n\t\t\t\t\t\t\t<a href=\"https:\/\/www.solaal.org\/hauts-de-france\/wp-content\/uploads\/sites\/18\/2025\/02\/24_11_21-Atelier-cuisine-nutrition-MARPA-Avesnelles-59-Midi-Partage-24.jpg\" data-rel=\"lightcase:myCollection\">\n\t\t\t\t\t\t\t<div class=\"bg-img\" style=\"background-image: url(https:\/\/www.solaal.org\/hauts-de-france\/wp-content\/uploads\/sites\/18\/2025\/02\/24_11_21-Atelier-cuisine-nutrition-MARPA-Avesnelles-59-Midi-Partage-24.jpg);\"><\/div>\n\t\t\t\t\t\t\t<\/a>\n\t\t\t\t\t\t\t\t\t\t\t\t\t\t<span>Atelier culinaire-nutrition \u00e0 la MARPA d&rsquo;Avesnelles (59)<\/span>\n\t\t\t\t\t\t\t\t\t\t\t\t\t<\/div>\n\t\t\t\t\t\t\t\t\t\t\t\t<div class=\"box\">\n\t\t\t\t\t\t\t<a href=\"https:\/\/www.solaal.org\/hauts-de-france\/wp-content\/uploads\/sites\/18\/2025\/03\/24_12_12-Atelier-cuisine-sur-lendive-a-lUniversite-de-Lille_-avec-Producteurs-dendives-de-France-Interfel-et-Universite-de-Lille-18.jpg\" data-rel=\"lightcase:myCollection\">\n\t\t\t\t\t\t\t<div class=\"bg-img\" style=\"background-image: url(https:\/\/www.solaal.org\/hauts-de-france\/wp-content\/uploads\/sites\/18\/2025\/03\/24_12_12-Atelier-cuisine-sur-lendive-a-lUniversite-de-Lille_-avec-Producteurs-dendives-de-France-Interfel-et-Universite-de-Lille-18.jpg);\"><\/div>\n\t\t\t\t\t\t\t<\/a>\n\t\t\t\t\t\t\t\t\t\t\t\t\t\t<span>Atelier culinaire avec les \u00e9tudiants de l&rsquo;Universit\u00e9 de Lille (59)<\/span>\n\t\t\t\t\t\t\t\t\t\t\t\t\t<\/div>\n\t\t\t\t\t\t\t\t\t\t\t\t<div class=\"box\">\n\t\t\t\t\t\t\t<a href=\"https:\/\/www.solaal.org\/hauts-de-france\/wp-content\/uploads\/sites\/18\/2025\/03\/24_06_07-Atelier-cuisine-au-Germoir-JNAgri-1.jpg\" data-rel=\"lightcase:myCollection\">\n\t\t\t\t\t\t\t<div class=\"bg-img\" style=\"background-image: url(https:\/\/www.solaal.org\/hauts-de-france\/wp-content\/uploads\/sites\/18\/2025\/03\/24_06_07-Atelier-cuisine-au-Germoir-JNAgri-1.jpg);\"><\/div>\n\t\t\t\t\t\t\t<\/a>\n\t\t\t\t\t\t\t\t\t\t\t\t\t\t<span>Atelier culinaire-nutrition au Germoir d&rsquo;Ambricourt (62)<\/span>\n\t\t\t\t\t\t\t\t\t\t\t\t\t<\/div>\n\t\t\t\t\t\t\t\t\t\t\t<\/div>\n\t\t\t\t\t\n\t\t\t\t<\/div>\n\t\t\t<\/div>\n\t\t<\/div>\n\t<\/section>","protected":false},"excerpt":{"rendered":"<p>Rien ne se perd, tout se cuisine ! SOLAAL Hauts-de-France organise des ateliers culinaires avec des personnes en&nbsp;pr\u00e9carit\u00e9 alimentaire, qui mettent \u00e0 l\u2019honneur les produits locaux et la lutte contre le gaspillage alimentaire. Encadr\u00e9s par des professionnels de la nutrition, ces moments d\u2019\u00e9change offrent l&rsquo;opportunit\u00e9 d&rsquo;apprendre \u00e0 cuisiner sainement tout en adoptant de bonnes habitudes [&hellip;]<\/p>\n","protected":false},"author":11,"featured_media":0,"parent":0,"menu_order":0,"comment_status":"closed","ping_status":"closed","template":"","meta":{"_acf_changed":false,"inline_featured_image":false,"footnotes":""},"class_list":["post-3928","page","type-page","status-publish","hentry"],"acf":[],"_links":{"self":[{"href":"https:\/\/www.solaal.org\/hauts-de-france\/wp-json\/wp\/v2\/pages\/3928","targetHints":{"allow":["GET"]}}],"collection":[{"href":"https:\/\/www.solaal.org\/hauts-de-france\/wp-json\/wp\/v2\/pages"}],"about":[{"href":"https:\/\/www.solaal.org\/hauts-de-france\/wp-json\/wp\/v2\/types\/page"}],"author":[{"embeddable":true,"href":"https:\/\/www.solaal.org\/hauts-de-france\/wp-json\/wp\/v2\/users\/11"}],"replies":[{"embeddable":true,"href":"https:\/\/www.solaal.org\/hauts-de-france\/wp-json\/wp\/v2\/comments?post=3928"}],"version-history":[{"count":52,"href":"https:\/\/www.solaal.org\/hauts-de-france\/wp-json\/wp\/v2\/pages\/3928\/revisions"}],"predecessor-version":[{"id":4424,"href":"https:\/\/www.solaal.org\/hauts-de-france\/wp-json\/wp\/v2\/pages\/3928\/revisions\/4424"}],"wp:attachment":[{"href":"https:\/\/www.solaal.org\/hauts-de-france\/wp-json\/wp\/v2\/media?parent=3928"}],"curies":[{"name":"wp","href":"https:\/\/api.w.org\/{rel}","templated":true}]}}