{"id":1085,"date":"2022-08-08T11:56:23","date_gmt":"2022-08-08T09:56:23","guid":{"rendered":"https:\/\/www.solaal.org\/hauts-de-france\/?page_id=1085"},"modified":"2024-09-02T15:26:54","modified_gmt":"2024-09-02T13:26:54","slug":"journees-nationales-du-don-agricole-2022","status":"publish","type":"page","link":"https:\/\/www.solaal.org\/hauts-de-france\/nos-missions-nos-actions\/journees-nationales-du-don-agricole-2022\/","title":{"rendered":"Journ\u00e9es nationales du don agricole 2022"},"content":{"rendered":"\n<section class=\"wp-block-title-c\">\n\t<h2>JNDA 2022 en vid\u00e9o<\/h2>\n<\/section>\n\n\n\t<section class=\"home-video style-two width-770\">\n\t\t<div class=\"home-video-box inner wowo fadeInUp\">\n\t\t\t<div class=\"video\">\n\t\t        <a href=\"#\" class=\"video-link embed\">\n\t\t          \t\t\t\t\t<div class=\"data-video\">\n\t\t\t\t\t\t<iframe loading=\"lazy\" title=\"Retour sur \u00e9v\u00e8nements JNDA 2022 - SOLAAL Hauts-de-France\" width=\"520\" height=\"390\" src=\"https:\/\/www.youtube.com\/embed\/YLqb5A1epqo?feature=oembed\" frameborder=\"0\" allow=\"accelerometer; autoplay; clipboard-write; encrypted-media; gyroscope; picture-in-picture; web-share\" referrerpolicy=\"strict-origin-when-cross-origin\" allowfullscreen><\/iframe>\t\t\t\t\t\t\t\n\t\t\t\t\t\t<\/div>\n\t\t\t\t\t\t\t\t          <div class=\"img\">\n\t\t\t            <img decoding=\"async\" src=\"https:\/\/www.solaal.org\/hauts-de-france\/wp-content\/uploads\/sites\/18\/2022\/12\/Capture-decran-2022-12-13-141700.png\" alt=\"\" class=\"img-bg \">\n\t\t\t          <\/div>\n\t\t\t          <div class=\"text-and-icon\">\n\t\t\t          \t<h2>Journ\u00e9es nationales du don agricole 2022<\/h2>\n\t\t\t          \t<i class=\"icon-play\"><\/i>\n\t\t\t          <\/div>\n\t\t        <\/a>\n\t\t    <\/div>\n\t\t    <div class=\"text\">\n\t\t    \t<p>R\u00e9trospective des JNDA 2022<\/p>\n\t    \t<\/div>\n\t\t<\/div>\t\n\t<\/section>\n\n\n<section class=\"wp-block-title-c\">\n\t<h2>JNDA 2022 en photos<\/h2>\n<\/section>\n\n\n<div class=\"wp-block-columns are-vertically-aligned-center is-layout-flex wp-container-core-columns-is-layout-9d6595d7 wp-block-columns-is-layout-flex\">\n<div class=\"wp-block-column is-vertically-aligned-center is-layout-flow wp-block-column-is-layout-flow\">\n<div class=\"wp-block-one-img gallery-wrap width-770\">\n\t<a href=\"https:\/\/www.solaal.org\/hauts-de-france\/wp-content\/uploads\/sites\/18\/2022\/10\/22_10_05-Visite-Ferme-Coustenoble-59-par-ES-ANDES-14.jpg\" data-rel=\"lightcase:myCollection\">\n\t\t<img decoding=\"async\" src=\"https:\/\/www.solaal.org\/hauts-de-france\/wp-content\/uploads\/sites\/18\/2022\/10\/22_10_05-Visite-Ferme-Coustenoble-59-par-ES-ANDES-14.jpg\" alt=\"\" \/>\n\t<\/a>\n\t\t<figcaption>05\/10 &#8211; Visite de la Ferme Coustenoble \u00e0 Marquillies (59) par 3 \u00e9piceries solidaires ANDES<\/figcaption>\n\t<\/div>\n\n<\/div>\n\n\n\n<div class=\"wp-block-column is-vertically-aligned-center is-layout-flow wp-block-column-is-layout-flow\">\n<div class=\"wp-block-one-img gallery-wrap width-770\">\n\t<a href=\"https:\/\/www.solaal.org\/hauts-de-france\/wp-content\/uploads\/sites\/18\/2022\/10\/22_10_05-Action-Douaisis-Agglo-pres-elus-5.jpg\" data-rel=\"lightcase:myCollection\">\n\t\t<img decoding=\"async\" src=\"https:\/\/www.solaal.org\/hauts-de-france\/wp-content\/uploads\/sites\/18\/2022\/10\/22_10_05-Action-Douaisis-Agglo-pres-elus-5.jpg\" alt=\"\" \/>\n\t<\/a>\n\t\t<figcaption>05\/10 &#8211; Sensibilisation des \u00e9lus du Douaisis Agglo (59) au don agricole<\/figcaption>\n\t<\/div>\n\n<\/div>\n\n\n\n<div class=\"wp-block-column is-vertically-aligned-center is-layout-flow wp-block-column-is-layout-flow\">\n<div class=\"wp-block-one-img gallery-wrap width-770\">\n\t<a href=\"https:\/\/www.solaal.org\/hauts-de-france\/wp-content\/uploads\/sites\/18\/2022\/10\/22_10_04-Glanage-les-Blancs-Moutons-59-EPISOL-59-4.jpg\" data-rel=\"lightcase:myCollection\">\n\t\t<img decoding=\"async\" src=\"https:\/\/www.solaal.org\/hauts-de-france\/wp-content\/uploads\/sites\/18\/2022\/10\/22_10_04-Glanage-les-Blancs-Moutons-59-EPISOL-59-4.jpg\" alt=\"\" \/>\n\t<\/a>\n\t\t<figcaption>04\/10 &#8211; Glanage de 50kg de pommes de terre chez Michel DELILLE (59) par l&rsquo;\u00e9picerie solidaire EPISOL 59<\/figcaption>\n\t<\/div>\n\n<\/div>\n<\/div>\n\n\n\n<div class=\"wp-block-columns are-vertically-aligned-center is-layout-flex wp-container-core-columns-is-layout-9d6595d7 wp-block-columns-is-layout-flex\">\n<div class=\"wp-block-column is-vertically-aligned-center is-layout-flow wp-block-column-is-layout-flow\">\n<div class=\"wp-block-one-img gallery-wrap width-770\">\n\t<a href=\"https:\/\/www.solaal.org\/hauts-de-france\/wp-content\/uploads\/sites\/18\/2022\/10\/22_10_04-Glanage-M-Lutun-et-Lycee-le-Quesnoy-pour-BA59-4.jpg\" data-rel=\"lightcase:myCollection\">\n\t\t<img decoding=\"async\" src=\"https:\/\/www.solaal.org\/hauts-de-france\/wp-content\/uploads\/sites\/18\/2022\/10\/22_10_04-Glanage-M-Lutun-et-Lycee-le-Quesnoy-pour-BA59-4.jpg\" alt=\"\" \/>\n\t<\/a>\n\t\t<figcaption>04\/10 &#8211; Glanage de 150kg de pommes de terre chez Fran\u00e7ois Lutun (59) par le Lyc\u00e9e du Le Quesnoy<\/figcaption>\n\t<\/div>\n\n<\/div>\n\n\n\n<div class=\"wp-block-column is-vertically-aligned-center is-layout-flow wp-block-column-is-layout-flow\">\n<div class=\"wp-block-one-img gallery-wrap width-770\">\n\t<a href=\"https:\/\/www.solaal.org\/hauts-de-france\/wp-content\/uploads\/sites\/18\/2022\/10\/22_10_04-Glanage-Groupama-Nord-Est-et-SPF51-chez-Thomas-Gorge-1.jpg\" data-rel=\"lightcase:myCollection\">\n\t\t<img decoding=\"async\" src=\"https:\/\/www.solaal.org\/hauts-de-france\/wp-content\/uploads\/sites\/18\/2022\/10\/22_10_04-Glanage-Groupama-Nord-Est-et-SPF51-chez-Thomas-Gorge-1.jpg\" alt=\"\" \/>\n\t<\/a>\n\t\t<figcaption>04\/10 &#8211; Glanage de 800kg de pommes de terre chez Thomas Gorge (51) par Groupama Nord-Est<\/figcaption>\n\t<\/div>\n\n<\/div>\n\n\n\n<div class=\"wp-block-column is-vertically-aligned-center is-layout-flow wp-block-column-is-layout-flow\">\n<div class=\"wp-block-one-img gallery-wrap width-770\">\n\t<a href=\"https:\/\/www.solaal.org\/hauts-de-france\/wp-content\/uploads\/sites\/18\/2022\/10\/22_10_02-Marche-des-producteurs-du-Douaisis-Agglo.jpg\" data-rel=\"lightcase:myCollection\">\n\t\t<img decoding=\"async\" src=\"https:\/\/www.solaal.org\/hauts-de-france\/wp-content\/uploads\/sites\/18\/2022\/10\/22_10_02-Marche-des-producteurs-du-Douaisis-Agglo.jpg\" alt=\"\" \/>\n\t<\/a>\n\t\t<figcaption>02\/10 &#8211; March\u00e9 des producteurs du Douaisis Agglo (59)<\/figcaption>\n\t<\/div>\n\n<\/div>\n<\/div>\n\n\n\n<div class=\"wp-block-columns are-vertically-aligned-center is-layout-flex wp-container-core-columns-is-layout-9d6595d7 wp-block-columns-is-layout-flex\">\n<div class=\"wp-block-column is-vertically-aligned-center is-layout-flow wp-block-column-is-layout-flow\">\n<div class=\"wp-block-one-img gallery-wrap width-770\">\n\t<a href=\"https:\/\/www.solaal.org\/hauts-de-france\/wp-content\/uploads\/sites\/18\/2022\/10\/22_10_01-Le-Gout-en-couleurs-dons-6.jpg\" data-rel=\"lightcase:myCollection\">\n\t\t<img decoding=\"async\" src=\"https:\/\/www.solaal.org\/hauts-de-france\/wp-content\/uploads\/sites\/18\/2022\/10\/22_10_01-Le-Gout-en-couleurs-dons-6.jpg\" alt=\"\" \/>\n\t<\/a>\n\t\t<figcaption>30\/09 et 01\/10 &#8211; Don lors du Festival \u00ab\u00a0Le Go\u00fbt en couleurs\u00a0\u00bb (59) pour la Banque Alimentaire du Nord<\/figcaption>\n\t<\/div>\n\n<\/div>\n\n\n\n<div class=\"wp-block-column is-vertically-aligned-center is-layout-flow wp-block-column-is-layout-flow\">\n<div class=\"wp-block-one-img gallery-wrap width-770\">\n\t<a href=\"https:\/\/www.solaal.org\/hauts-de-france\/wp-content\/uploads\/sites\/18\/2022\/10\/22_09_30-Glanageg-O.-Damay-Robin.e.s-des-Bennes-2.jpg\" data-rel=\"lightcase:myCollection\">\n\t\t<img decoding=\"async\" src=\"https:\/\/www.solaal.org\/hauts-de-france\/wp-content\/uploads\/sites\/18\/2022\/10\/22_09_30-Glanageg-O.-Damay-Robin.e.s-des-Bennes-2.jpg\" alt=\"\" \/>\n\t<\/a>\n\t\t<figcaption>30\/09 &#8211; Glanage de 100 kg de pommes de terre chez St\u00e9phane Damay (80) par l&rsquo;association les Robin.e.s des Bennes<\/figcaption>\n\t<\/div>\n\n<\/div>\n\n\n\n<div class=\"wp-block-column is-vertically-aligned-center is-layout-flow wp-block-column-is-layout-flow\">\n<div class=\"wp-block-one-img gallery-wrap width-770\">\n\t<a href=\"https:\/\/www.solaal.org\/hauts-de-france\/wp-content\/uploads\/sites\/18\/2022\/09\/5.jpg\" data-rel=\"lightcase:myCollection\">\n\t\t<img decoding=\"async\" src=\"https:\/\/www.solaal.org\/hauts-de-france\/wp-content\/uploads\/sites\/18\/2022\/09\/5.jpg\" alt=\"\" \/>\n\t<\/a>\n\t\t<figcaption>28\/09 &#8211; Sensibilisation des \u00e9tudiants de l\u2019IUT g\u00e9nie biologique d\u2019Amiens (80)<\/figcaption>\n\t<\/div>\n\n<\/div>\n<\/div>\n\n\n\n<div class=\"wp-block-columns is-layout-flex wp-container-core-columns-is-layout-9d6595d7 wp-block-columns-is-layout-flex\">\n<div class=\"wp-block-column is-layout-flow wp-block-column-is-layout-flow\">\n<div class=\"wp-block-one-img gallery-wrap width-770\">\n\t<a href=\"https:\/\/www.solaal.org\/hauts-de-france\/wp-content\/uploads\/sites\/18\/2022\/09\/Image1.jpg\" data-rel=\"lightcase:myCollection\">\n\t\t<img decoding=\"async\" src=\"https:\/\/www.solaal.org\/hauts-de-france\/wp-content\/uploads\/sites\/18\/2022\/09\/Image1.jpg\" alt=\"\" \/>\n\t<\/a>\n\t\t<figcaption>27\/09 : Lancement du calendrier 2023 des JA Somme : 1\u20ac sera revers\u00e9 \u00e0 l\u2019association<\/figcaption>\n\t<\/div>\n\n<\/div>\n\n\n\n<div class=\"wp-block-column is-layout-flow wp-block-column-is-layout-flow\">\n<div class=\"wp-block-one-img gallery-wrap width-770\">\n\t<a href=\"https:\/\/www.solaal.org\/hauts-de-france\/wp-content\/uploads\/sites\/18\/2022\/09\/22_09_27-Glanage-E.-Lebel-62-par-lycee-St-Joseph-Solidarite-Cote-Picarde-12.jpg\" data-rel=\"lightcase:myCollection\">\n\t\t<img decoding=\"async\" src=\"https:\/\/www.solaal.org\/hauts-de-france\/wp-content\/uploads\/sites\/18\/2022\/09\/22_09_27-Glanage-E.-Lebel-62-par-lycee-St-Joseph-Solidarite-Cote-Picarde-12.jpg\" alt=\"\" \/>\n\t<\/a>\n\t\t<figcaption>27\/09 &#8211; Glanage de 50 kg de pommes de terre chez Emilie LEBEL (62) par le Lyc\u00e9e St Joseph de Bucquoy<\/figcaption>\n\t<\/div>\n\n<\/div>\n\n\n\n<div class=\"wp-block-column is-layout-flow wp-block-column-is-layout-flow\">\n<div class=\"wp-block-one-img gallery-wrap width-770\">\n\t<a href=\"https:\/\/www.solaal.org\/hauts-de-france\/wp-content\/uploads\/sites\/18\/2022\/09\/22_09_26-Glanage-D.-Sebbe-02-Relais-alimentaire-petit-poucet-3.jpg\" data-rel=\"lightcase:myCollection\">\n\t\t<img decoding=\"async\" src=\"https:\/\/www.solaal.org\/hauts-de-france\/wp-content\/uploads\/sites\/18\/2022\/09\/22_09_26-Glanage-D.-Sebbe-02-Relais-alimentaire-petit-poucet-3.jpg\" alt=\"\" \/>\n\t<\/a>\n\t\t<figcaption>26\/09 &#8211; Glanage de 625 kg de pommes de terre chez Damien SEBBE (02) par l&rsquo;association le relais alimentaire<\/figcaption>\n\t<\/div>\n\n<\/div>\n<\/div>\n\n\n\n<div class=\"wp-block-columns are-vertically-aligned-center is-layout-flex wp-container-core-columns-is-layout-9d6595d7 wp-block-columns-is-layout-flex\">\n<div class=\"wp-block-column is-vertically-aligned-center is-layout-flow wp-block-column-is-layout-flow\">\n<div class=\"wp-block-one-img gallery-wrap width-770\">\n\t<a href=\"https:\/\/www.solaal.org\/hauts-de-france\/wp-content\/uploads\/sites\/18\/2022\/09\/22_09_24-Fetes-des-Producteurs-Pierrefonds-60-Pays-de-Sources-et-Vallees-Pays-Compiegnois-4.jpg\" data-rel=\"lightcase:myCollection\">\n\t\t<img decoding=\"async\" src=\"https:\/\/www.solaal.org\/hauts-de-france\/wp-content\/uploads\/sites\/18\/2022\/09\/22_09_24-Fetes-des-Producteurs-Pierrefonds-60-Pays-de-Sources-et-Vallees-Pays-Compiegnois-4.jpg\" alt=\"\" \/>\n\t<\/a>\n\t\t<figcaption>24\/09 &#8211; March\u00e9 des producteurs du Pays Sources et Vall\u00e9es \u00e0 Pierrefonds (60)<\/figcaption>\n\t<\/div>\n\n<\/div>\n\n\n\n<div class=\"wp-block-column is-vertically-aligned-center is-layout-flow wp-block-column-is-layout-flow\">\n<div class=\"wp-block-one-img gallery-wrap width-770\">\n\t<a href=\"https:\/\/www.solaal.org\/hauts-de-france\/wp-content\/uploads\/sites\/18\/2022\/09\/22_09_23-Glanage-Pole-Legumes-Region-Nord-62-ANDES-Ma-Ptite-Epice-Rit-6-bis.jpg\" data-rel=\"lightcase:myCollection\">\n\t\t<img decoding=\"async\" src=\"https:\/\/www.solaal.org\/hauts-de-france\/wp-content\/uploads\/sites\/18\/2022\/09\/22_09_23-Glanage-Pole-Legumes-Region-Nord-62-ANDES-Ma-Ptite-Epice-Rit-6-bis.jpg\" alt=\"\" \/>\n\t<\/a>\n\t\t<figcaption>23\/09 &#8211; Glanage de 400 kg d&rsquo;oignons au P\u00f4le L\u00e9gumes (62) par l&rsquo;\u00e9picerie solidaire \u00ab\u00a0MA P&rsquo;TITE EPICE RIT\u00a0\u00bb<\/figcaption>\n\t<\/div>\n\n<\/div>\n\n\n\n<div class=\"wp-block-column is-vertically-aligned-center is-layout-flow wp-block-column-is-layout-flow\">\n<div class=\"wp-block-one-img gallery-wrap width-770\">\n\t<a href=\"https:\/\/www.solaal.org\/hauts-de-france\/wp-content\/uploads\/sites\/18\/2022\/09\/22_09_23-Glanage-T.-Jamez-02-par-MFR-Beauregard-Sec-Catholique-et-CCAS-Gauchy-13.jpg\" data-rel=\"lightcase:myCollection\">\n\t\t<img decoding=\"async\" src=\"https:\/\/www.solaal.org\/hauts-de-france\/wp-content\/uploads\/sites\/18\/2022\/09\/22_09_23-Glanage-T.-Jamez-02-par-MFR-Beauregard-Sec-Catholique-et-CCAS-Gauchy-13.jpg\" alt=\"\" \/>\n\t<\/a>\n\t\t<figcaption>23\/09 &#8211; Glanage de 850 kg de pommes de terre chez T. Jamez (02) par la MFR de Beauregard<\/figcaption>\n\t<\/div>\n\n<\/div>\n<\/div>\n\n\n\n<div class=\"wp-block-columns are-vertically-aligned-center is-layout-flex wp-container-core-columns-is-layout-9d6595d7 wp-block-columns-is-layout-flex\">\n<div class=\"wp-block-column is-vertically-aligned-center is-layout-flow wp-block-column-is-layout-flow\">\n<div class=\"wp-block-one-img gallery-wrap width-770\">\n\t<a href=\"https:\/\/www.solaal.org\/hauts-de-france\/wp-content\/uploads\/sites\/18\/2022\/09\/22_09_21-Glanage-P.Boutin-par-LEAP-Savy-Berlette-UTHOPIA-8.jpg\" data-rel=\"lightcase:myCollection\">\n\t\t<img decoding=\"async\" src=\"https:\/\/www.solaal.org\/hauts-de-france\/wp-content\/uploads\/sites\/18\/2022\/09\/22_09_21-Glanage-P.Boutin-par-LEAP-Savy-Berlette-UTHOPIA-8.jpg\" alt=\"\" \/>\n\t<\/a>\n\t\t<figcaption>21\/09 &#8211; Glanage de 580 kg de pommes de terre chez Pierre Boutin (62) par le LEAP Savy-Berlette<\/figcaption>\n\t<\/div>\n\n<\/div>\n\n\n\n<div class=\"wp-block-column is-vertically-aligned-center is-layout-flow wp-block-column-is-layout-flow\">\n<div class=\"wp-block-one-img gallery-wrap width-770\">\n\t<a href=\"https:\/\/www.solaal.org\/hauts-de-france\/wp-content\/uploads\/sites\/18\/2022\/09\/22_09_15-Glanage-Emmanuel-Dalle-ANDES-62-Uthopia-8.jpg\" data-rel=\"lightcase:myCollection\">\n\t\t<img decoding=\"async\" src=\"https:\/\/www.solaal.org\/hauts-de-france\/wp-content\/uploads\/sites\/18\/2022\/09\/22_09_15-Glanage-Emmanuel-Dalle-ANDES-62-Uthopia-8.jpg\" alt=\"\" \/>\n\t<\/a>\n\t\t<figcaption>15\/09 &#8211; Glanage de 150 kg de poires chez Emmanuel Dalle \u00e0 Saulty (62) par l&rsquo;\u00e9picerie solidaire UTHOPIA<\/figcaption>\n\t<\/div>\n\n<\/div>\n\n\n\n<div class=\"wp-block-column is-vertically-aligned-center is-layout-flow wp-block-column-is-layout-flow\">\n<div class=\"wp-block-one-img gallery-wrap width-770\">\n\t<a href=\"https:\/\/www.solaal.org\/hauts-de-france\/wp-content\/uploads\/sites\/18\/2022\/09\/22_09_15-Glanage-a-Demuin-G.-Cazey-Cent80-6.jpg\" data-rel=\"lightcase:myCollection\">\n\t\t<img decoding=\"async\" src=\"https:\/\/www.solaal.org\/hauts-de-france\/wp-content\/uploads\/sites\/18\/2022\/09\/22_09_15-Glanage-a-Demuin-G.-Cazey-Cent80-6.jpg\" alt=\"\" \/>\n\t<\/a>\n\t\t<figcaption>15\/09 &#8211; Glanage de 150 kg d&rsquo;oignons \u00e0 Demuin (80) par l&rsquo;association CENT80<\/figcaption>\n\t<\/div>\n\n<\/div>\n<\/div>\n\n\n\n<div class=\"wp-block-columns are-vertically-aligned-center is-layout-flex wp-container-core-columns-is-layout-9d6595d7 wp-block-columns-is-layout-flex\">\n<div class=\"wp-block-column is-vertically-aligned-center is-layout-flow wp-block-column-is-layout-flow\">\n<div class=\"wp-block-one-img gallery-wrap width-770\">\n\t<a href=\"https:\/\/www.solaal.org\/hauts-de-france\/wp-content\/uploads\/sites\/18\/2022\/09\/22_09_13-JA-60.jpg\" data-rel=\"lightcase:myCollection\">\n\t\t<img decoding=\"async\" src=\"https:\/\/www.solaal.org\/hauts-de-france\/wp-content\/uploads\/sites\/18\/2022\/09\/22_09_13-JA-60.jpg\" alt=\"\" \/>\n\t<\/a>\n\t\t<figcaption>13\/09 : Une tonne de brique de lait donn\u00e9 par les JA de l&rsquo;Oise<\/figcaption>\n\t<\/div>\n\n<\/div>\n\n\n\n<div class=\"wp-block-column is-vertically-aligned-center is-layout-flow wp-block-column-is-layout-flow\">\n<div class=\"wp-block-one-img gallery-wrap width-770\">\n\t<a href=\"https:\/\/www.solaal.org\/hauts-de-france\/wp-content\/uploads\/sites\/18\/2022\/09\/22_09_11-Foire-de-Songeons-60-1.jpg\" data-rel=\"lightcase:myCollection\">\n\t\t<img decoding=\"async\" src=\"https:\/\/www.solaal.org\/hauts-de-france\/wp-content\/uploads\/sites\/18\/2022\/09\/22_09_11-Foire-de-Songeons-60-1.jpg\" alt=\"\" \/>\n\t<\/a>\n\t\t<figcaption>11\/09 &#8211; Foire de Songeons (60)<\/figcaption>\n\t<\/div>\n\n<\/div>\n\n\n\n<div class=\"wp-block-column is-vertically-aligned-center is-layout-flow wp-block-column-is-layout-flow\">\n<div class=\"wp-block-one-img gallery-wrap width-770\">\n\t<a href=\"https:\/\/www.solaal.org\/hauts-de-france\/wp-content\/uploads\/sites\/18\/2022\/09\/22_09_08-Glanage-oignons-Martine-Hermant-80-1.jpg\" data-rel=\"lightcase:myCollection\">\n\t\t<img decoding=\"async\" src=\"https:\/\/www.solaal.org\/hauts-de-france\/wp-content\/uploads\/sites\/18\/2022\/09\/22_09_08-Glanage-oignons-Martine-Hermant-80-1.jpg\" alt=\"\" \/>\n\t<\/a>\n\t\t<figcaption>08\/09 &#8211; Glanage de 231 kg d&rsquo;oignons  chez Martine HERMANT (80) par l&rsquo;entreprise Ynsect<\/figcaption>\n\t<\/div>\n\n<\/div>\n<\/div>\n\n\n\n<div class=\"wp-block-columns are-vertically-aligned-center is-layout-flex wp-container-core-columns-is-layout-9d6595d7 wp-block-columns-is-layout-flex\">\n<div class=\"wp-block-column is-vertically-aligned-center is-layout-flow wp-block-column-is-layout-flow\">\n<div class=\"wp-block-one-img gallery-wrap width-770\">\n\t<a href=\"https:\/\/www.solaal.org\/hauts-de-france\/wp-content\/uploads\/sites\/18\/2022\/09\/22_09_06-SAS-Chemin-du-Gouy-62-EPISOL-59-1.jpg\" data-rel=\"lightcase:myCollection\">\n\t\t<img decoding=\"async\" src=\"https:\/\/www.solaal.org\/hauts-de-france\/wp-content\/uploads\/sites\/18\/2022\/09\/22_09_06-SAS-Chemin-du-Gouy-62-EPISOL-59-1.jpg\" alt=\"\" \/>\n\t<\/a>\n\t\t<figcaption>06\/09 &#8211; Glanage de 416 kg de potimarrons chez Emilie LEBEL (62) par l&rsquo;\u00e9picerie solidaire EPISOL 59<\/figcaption>\n\t<\/div>\n\n<\/div>\n\n\n\n<div class=\"wp-block-column is-vertically-aligned-center is-layout-flow wp-block-column-is-layout-flow\">\n<div class=\"wp-block-one-img gallery-wrap width-770\">\n\t<a href=\"https:\/\/www.solaal.org\/hauts-de-france\/wp-content\/uploads\/sites\/18\/2022\/09\/22_09_06-Antoine-Helleboid-62-AD62-St-Omer-MFR-Campagne-les-Boulonnais-2-bis.png\" data-rel=\"lightcase:myCollection\">\n\t\t<img decoding=\"async\" src=\"https:\/\/www.solaal.org\/hauts-de-france\/wp-content\/uploads\/sites\/18\/2022\/09\/22_09_06-Antoine-Helleboid-62-AD62-St-Omer-MFR-Campagne-les-Boulonnais-2-bis.png\" alt=\"\" \/>\n\t<\/a>\n\t\t<figcaption>06\/09 &#8211; Glanage de 2,2 T de courgettes chez Antoine Helleboid (62) par la MFR Campagne les Boulonnais<\/figcaption>\n\t<\/div>\n\n<\/div>\n\n\n\n<div class=\"wp-block-column is-vertically-aligned-center is-layout-flow wp-block-column-is-layout-flow\">\n<div class=\"wp-block-one-img gallery-wrap width-770\">\n\t<a href=\"https:\/\/www.solaal.org\/hauts-de-france\/wp-content\/uploads\/sites\/18\/2022\/09\/22_09_05-SAS-Chemin-du-Gouy-62-Solidarite-Cote-Picarde-2.jpg\" data-rel=\"lightcase:myCollection\">\n\t\t<img decoding=\"async\" src=\"https:\/\/www.solaal.org\/hauts-de-france\/wp-content\/uploads\/sites\/18\/2022\/09\/22_09_05-SAS-Chemin-du-Gouy-62-Solidarite-Cote-Picarde-2.jpg\" alt=\"\" \/>\n\t<\/a>\n\t\t<figcaption>05\/09 &#8211; Glanage de 450 kg de potimarrons chez Emilie LEBEL (62) par Solidarit\u00e9 C\u00f4te Picarde<\/figcaption>\n\t<\/div>\n\n<\/div>\n<\/div>\n\n\n\n<div class=\"wp-block-columns is-layout-flex wp-container-core-columns-is-layout-9d6595d7 wp-block-columns-is-layout-flex\">\n<div class=\"wp-block-column is-vertically-aligned-center is-layout-flow wp-block-column-is-layout-flow\" style=\"flex-basis:100%\">\n<div class=\"wp-block-columns is-layout-flex wp-container-core-columns-is-layout-9d6595d7 wp-block-columns-is-layout-flex\">\n<div class=\"wp-block-column is-layout-flow wp-block-column-is-layout-flow\">\n<div class=\"wp-block-one-img gallery-wrap width-770\">\n\t<a href=\"https:\/\/www.solaal.org\/hauts-de-france\/wp-content\/uploads\/sites\/18\/2022\/09\/22_09_02-Jean-Christophe-a-la-Foire-de-Chalons-8.jpeg\" data-rel=\"lightcase:myCollection\">\n\t\t<img decoding=\"async\" src=\"https:\/\/www.solaal.org\/hauts-de-france\/wp-content\/uploads\/sites\/18\/2022\/09\/22_09_02-Jean-Christophe-a-la-Foire-de-Chalons-8.jpeg\" alt=\"\" \/>\n\t<\/a>\n\t\t<figcaption>02\/09 : Intervention de Jean-Christophe Rufin \u00e0 la Foire de Ch\u00e2lons (51) pour l\u2019anniversaire de SOLAAL Grand Est<\/figcaption>\n\t<\/div>\n\n<\/div>\n\n\n\n<div class=\"wp-block-column is-layout-flow wp-block-column-is-layout-flow\">\n<div class=\"wp-block-one-img gallery-wrap width-770\">\n\t<a href=\"https:\/\/www.solaal.org\/hauts-de-france\/wp-content\/uploads\/sites\/18\/2022\/08\/20220828_112624.jpg\" data-rel=\"lightcase:myCollection\">\n\t\t<img decoding=\"async\" src=\"https:\/\/www.solaal.org\/hauts-de-france\/wp-content\/uploads\/sites\/18\/2022\/08\/20220828_112624.jpg\" alt=\"\" \/>\n\t<\/a>\n\t\t<figcaption>28\/08 &#8211; Plaine en F\u00eate (80)<\/figcaption>\n\t<\/div>\n\n<\/div>\n\n\n\n<div class=\"wp-block-column is-layout-flow wp-block-column-is-layout-flow\">\n<div class=\"wp-block-one-img gallery-wrap width-770\">\n\t<a href=\"https:\/\/www.solaal.org\/hauts-de-france\/wp-content\/uploads\/sites\/18\/2022\/08\/22_08_25-FDSEA59-Tabgha-3-e1661936562336.jpg\" data-rel=\"lightcase:myCollection\">\n\t\t<img decoding=\"async\" src=\"https:\/\/www.solaal.org\/hauts-de-france\/wp-content\/uploads\/sites\/18\/2022\/08\/22_08_25-FDSEA59-Tabgha-3-e1661936562336.jpg\" alt=\"\" \/>\n\t<\/a>\n\t\t<figcaption>25\/08 &#8211; Don de 900 kg de pommes de terre par les adh\u00e9rents de la FDSEA 59<\/figcaption>\n\t<\/div>\n\n<\/div>\n<\/div>\n<\/div>\n<\/div>\n","protected":false},"excerpt":{"rendered":"","protected":false},"author":11,"featured_media":0,"parent":543,"menu_order":0,"comment_status":"closed","ping_status":"closed","template":"","meta":{"_acf_changed":false,"inline_featured_image":false,"footnotes":""},"class_list":["post-1085","page","type-page","status-publish","hentry"],"acf":[],"_links":{"self":[{"href":"https:\/\/www.solaal.org\/hauts-de-france\/wp-json\/wp\/v2\/pages\/1085","targetHints":{"allow":["GET"]}}],"collection":[{"href":"https:\/\/www.solaal.org\/hauts-de-france\/wp-json\/wp\/v2\/pages"}],"about":[{"href":"https:\/\/www.solaal.org\/hauts-de-france\/wp-json\/wp\/v2\/types\/page"}],"author":[{"embeddable":true,"href":"https:\/\/www.solaal.org\/hauts-de-france\/wp-json\/wp\/v2\/users\/11"}],"replies":[{"embeddable":true,"href":"https:\/\/www.solaal.org\/hauts-de-france\/wp-json\/wp\/v2\/comments?post=1085"}],"version-history":[{"count":185,"href":"https:\/\/www.solaal.org\/hauts-de-france\/wp-json\/wp\/v2\/pages\/1085\/revisions"}],"predecessor-version":[{"id":3600,"href":"https:\/\/www.solaal.org\/hauts-de-france\/wp-json\/wp\/v2\/pages\/1085\/revisions\/3600"}],"up":[{"embeddable":true,"href":"https:\/\/www.solaal.org\/hauts-de-france\/wp-json\/wp\/v2\/pages\/543"}],"wp:attachment":[{"href":"https:\/\/www.solaal.org\/hauts-de-france\/wp-json\/wp\/v2\/media?parent=1085"}],"curies":[{"name":"wp","href":"https:\/\/api.w.org\/{rel}","templated":true}]}}