{"id":1075,"date":"2022-08-08T11:49:57","date_gmt":"2022-08-08T09:49:57","guid":{"rendered":"https:\/\/www.solaal.org\/hauts-de-france\/?page_id=1075"},"modified":"2025-10-24T16:48:37","modified_gmt":"2025-10-24T14:48:37","slug":"le-don-de-a-a-z","status":"publish","type":"page","link":"https:\/\/www.solaal.org\/hauts-de-france\/vous-souhaitez-faire-un-don\/le-don-de-a-a-z\/","title":{"rendered":"Le don de A \u00e0 Z"},"content":{"rendered":"\n<p style=\"font-size:18px\">SOLAAL Hauts-de-France facilite et organise la logistique du don agricole : du lieu de retrait jusqu&rsquo;\u00e0 l\u2019association d&rsquo;aide alimentaire b\u00e9n\u00e9ficiaire.<br>SOLAAL Hauts-de-France assure \u00e9galement un service apr\u00e8s-don : retour de conditionnement consign\u00e9 ou pr\u00eat\u00e9 et aide dans votre d\u00e9claration fiscale, pour b\u00e9n\u00e9ficier de la r\u00e9duction d\u2019imp\u00f4t<\/p>\n\n\n\n<section class=\"wp-block-title-c\">\n\t<h2>Les diff\u00e9rents types de dons<\/h2>\n<\/section>\n\n\n<figure class=\"wp-block-image size-large\"><img decoding=\"async\" width=\"1024\" height=\"570\" src=\"https:\/\/www.solaal.org\/hauts-de-france\/wp-content\/uploads\/sites\/18\/2025\/08\/Image1-1024x570.png\" alt=\"\" class=\"wp-image-4430\" srcset=\"https:\/\/www.solaal.org\/hauts-de-france\/wp-content\/uploads\/sites\/18\/2025\/08\/Image1-1024x570.png 1024w, https:\/\/www.solaal.org\/hauts-de-france\/wp-content\/uploads\/sites\/18\/2025\/08\/Image1-300x167.png 300w, https:\/\/www.solaal.org\/hauts-de-france\/wp-content\/uploads\/sites\/18\/2025\/08\/Image1-768x427.png 768w, https:\/\/www.solaal.org\/hauts-de-france\/wp-content\/uploads\/sites\/18\/2025\/08\/Image1-1536x854.png 1536w, https:\/\/www.solaal.org\/hauts-de-france\/wp-content\/uploads\/sites\/18\/2025\/08\/Image1.png 1600w\" sizes=\"(max-width: 1024px) 100vw, 1024px\" \/><\/figure>\n\n\n\n<section class=\"wp-block-title-c\">\n\t<h2>Quels produits donner ?<\/h2>\n<\/section>\n\n\n<div class=\"wp-block-cover is-light\" style=\"min-height:325px;aspect-ratio:unset;\"><img decoding=\"async\" width=\"1475\" height=\"1200\" class=\"wp-block-cover__image-background wp-image-2092\" alt=\"\" src=\"https:\/\/www.solaal.org\/hauts-de-france\/wp-content\/uploads\/sites\/18\/2022\/08\/IMG_1354bis.jpg\" style=\"object-position:68% 60%\" data-object-fit=\"cover\" data-object-position=\"68% 60%\" srcset=\"https:\/\/www.solaal.org\/hauts-de-france\/wp-content\/uploads\/sites\/18\/2022\/08\/IMG_1354bis.jpg 1475w, https:\/\/www.solaal.org\/hauts-de-france\/wp-content\/uploads\/sites\/18\/2022\/08\/IMG_1354bis-300x244.jpg 300w, https:\/\/www.solaal.org\/hauts-de-france\/wp-content\/uploads\/sites\/18\/2022\/08\/IMG_1354bis-1024x833.jpg 1024w, https:\/\/www.solaal.org\/hauts-de-france\/wp-content\/uploads\/sites\/18\/2022\/08\/IMG_1354bis-768x625.jpg 768w\" sizes=\"(max-width: 1475px) 100vw, 1475px\" \/><span aria-hidden=\"true\" class=\"wp-block-cover__background has-background-dim\"><\/span><div class=\"wp-block-cover__inner-container is-layout-flow wp-block-cover-is-layout-flow\">\n<p class=\"has-text-align-center has-white-color has-text-color has-large-font-size\"><strong>Tout produit sain, loyal et consommable<\/strong><\/p>\n<\/div><\/div>\n\n\n\n<p><\/p>\n\n\n\n<h4 class=\"wp-block-heading\">Fiches par produits<\/h4>\n\n\n\n<p style=\"font-size:18px\">Vous \u00eates dans <strong>la fili\u00e8re&nbsp;des fruits et l\u00e9gumes<\/strong> : vous pouvez donner les produits hors calibres et\/ou invendus, les refus d\u2019agr\u00e9age, les produits transform\u00e9s avec une DDM courte, des produits avec un probl\u00e8me d\u2019\u00e9tiquetage.<\/p>\n\n\n\n<p style=\"font-size:18px\">Vous \u00eates dans la fili\u00e8re&nbsp;<strong>polyculture \u00e9levage&nbsp;<\/strong>et\/ou vous&nbsp;<strong>vendez \u00e0 la ferme<\/strong> : vous pouvez donner dans les deux cas.<\/p>\n\n\n\n<p style=\"font-size:18px\">Retrouvez ci-dessous les fiches pratiques par type de produits.<\/p>\n\n\n\n<section class=\"fiches-par-produits  \">\n\t\t<div class=\"fiches-par-produits-box inner wowo fadeInUp\">\n\t\t\n\t\t\t<div class=\"content\">\n\t\t\t\t\t\t\t\t<a href=\"https:\/\/www.solaal.org\/hauts-de-france\/wp-content\/uploads\/sites\/18\/2025\/10\/Fiche_FruitsLegumes.pdf\" class=\"block\" download>\n\t\t\t\t\t<div class=\"img\">\n\t\t\t\t\t\t<img decoding=\"async\" src=\"https:\/\/www.solaal.org\/hauts-de-france\/wp-content\/uploads\/sites\/18\/2025\/10\/24_09_19-Glanage-solidaire-Vergers-de-Saulty-62-ADM-Uthopia-35-1.jpg\" alt=\"\" \/>\n\t\t\t\t\t<\/div>\n\t\t\t\t\t<div class=\"text\">\n\t\t\t\t\t\t<p>\n\t\t\t\t\t\t\t\t\t\t\t\t\t\t<span>Fruits et l\u00e9gumes<\/span>\n\t\t\t\t\t\t\t\t\t\t\t\t\t<\/p>\n\t\t\t\t\t\t<span class=\"btn\"><i><\/i>Fiche_FruitsLegumes<\/span>\n\t\t\t\t\t<\/div>\n\t\t\t\t<\/a>\n\t\t\t\t\t\t\t\t\t\t\t\t<a href=\"https:\/\/www.solaal.org\/hauts-de-france\/wp-content\/uploads\/sites\/18\/2025\/10\/Fiche_FruitsProduitsTransformes.pdf\" class=\"block\" download>\n\t\t\t\t\t<div class=\"img\">\n\t\t\t\t\t\t<img decoding=\"async\" src=\"https:\/\/www.solaal.org\/hauts-de-france\/wp-content\/uploads\/sites\/18\/2025\/10\/25_01_16-Croc-la-Vie-62-Conditionnement-2-1.jpg\" alt=\"\" \/>\n\t\t\t\t\t<\/div>\n\t\t\t\t\t<div class=\"text\">\n\t\t\t\t\t\t<p>\n\t\t\t\t\t\t\t\t\t\t\t\t\t\t<span>Fruits et l\u00e9gumes transform\u00e9s<\/span>\n\t\t\t\t\t\t\t\t\t\t\t\t\t<\/p>\n\t\t\t\t\t\t<span class=\"btn\"><i><\/i>Fiche_FruitsProduitsTransformes<\/span>\n\t\t\t\t\t<\/div>\n\t\t\t\t<\/a>\n\t\t\t\t\t\t\t\t\t\t\t\t<a href=\"https:\/\/www.solaal.org\/hauts-de-france\/wp-content\/uploads\/sites\/18\/2025\/10\/Fiche_ProduitsLaitiers.pdf\" class=\"block\" download>\n\t\t\t\t\t<div class=\"img\">\n\t\t\t\t\t\t<img decoding=\"async\" src=\"https:\/\/www.solaal.org\/hauts-de-france\/wp-content\/uploads\/sites\/18\/2025\/10\/25_Photos-de-brique-de-lait-CVL.jpg\" alt=\"\" \/>\n\t\t\t\t\t<\/div>\n\t\t\t\t\t<div class=\"text\">\n\t\t\t\t\t\t<p>\n\t\t\t\t\t\t\t\t\t\t\t\t\t\t<span>Produits laitiers<\/span>\n\t\t\t\t\t\t\t\t\t\t\t\t\t<\/p>\n\t\t\t\t\t\t<span class=\"btn\"><i><\/i>Fiche_ProduitsLaitiers<\/span>\n\t\t\t\t\t<\/div>\n\t\t\t\t<\/a>\n\t\t\t\t\t\t\t\t\t\t\t\t<a href=\"https:\/\/www.solaal.org\/hauts-de-france\/wp-content\/uploads\/sites\/18\/2025\/10\/Fiche_Oeufs.pdf\" class=\"block\" download>\n\t\t\t\t\t<div class=\"img\">\n\t\t\t\t\t\t<img decoding=\"async\" src=\"https:\/\/www.solaal.org\/hauts-de-france\/wp-content\/uploads\/sites\/18\/2025\/10\/Image-oeufs.png\" alt=\"\" \/>\n\t\t\t\t\t<\/div>\n\t\t\t\t\t<div class=\"text\">\n\t\t\t\t\t\t<p>\n\t\t\t\t\t\t\t\t\t\t\t\t\t\t<span>\u0152ufs<\/span>\n\t\t\t\t\t\t\t\t\t\t\t\t\t<\/p>\n\t\t\t\t\t\t<span class=\"btn\"><i><\/i>Fiche_Oeufs<\/span>\n\t\t\t\t\t<\/div>\n\t\t\t\t<\/a>\n\t\t\t\t\t\t\t\t\t\t\t\t<a href=\"https:\/\/www.solaal.org\/hauts-de-france\/wp-content\/uploads\/sites\/18\/2025\/10\/Fiche_Viandes.pdf\" class=\"block\" download>\n\t\t\t\t\t<div class=\"img\">\n\t\t\t\t\t\t<img decoding=\"async\" src=\"https:\/\/www.solaal.org\/hauts-de-france\/wp-content\/uploads\/sites\/18\/2025\/10\/Image-viande.png\" alt=\"\" \/>\n\t\t\t\t\t<\/div>\n\t\t\t\t\t<div class=\"text\">\n\t\t\t\t\t\t<p>\n\t\t\t\t\t\t\t\t\t\t\t\t\t\t<span>Viandes<\/span>\n\t\t\t\t\t\t\t\t\t\t\t\t\t<\/p>\n\t\t\t\t\t\t<span class=\"btn\"><i><\/i>Fiche_Viandes<\/span>\n\t\t\t\t\t<\/div>\n\t\t\t\t<\/a>\n\t\t\t\t\t\t\t\t\t\t\t\t<a href=\"https:\/\/www.solaal.org\/hauts-de-france\/wp-content\/uploads\/sites\/18\/2025\/10\/Fiche_Produit_transformes_alaFerme.pdf\" class=\"block\" download>\n\t\t\t\t\t<div class=\"img\">\n\t\t\t\t\t\t<img decoding=\"async\" src=\"https:\/\/www.solaal.org\/hauts-de-france\/wp-content\/uploads\/sites\/18\/2025\/10\/25_10_24-Jus-de-poires-Vergers-de-Saulty-1.jpg\" alt=\"\" \/>\n\t\t\t\t\t<\/div>\n\t\t\t\t\t<div class=\"text\">\n\t\t\t\t\t\t<p>\n\t\t\t\t\t\t\t\t\t\t\t\t\t\t<span>Produits transform\u00e9s \u00e0 la ferme<\/span>\n\t\t\t\t\t\t\t\t\t\t\t\t\t<\/p>\n\t\t\t\t\t\t<span class=\"btn\"><i><\/i>Fiche_Produit_transform\u00e9s_alaFerme<\/span>\n\t\t\t\t\t<\/div>\n\t\t\t\t<\/a>\n\t\t\t\t\t\t\t\t\t\t\t\t<a href=\"https:\/\/www.solaal.org\/hauts-de-france\/wp-content\/uploads\/sites\/18\/2025\/10\/Fiche_GrandesCultures.pdf\" class=\"block\" download>\n\t\t\t\t\t<div class=\"img\">\n\t\t\t\t\t\t<img decoding=\"async\" src=\"https:\/\/www.solaal.org\/hauts-de-france\/wp-content\/uploads\/sites\/18\/2025\/10\/Photo-colza-1.jpg\" alt=\"\" \/>\n\t\t\t\t\t<\/div>\n\t\t\t\t\t<div class=\"text\">\n\t\t\t\t\t\t<p>\n\t\t\t\t\t\t\t\t\t\t\t\t\t\t<span>Grandes cultures<\/span>\n\t\t\t\t\t\t\t\t\t\t\t\t\t<\/p>\n\t\t\t\t\t\t<span class=\"btn\"><i><\/i>Fiche_GrandesCultures<\/span>\n\t\t\t\t\t<\/div>\n\t\t\t\t<\/a>\n\t\t\t\t\t\t\t\t\t\t\t<\/div>\n\t\t<\/div>\n\t<\/section>\n\n\n<h4 class=\"wp-block-heading\">Je donne, \u00e0 quoi je dois faire attention ?<\/h4>\n\n\n\n<p style=\"font-size:18px\">M\u00eame si la plupart des produits frais peuvent \u00eatre donn\u00e9s sans probl\u00e8me, il y a des conditions r\u00e9glementaires \u00e0 respecter pour certains.<\/p>\n\n\n\n<section class=\"fiches-par-produits  list-two\">\n\t\t<div class=\"fiches-par-produits-box inner wowo fadeInUp\">\n\t\t\n\t\t\t<div class=\"content\">\n\t\t\t\t\t\t\t\t<a href=\"https:\/\/www.solaal.org\/hauts-de-france\/wp-content\/uploads\/sites\/18\/2025\/10\/Fiche_QuelsProduitsDonner.pdf\" class=\"block\" download>\n\t\t\t\t\t<div class=\"img\">\n\t\t\t\t\t\t<img decoding=\"async\" src=\"https:\/\/www.solaal.org\/hauts-de-france\/wp-content\/uploads\/sites\/18\/2022\/02\/badge-svg-css.svg\" alt=\"\" \/>\n\t\t\t\t\t<\/div>\n\t\t\t\t\t<div class=\"text\">\n\t\t\t\t\t\t<p>\n\t\t\t\t\t\t\t\t\t\t\t\t\t\t<span>Je ne peux pas donner<\/span>\n\t\t\t\t\t\t\t\t\t\t\t\t\t<\/p>\n\t\t\t\t\t\t<span class=\"btn\"><i><\/i>Fiche_QuelsProduitsDonner<\/span>\n\t\t\t\t\t<\/div>\n\t\t\t\t<\/a>\n\t\t\t\t\t\t\t\t\t\t\t\t<a href=\"https:\/\/www.solaal.org\/hauts-de-france\/wp-content\/uploads\/sites\/18\/2025\/10\/Fiche_EtiquetageDatesPeremption.pdf\" class=\"block\" download>\n\t\t\t\t\t<div class=\"img\">\n\t\t\t\t\t\t<img decoding=\"async\" src=\"https:\/\/www.solaal.org\/hauts-de-france\/wp-content\/uploads\/sites\/18\/2022\/08\/22_05_19-Fruits-Rouges-Co-ANDES-60-ES-Ressons-768x1024-carre.jpg\" alt=\"\" \/>\n\t\t\t\t\t<\/div>\n\t\t\t\t\t<div class=\"text\">\n\t\t\t\t\t\t<p>\n\t\t\t\t\t\t\t\t\t\t\t\t\t\t<span>\u00c9tiquetage des produits<\/span>\n\t\t\t\t\t\t\t\t\t\t\t\t\t<\/p>\n\t\t\t\t\t\t<span class=\"btn\"><i><\/i>Fiche_EtiquetageDatesPeremption<\/span>\n\t\t\t\t\t<\/div>\n\t\t\t\t<\/a>\n\t\t\t\t\t\t\t\t\t\t\t<\/div>\n\t\t<\/div>\n\t<\/section>\n\n\n<section class=\"wp-block-title-c\">\n\t<h2>Le don, comment \u00e7a marche ?<\/h2>\n<\/section>\n\n\n<figure class=\"wp-block-image size-full\"><img decoding=\"async\" width=\"842\" height=\"595\" src=\"https:\/\/www.solaal.org\/hauts-de-france\/wp-content\/uploads\/sites\/18\/2022\/08\/INFO_CommentcaMarche.png\" alt=\"\" class=\"wp-image-2010\" srcset=\"https:\/\/www.solaal.org\/hauts-de-france\/wp-content\/uploads\/sites\/18\/2022\/08\/INFO_CommentcaMarche.png 842w, https:\/\/www.solaal.org\/hauts-de-france\/wp-content\/uploads\/sites\/18\/2022\/08\/INFO_CommentcaMarche-300x212.png 300w, https:\/\/www.solaal.org\/hauts-de-france\/wp-content\/uploads\/sites\/18\/2022\/08\/INFO_CommentcaMarche-768x543.png 768w\" sizes=\"(max-width: 842px) 100vw, 842px\" \/><\/figure>\n\n\n\n<div style=\"height:12px\" aria-hidden=\"true\" class=\"wp-block-spacer\"><\/div>\n\n\n\n<section class=\"wp-block-title-c\">\n\t<h2>L&rsquo;application web, qui facilite vos dons !<\/h2>\n<\/section>\n\n\n<p style=\"font-size:18px\">Lanc\u00e9e par SOLAAL en 2019, la webapplication&nbsp;permet aux donateurs des secteurs agricole et agroalimentaire de d\u00e9clarer directement leurs dons via leur smartphone ou ordinateur, quels que soient l\u2019heure ou le lieu.<br>Cette application permet de fluidifier la gestion des dons et de contribuer au recensement des dons&nbsp;agricoles&nbsp;en France. En cr\u00e9ant un compte, vous pouvez :<\/p>\n\n\n\n<div class=\"wp-block-columns is-layout-flex wp-container-core-columns-is-layout-9d6595d7 wp-block-columns-is-layout-flex\">\n<div class=\"wp-block-column is-layout-flow wp-block-column-is-layout-flow\">\n<ul style=\"font-size:18px\" class=\"wp-block-list\">\n<li>Proposer un don \u00e0 tout moment (il est possible de dupliquer vos anciens dons et de modifier si besoin les caract\u00e9ristiques des produits)<\/li>\n\n\n\n<li>Conna\u00eetre l&rsquo;impact de votre g\u00e9n\u00e9rosit\u00e9, calcul\u00e9e en \u00e9quivalent repas<\/li>\n\n\n\n<li>Retrouver un historique des dons pour calculer sa r\u00e9duction d\u2019imp\u00f4t<\/li>\n\n\n\n<li>Avoir \u00e0 disposition un r\u00e9capitulatif de chaque don<\/li>\n<\/ul>\n<\/div>\n\n\n\n<div class=\"wp-block-column is-layout-flow wp-block-column-is-layout-flow\">\n<figure class=\"wp-block-image size-full is-resized is-style-default\"><a href=\"https:\/\/dons.solaal.org\" target=\"_blank\" rel=\"noreferrer noopener\"><img decoding=\"async\" width=\"529\" height=\"353\" src=\"https:\/\/www.solaal.org\/hauts-de-france\/wp-content\/uploads\/sites\/18\/2022\/08\/image-appli.png\" alt=\"\" class=\"wp-image-2034\" style=\"width:397px;height:265px\" srcset=\"https:\/\/www.solaal.org\/hauts-de-france\/wp-content\/uploads\/sites\/18\/2022\/08\/image-appli.png 529w, https:\/\/www.solaal.org\/hauts-de-france\/wp-content\/uploads\/sites\/18\/2022\/08\/image-appli-300x200.png 300w\" sizes=\"(max-width: 529px) 100vw, 529px\" \/><\/a><\/figure>\n<\/div>\n<\/div>\n\n\n\n\t<div class=\"wp-block-button-two\">\n\t\t<a href=\"https:\/\/dons.solaal.org\" target=\"_blank\"><i><\/i>Cr\u00e9er votre compte !<\/a>\n\t<\/div>\n\n\n\t<section class=\"home-video style-two width-770\">\n\t\t<div class=\"home-video-box inner wowo fadeInUp\">\n\t\t\t<div class=\"video\">\n\t\t        <a href=\"#\" class=\"video-link embed\">\n\t\t          \t\t\t\t\t<div class=\"data-video\">\n\t\t\t\t\t\t<a href=\"https:\/\/youtu.be\/K4hc7HDPA7c\">https:\/\/youtu.be\/K4hc7HDPA7c<\/a>\t\t\t\t\t\t\t\n\t\t\t\t\t\t<\/div>\n\t\t\t\t\t\t\t\t          <div class=\"img\">\n\t\t\t            <img decoding=\"async\" src=\"https:\/\/www.solaal.org\/hauts-de-france\/wp-content\/uploads\/sites\/18\/2025\/08\/Capture-decran-2025-08-22-110922.png\" alt=\"\" class=\"img-bg \">\n\t\t\t          <\/div>\n\t\t\t          <div class=\"text-and-icon\">\n\t\t\t          \t<h2><\/h2>\n\t\t\t          \t<i class=\"icon-play\"><\/i>\n\t\t\t          <\/div>\n\t\t        <\/a>\n\t\t    <\/div>\n\t\t    <div class=\"text\">\n\t\t    \t\t    \t<\/div>\n\t\t<\/div>\t\n\t<\/section>\n\n\n<p style=\"font-size:18px\">En 2022, l\u2019application a \u00e9volu\u00e9 et s\u2019ouvre ainsi aux donateurs qui r\u00e9alisent des dons hors du r\u00e9seau SOLAAL. En effet, cette nouvelle fonctionnalit\u00e9 permet de d\u00e9clarer ses dons et les enregistrer, annuellement par exemple. L\u2019objectif est de recenser toute la g\u00e9n\u00e9rosit\u00e9 du monde agricole, y compris les dons hors SOLAAL, pour avoir une vision globale de la g\u00e9n\u00e9rosit\u00e9 des acteurs des milieux agricole et agroalimentaire en France.<br>Pour en savoir plus, lire l&rsquo;article : <a href=\"https:\/\/www.solaal.org\/hauts-de-france\/2022\/03\/10\/creation-de-lobservatoire-national-des-dons-agricoles\/\" target=\"_blank\" rel=\"noreferrer noopener\">\u00ab\u00a0Cr\u00e9ation de l\u2019observatoire national des dons agricoles\u00a0\u00bb<\/a><\/p>\n\n\n\n<p style=\"font-size:18px\"><strong>SOLAAL, c\u2019\u00e9tait&nbsp;<em>\u201csimple comme un coup de fil\u201d<\/em>, c\u2019est d\u00e9sormais simple comme un clic !<\/strong><\/p>\n\n\n\n<div style=\"height:4px\" aria-hidden=\"true\" class=\"wp-block-spacer\"><\/div>\n\n\n\n<section class=\"wp-block-title-c\">\n\t<h2>La r\u00e9duction d&rsquo;imp\u00f4t<\/h2>\n<\/section>\n\n\n<p style=\"font-size:18px\">Suite \u00e0 votre don, l\u2019association d&rsquo;aide alimentaire vous d\u00e9livre une attestation de don qui vous fait b\u00e9n\u00e9ficier d&rsquo;une r\u00e9duction d&rsquo;imp\u00f4t. Elle concerne \u00e9galement le <strong>conditionnement et le transport <\/strong>des produits donn\u00e9s. <\/p>\n\n\n\n<ul style=\"font-size:18px\" class=\"wp-block-list\">\n<li><strong>60% du co\u00fbt de revient dans la limite <strong>de 20 000 \u20ac<\/strong><\/strong> <strong>ou de 0,5 % du chiffre d&rsquo;affaires <\/strong><\/li>\n\n\n\n<li>Si le plafond est d\u00e9pass\u00e9 : diff\u00e9rentiel valable sur les 5 exercices suivants<\/li>\n\n\n\n<li>Si vous \u00eates non-imposable : valable les 5 exercices suivants<\/li>\n<\/ul>\n\n\n\n<p style=\"font-size:18px\"><strong>Nous pouvons vous fournir un mod\u00e8le d&rsquo;attestation de don. <\/strong><\/p>\n\n\n\n\t<section class=\"home-video style-two width-770\">\n\t\t<div class=\"home-video-box inner wowo fadeInUp\">\n\t\t\t<div class=\"video\">\n\t\t        <a href=\"#\" class=\"video-link embed\">\n\t\t          \t\t\t\t\t<div class=\"data-video\">\n\t\t\t\t\t\t<iframe loading=\"lazy\" title=\"Comment d\u00e9clarer vos dons ? - CERFRANCE PNS &amp; SOLAAL HdF\" width=\"640\" height=\"360\" src=\"https:\/\/www.youtube.com\/embed\/eaH7N_b36mI?feature=oembed\" frameborder=\"0\" allow=\"accelerometer; autoplay; clipboard-write; encrypted-media; gyroscope; picture-in-picture; web-share\" referrerpolicy=\"strict-origin-when-cross-origin\" allowfullscreen><\/iframe>\t\t\t\t\t\t\t\n\t\t\t\t\t\t<\/div>\n\t\t\t\t\t\t\t\t          <div class=\"img\">\n\t\t\t            <img decoding=\"async\" src=\"https:\/\/www.solaal.org\/hauts-de-france\/wp-content\/uploads\/sites\/18\/2025\/08\/Capture-decran-2025-08-22-113226.png\" alt=\"\" class=\"img-bg \">\n\t\t\t          <\/div>\n\t\t\t          <div class=\"text-and-icon\">\n\t\t\t          \t<h2>Comment d\u00e9clarer vos dons ? <\/h2>\n\t\t\t          \t<i class=\"icon-play\"><\/i>\n\t\t\t          <\/div>\n\t\t        <\/a>\n\t\t    <\/div>\n\t\t    <div class=\"text\">\n\t\t    \t<p>Courte vid\u00e9o pour vous expliquer comment d\u00e9clarer vos dons aux imp\u00f4ts<\/p>\n\t    \t<\/div>\n\t\t<\/div>\t\n\t<\/section>\n\n\n<p class=\"has-black-color has-text-color has-medium-font-size\"><strong>Des interrogations ? Jetez un \u0153il \u00e0 la <a href=\"https:\/\/www.solaal.org\/hauts-de-france\/vous-souhaitez-faire-un-don\/f-a-q-du-don-agricole\/\">FAQ<\/a><\/strong><\/p>\n\n\n\n\t<section class=\"home-alimentaire not-h2\">\n\t\t<div class=\"home-alimentaire-box inner fadeInUp\">\n\t\t\t<a class=\"content\" href=\"https:\/\/dons.solaal.org\/\" target=\"_blank\">\n\t\t\t\t<div class=\"img-p\">\n\t\t\t\t\t<img decoding=\"async\" src=\"https:\/\/www.solaal.org\/hauts-de-france\/wp-content\/uploads\/sites\/18\/2022\/02\/deco-poireaux.png\" alt=\"\" class=\"desktop\">\n\t\t\t\t\t<img decoding=\"async\" src=\"https:\/\/www.solaal.org\/hauts-de-france\/wp-content\/uploads\/sites\/18\/2022\/02\/deco-poireaux-petit.png\" alt=\"\" class=\"mobile\">\n\t\t\t\t<\/div>\n\t\t\t\t<div class=\"text\">\n\t\t\t\t\t<h2>Anti-gaspillage alimentaire<\/h2>\n\t\t\t\t\t<h3>Vous avez des produits \u00e0 donner ?<\/h3>\n\t\t\t\t<\/div>\n\t\t\t\t<div class=\"img\">\n\t\t\t\t\t<div class=\"badge-svg\">\n\t\t\t\t\t\t<img decoding=\"async\" src=\"https:\/\/www.solaal.org\/hauts-de-france\/wp-content\/uploads\/sites\/18\/2022\/02\/badge-svg-css.svg\" alt=\"\" \/>\n\t\t\t\t\t<\/div>\n\t\t\t\t<\/div>\n\t\t\t<\/a>\n\t\t\t<div class=\"links\">\n\t\t\t\t\t\t\t\t<a  class=\"btn btn-b btn-button\" href=\"https:\/\/dons.solaal.org\/\" target=\"_blank\"><i><\/i>Faire un don en ligne<\/a>\n\t\t\t\t\t\t\t\t<a  class=\"btn btn-b \" href=\"https:\/\/www.solaal.org\/hauts-de-france\/contact\/\" target=\"_self\"><i><\/i>Contactez-nous<\/a>\n\t\t\t\t\t\t\t<\/div>\n\t\t<\/div>\n\t<\/section>","protected":false},"excerpt":{"rendered":"<p>SOLAAL Hauts-de-France facilite et organise la logistique du don agricole : du lieu de retrait jusqu&rsquo;\u00e0 l\u2019association d&rsquo;aide alimentaire b\u00e9n\u00e9ficiaire.SOLAAL Hauts-de-France assure \u00e9galement un service apr\u00e8s-don : retour de conditionnement consign\u00e9 ou pr\u00eat\u00e9 et aide dans votre d\u00e9claration fiscale, pour b\u00e9n\u00e9ficier de la r\u00e9duction d\u2019imp\u00f4t Fiches par produits Vous \u00eates dans la fili\u00e8re&nbsp;des fruits et [&hellip;]<\/p>\n","protected":false},"author":11,"featured_media":0,"parent":547,"menu_order":0,"comment_status":"closed","ping_status":"closed","template":"","meta":{"_acf_changed":false,"inline_featured_image":false,"footnotes":""},"class_list":["post-1075","page","type-page","status-publish","hentry"],"acf":[],"_links":{"self":[{"href":"https:\/\/www.solaal.org\/hauts-de-france\/wp-json\/wp\/v2\/pages\/1075","targetHints":{"allow":["GET"]}}],"collection":[{"href":"https:\/\/www.solaal.org\/hauts-de-france\/wp-json\/wp\/v2\/pages"}],"about":[{"href":"https:\/\/www.solaal.org\/hauts-de-france\/wp-json\/wp\/v2\/types\/page"}],"author":[{"embeddable":true,"href":"https:\/\/www.solaal.org\/hauts-de-france\/wp-json\/wp\/v2\/users\/11"}],"replies":[{"embeddable":true,"href":"https:\/\/www.solaal.org\/hauts-de-france\/wp-json\/wp\/v2\/comments?post=1075"}],"version-history":[{"count":74,"href":"https:\/\/www.solaal.org\/hauts-de-france\/wp-json\/wp\/v2\/pages\/1075\/revisions"}],"predecessor-version":[{"id":4537,"href":"https:\/\/www.solaal.org\/hauts-de-france\/wp-json\/wp\/v2\/pages\/1075\/revisions\/4537"}],"up":[{"embeddable":true,"href":"https:\/\/www.solaal.org\/hauts-de-france\/wp-json\/wp\/v2\/pages\/547"}],"wp:attachment":[{"href":"https:\/\/www.solaal.org\/hauts-de-france\/wp-json\/wp\/v2\/media?parent=1075"}],"curies":[{"name":"wp","href":"https:\/\/api.w.org\/{rel}","templated":true}]}}