{"id":1057,"date":"2025-03-28T13:23:26","date_gmt":"2022-08-08T09:37:13","guid":{"rendered":"https:\/\/www.solaal.org\/bourgogne-franche-comte\/?page_id=1232"},"modified":"2025-04-09T15:53:37","modified_gmt":"2025-04-09T13:53:37","slug":"salons-et-foires-2","status":"publish","type":"page","link":"https:\/\/www.solaal.org\/hauts-de-france\/salons-et-foires-2\/","title":{"rendered":"Salons et foires"},"content":{"rendered":"\n<p style=\"font-size:18px\">L&rsquo;association SOLAAL Hauts-de-France est pr\u00e9sente sur les salons et foires r\u00e9gionaux. L&rsquo;objectif est de sensibiliser au don agricole les acteurs du don (donateurs, associations d&rsquo;aide alimentaire, \u00e9tablissements scolaires agricoles , \u00e9lus\u2026) et \u00e9galement le grand public.<\/p>\n\n\n\n<p style=\"font-size:18px\">Un quizz et un jeu de l&rsquo;oie sont propos\u00e9s aux visiteurs afin qu&rsquo;ils apprennent en s&rsquo;amusant. Le <strong>livret de recettes<\/strong> SOLAAL est offert aux participants afin d&rsquo;amener les bonnes pratiques jusque dans leurs cuisines. <\/p>\n\n\n\n<p style=\"font-size:18px\">SOLAAL Hauts-de-France participe \u00e9galement au <a href=\"https:\/\/www.salon-agriculture.com\/\" target=\"_blank\" rel=\"noreferrer noopener\">Salon de l&rsquo;Agriculture \u00e0 Paris<\/a> avec toutes les antennes r\u00e9gionales. Chaque ann\u00e9e, SOLAAL est accueillie sur le stand de la FNSEA. <br>Retrouver le bilan du SIA 2025 dans l&rsquo;article ci-apr\u00e8s : <a href=\"https:\/\/www.solaal.org\/hauts-de-france\/2025\/03\/06\/salon-international-de-lagriculture-solaal-toujours-au-rendez-vous\/\">Salon international de l\u2019agriculture : SOLAAL : toujours au rendez-vous !<\/a><\/p>\n\n\n\n<p style=\"font-size:18px\"><\/p>\n\n\n\n<div style=\"height:25px\" aria-hidden=\"true\" class=\"wp-block-spacer\"><\/div>\n\n\n\n<h3 class=\"wp-block-heading\">\u00c0 la fin d\u2019un salon ou d\u2019une foire, proposez aux exposants de donner leurs invendus<\/h3>\n\n\n\n<p>Vous organisez un \u00e9v\u00e9nement agricole o\u00f9 les exposants n\u2019ont pas vendu tous leurs produits alimentaires et ils ne souhaitent pas les transporter \u00e0 nouveau&nbsp;? SOLAAL&nbsp;Hauts-de-France peut vous aider \u00e0 trouver une&nbsp;association d\u2019aide alimentaire de votre territoire qui pourra r\u00e9cup\u00e9rer les produits afin qu\u2019elle les distribue \u00e0 des personnes en&nbsp;pr\u00e9carit\u00e9 alimentaire. Les exposants pourront b\u00e9n\u00e9ficier d&rsquo;une r\u00e9duction d&rsquo;imp\u00f4t \u00e0 hauteur de 60% du co\u00fbt de revient des produits donn\u00e9s.<\/p>\n\n\n\n<p>Vous souhaitez en savoir plus&nbsp;?<\/p>\n\n\n\n\t<div class=\"wp-block-button-two\">\n\t\t<a href=\"https:\/\/www.solaal.org\/hauts-de-france\/vous-souhaitez-faire-un-don\/contact\/\" target=\"_self\"><i><\/i>Contactez notre \u00e9quipe !<\/a>\n\t<\/div>\n\n\n<section class=\"wp-block-title-c\">\n\t<h2>Salons et foires en image<\/h2>\n<\/section>\n\n\n<div class=\"wp-block-columns are-vertically-aligned-center is-layout-flex wp-container-core-columns-is-layout-9d6595d7 wp-block-columns-is-layout-flex\">\n<div class=\"wp-block-column is-vertically-aligned-center is-layout-flow wp-block-column-is-layout-flow\">\n<div class=\"wp-block-one-img gallery-wrap width-770\">\n\t<a href=\"https:\/\/www.solaal.org\/hauts-de-france\/wp-content\/uploads\/sites\/18\/2025\/03\/24_06_07-a-09-Terres-en-Fete-62-32.jpg\" data-rel=\"lightcase:myCollection\">\n\t\t<img decoding=\"async\" src=\"https:\/\/www.solaal.org\/hauts-de-france\/wp-content\/uploads\/sites\/18\/2025\/03\/24_06_07-a-09-Terres-en-Fete-62-32.jpg\" alt=\"\" \/>\n\t<\/a>\n\t\t<figcaption>Terres en Fu00eate u00e0 Tilloy-lu00e8s-Mofflaines (62)<\/figcaption>\n\t<\/div>\n\n<\/div>\n\n\n\n<div class=\"wp-block-column is-vertically-aligned-center is-layout-flow wp-block-column-is-layout-flow\">\n<div class=\"wp-block-one-img gallery-wrap width-770\">\n\t<a href=\"https:\/\/www.solaal.org\/hauts-de-france\/wp-content\/uploads\/sites\/18\/2025\/03\/24_10_12-Don-de-courges-Sylvain-Dubois-02-marche-CACT-Restos-du-coeur-13.jpg\" data-rel=\"lightcase:myCollection\">\n\t\t<img decoding=\"async\" src=\"https:\/\/www.solaal.org\/hauts-de-france\/wp-content\/uploads\/sites\/18\/2025\/03\/24_10_12-Don-de-courges-Sylvain-Dubois-02-marche-CACT-Restos-du-coeur-13.jpg\" alt=\"\" \/>\n\t<\/a>\n\t\t<figcaption>Fu00eate des l\u00e9gumes anciens u00e0 Rocourt-Saint-Martin (02)<\/figcaption>\n\t<\/div>\n\n<\/div>\n<\/div>\n\n\n\n<div class=\"wp-block-columns are-vertically-aligned-center is-layout-flex wp-container-core-columns-is-layout-9d6595d7 wp-block-columns-is-layout-flex\">\n<div class=\"wp-block-column is-vertically-aligned-center is-layout-flow wp-block-column-is-layout-flow\">\n\n\n<div class=\"wp-block-one-img width-770\">\n\t<a >\n\t\t<img decoding=\"async\" src=\"https:\/\/www.solaal.org\/hauts-de-france\/wp-content\/uploads\/sites\/18\/2025\/03\/24_10_20-Faites-de-la-Graine-Les-4-saisons-de-Festubert-62-FD62-Sains-en-Gohelle-14.jpg\" alt=\"\" \/>\n\t<\/a>\n\t\t<figcaption>Faites de la Graine u00e0 Sains-en-Gohelle (62)<\/figcaption>\n\t<\/div>\r\n<\/div>\n\n\n\n<div class=\"wp-block-column is-vertically-aligned-center is-layout-flow wp-block-column-is-layout-flow\">\n\n\n<div class=\"wp-block-one-img width-770\">\n\t<a >\n\t\t<img decoding=\"async\" src=\"https:\/\/www.solaal.org\/hauts-de-france\/wp-content\/uploads\/sites\/18\/2025\/03\/24_11_09-Chaine-de-don-Forum-Alimentation-Grand-Calais-62-12.jpg\" alt=\"\" \/>\n\t<\/a>\n\t\t<figcaption>Forum de l&rsquo;Alimentation u00e0 Calais (62)<\/figcaption>\n\t<\/div>\r\n<\/div>\n<\/div>\n\n\n\n<div class=\"wp-block-columns are-vertically-aligned-center is-layout-flex wp-container-core-columns-is-layout-9d6595d7 wp-block-columns-is-layout-flex\">\n<div class=\"wp-block-column is-vertically-aligned-center is-layout-flow wp-block-column-is-layout-flow\">\n<div class=\"wp-block-one-img gallery-wrap width-770\">\n\t<a href=\"https:\/\/www.solaal.org\/hauts-de-france\/wp-content\/uploads\/sites\/18\/2025\/03\/24_05_10-Dons-Ovalies-Unilasalle-16.jpg\" data-rel=\"lightcase:myCollection\">\n\t\t<img decoding=\"async\" src=\"https:\/\/www.solaal.org\/hauts-de-france\/wp-content\/uploads\/sites\/18\/2025\/03\/24_05_10-Dons-Ovalies-Unilasalle-16.jpg\" alt=\"\" \/>\n\t<\/a>\n\t\t<figcaption>Les Ovalies u00e0 Beauvais (60)<\/figcaption>\n\t<\/div>\n\n<\/div>\n\n\n\n<div class=\"wp-block-column is-vertically-aligned-center is-layout-flow wp-block-column-is-layout-flow\">\n<div class=\"wp-block-one-img gallery-wrap width-770\">\n\t<a href=\"\" data-rel=\"lightcase:myCollection\">\n\t\t<img decoding=\"async\" src=\"\" alt=\"\" \/>\n\t<\/a>\n\t<\/div>\n\n<\/div>\n<\/div>\n","protected":false},"excerpt":{"rendered":"<p>L&rsquo;association SOLAAL Hauts-de-France est pr\u00e9sente sur les salons et foires r\u00e9gionaux. L&rsquo;objectif est de sensibiliser au don agricole les acteurs du don (donateurs, associations d&rsquo;aide alimentaire, \u00e9tablissements scolaires agricoles , \u00e9lus\u2026) et \u00e9galement le grand public. Un quizz et un jeu de l&rsquo;oie sont propos\u00e9s aux visiteurs afin qu&rsquo;ils apprennent en s&rsquo;amusant. Le livret de [&hellip;]<\/p>\n","protected":false},"author":23,"featured_media":0,"parent":0,"menu_order":0,"comment_status":"closed","ping_status":"closed","template":"","meta":{"_acf_changed":false,"inline_featured_image":false,"footnotes":""},"class_list":["post-1057","page","type-page","status-publish","hentry"],"acf":[],"_links":{"self":[{"href":"https:\/\/www.solaal.org\/hauts-de-france\/wp-json\/wp\/v2\/pages\/1057","targetHints":{"allow":["GET"]}}],"collection":[{"href":"https:\/\/www.solaal.org\/hauts-de-france\/wp-json\/wp\/v2\/pages"}],"about":[{"href":"https:\/\/www.solaal.org\/hauts-de-france\/wp-json\/wp\/v2\/types\/page"}],"author":[{"embeddable":true,"href":"https:\/\/www.solaal.org\/hauts-de-france\/wp-json\/wp\/v2\/users\/23"}],"replies":[{"embeddable":true,"href":"https:\/\/www.solaal.org\/hauts-de-france\/wp-json\/wp\/v2\/comments?post=1057"}],"version-history":[{"count":42,"href":"https:\/\/www.solaal.org\/hauts-de-france\/wp-json\/wp\/v2\/pages\/1057\/revisions"}],"predecessor-version":[{"id":4222,"href":"https:\/\/www.solaal.org\/hauts-de-france\/wp-json\/wp\/v2\/pages\/1057\/revisions\/4222"}],"wp:attachment":[{"href":"https:\/\/www.solaal.org\/hauts-de-france\/wp-json\/wp\/v2\/media?parent=1057"}],"curies":[{"name":"wp","href":"https:\/\/api.w.org\/{rel}","templated":true}]}}