{"id":531,"date":"2022-08-31T23:05:01","date_gmt":"2022-08-31T21:05:01","guid":{"rendered":"https:\/\/www.solaal.org\/centre-val-de-loire\/?page_id=531"},"modified":"2025-10-27T12:17:09","modified_gmt":"2025-10-27T11:17:09","slug":"le-don-de-a-a-z","status":"publish","type":"page","link":"https:\/\/www.solaal.org\/centre-val-de-loire\/vous-souhaitez-faire-un-don\/le-don-de-a-a-z\/","title":{"rendered":"Le don de A \u00e0 Z"},"content":{"rendered":"\n<p>SOLAAL Centre-Val de Loire facilite et organise la logistique du don agricole : du lieu de retrait jusqu&rsquo;\u00e0 l\u2019association d&rsquo;aide alimentaire b\u00e9n\u00e9ficiaire.<br>SOLAAL Centre-Val de Loire assure \u00e9galement un service apr\u00e8s-don : retour de conditionnement consign\u00e9 ou pr\u00eat\u00e9, et aide dans votre d\u00e9claration fiscale, pour b\u00e9n\u00e9ficier de la r\u00e9duction d\u2019imp\u00f4t.<\/p>\n\n\n\n<section class=\"wp-block-title-c\">\n\t<h2>Les diff\u00e9rents types de dons<\/h2>\n<\/section>\n\n<div class=\"wp-block-image\">\n<figure class=\"aligncenter size-large\"><img loading=\"lazy\" decoding=\"async\" width=\"1024\" height=\"537\" src=\"https:\/\/www.solaal.org\/centre-val-de-loire\/wp-content\/uploads\/sites\/30\/2025\/10\/Les-differents-types-de-dons-1024x537.jpg\" alt=\"\" class=\"wp-image-1265\" srcset=\"https:\/\/www.solaal.org\/centre-val-de-loire\/wp-content\/uploads\/sites\/30\/2025\/10\/Les-differents-types-de-dons-1024x537.jpg 1024w, https:\/\/www.solaal.org\/centre-val-de-loire\/wp-content\/uploads\/sites\/30\/2025\/10\/Les-differents-types-de-dons-300x157.jpg 300w, https:\/\/www.solaal.org\/centre-val-de-loire\/wp-content\/uploads\/sites\/30\/2025\/10\/Les-differents-types-de-dons-768x403.jpg 768w, https:\/\/www.solaal.org\/centre-val-de-loire\/wp-content\/uploads\/sites\/30\/2025\/10\/Les-differents-types-de-dons.jpg 1200w\" sizes=\"auto, (max-width: 1024px) 100vw, 1024px\" \/><\/figure>\n<\/div>\n\n\n<section class=\"wp-block-title-c\">\n\t<h2>Le don, comment \u00e7a marche ?<\/h2>\n<\/section>\n\n\n<figure class=\"wp-block-image size-full\"><img decoding=\"async\" src=\"https:\/\/www.solaal.org\/hauts-de-france\/wp-content\/uploads\/sites\/18\/2022\/08\/INFO_CommentcaMarche.png\" alt=\"\" class=\"wp-image-2010\" \/><\/figure>\n\n\n\n<p>Lanc\u00e9e par SOLAAL en 2019, la webapplication&nbsp;<strong><a href=\"https:\/\/dons.solaal.org\" target=\"_blank\" rel=\"noreferrer noopener\">dons.solaal.org<\/a>&nbsp;<\/strong>permet aux donateurs des secteurs agricole et agroalimentaire de d\u00e9clarer directement leurs dons via leur smartphone ou ordinateur, quels que soient l\u2019heure ou le lieu.<br>Cette application permet de fluidifier la gestion des dons et de contribuer au recensement des dons&nbsp;agricoles&nbsp;en France. En cr\u00e9ant un compte, vous pouvez :<\/p>\n\n\n\n<div class=\"wp-block-columns is-layout-flex wp-container-core-columns-is-layout-9d6595d7 wp-block-columns-is-layout-flex\">\n<div class=\"wp-block-column is-layout-flow wp-block-column-is-layout-flow\">\n<ul style=\"font-size:18px\" class=\"wp-block-list\">\n<li>Proposer un don \u00e0 tout moment (il est possible de dupliquer vos anciens dons et de modifier si besoin les caract\u00e9ristiques des produits)<\/li>\n\n\n\n<li>Conna\u00eetre l&rsquo;impact de votre g\u00e9n\u00e9rosit\u00e9, calcul\u00e9e en \u00e9quivalent repas<\/li>\n\n\n\n<li>Retrouver un historique des dons pour calculer sa r\u00e9duction d\u2019imp\u00f4t<\/li>\n\n\n\n<li>Avoir \u00e0 disposition un r\u00e9capitulatif de chaque don<\/li>\n<\/ul>\n<\/div>\n\n\n\n<div class=\"wp-block-column is-layout-flow wp-block-column-is-layout-flow\">\n<figure class=\"wp-block-image size-full is-resized is-style-default\"><a href=\"https:\/\/dons.solaal.org\" target=\"_blank\" rel=\"noreferrer noopener\"><img decoding=\"async\" src=\"https:\/\/www.solaal.org\/hauts-de-france\/wp-content\/uploads\/sites\/18\/2022\/08\/image-appli.png\" alt=\"\" class=\"wp-image-2034\" style=\"width:397px;height:265px\" \/><\/a><\/figure>\n<\/div>\n<\/div>\n\n\n\n<section class=\"wp-block-title-c\">\n\t<h2>La r\u00e9duction d&rsquo;imp\u00f4t<\/h2>\n<\/section>\n\n\n<p style=\"font-size:18px\">Suite \u00e0 votre don, l\u2019association d&rsquo;aide alimentaire vous d\u00e9livre une attestation de don qui vous fait b\u00e9n\u00e9ficier d&rsquo;une r\u00e9duction d&rsquo;imp\u00f4t. Elle concerne \u00e9galement le <strong>conditionnement et le transport <\/strong>des produits donn\u00e9s. <\/p>\n\n\n\n<ul style=\"font-size:18px\" class=\"wp-block-list\">\n<li><strong>60% du co\u00fbt de revient dans la limite <strong>de 20 000 \u20ac<\/strong><\/strong> <strong>ou de 0,5 % du chiffre d&rsquo;affaires <\/strong><\/li>\n\n\n\n<li>Si le plafond est d\u00e9pass\u00e9 : diff\u00e9rentiel valable sur les 5 exercices suivants<\/li>\n\n\n\n<li>Si vous \u00eates non-imposable : valable les 5 exercices suivants<\/li>\n<\/ul>\n\n\n\n<p style=\"font-size:18px\"><strong>Nous pouvons vous fournir un mod\u00e8le d&rsquo;attestation de don. <\/strong><br>Attention depuis le 1er janvier 2022, la mention de la&nbsp;<strong>valorisation des dons sur les attestations de don devient obligatoire afin de pouvoir en b\u00e9n\u00e9ficier<\/strong>. <br>Pour en savoir plus, lire l&rsquo;article : <a href=\"https:\/\/www.solaal.org\/hauts-de-france\/2022\/07\/07\/du-nouveau-sur-la-reduction-dimpot-des-dons\/\" target=\"_blank\" rel=\"noreferrer noopener\">\u00ab\u00a0Du nouveau sur la r\u00e9duction d\u2019imp\u00f4ts des dons !\u00a0\u00bb<\/a><\/p>\n\n\n\n<p class=\"has-black-color has-text-color has-medium-font-size\"><strong>Des interrogations ? Jetez un \u0153il \u00e0 la <a href=\"https:\/\/www.solaal.org\/centre-val-de-loire\/vous-souhaitez-faire-un-don\/f-a-q-du-don-agricole\/\">FAQ<\/a><\/strong><\/p>\n\n\n\n\t<section class=\"home-alimentaire not-h2\">\n\t\t<div class=\"home-alimentaire-box inner fadeInUp\">\n\t\t\t<a class=\"content\" href=\"https:\/\/dons.solaal.org\/\" target=\"_blank\">\n\t\t\t\t<div class=\"img-p\">\n\t\t\t\t\t<img decoding=\"async\" src=\"https:\/\/www.solaal.org\/centre-val-de-loire\/wp-content\/uploads\/sites\/30\/2022\/05\/16.png\" alt=\"\" class=\"desktop\">\n\t\t\t\t\t<img decoding=\"async\" src=\"https:\/\/www.solaal.org\/centre-val-de-loire\/wp-content\/uploads\/sites\/30\/2022\/05\/17.png\" alt=\"\" class=\"mobile\">\n\t\t\t\t<\/div>\n\t\t\t\t<div class=\"text\">\n\t\t\t\t\t<h2>Anti-gaspillage alimentaire<\/h2>\n\t\t\t\t\t<h3>Vous avez des produits \u00e0 donner ?<\/h3>\n\t\t\t\t<\/div>\n\t\t\t\t<div class=\"img\">\n\t\t\t\t\t<div class=\"badge-svg\">\n\t\t\t\t\t\t<img decoding=\"async\" src=\"https:\/\/www.solaal.org\/centre-val-de-loire\/wp-content\/uploads\/sites\/30\/2022\/05\/15-1.svg\" alt=\"\" \/>\n\t\t\t\t\t<\/div>\n\t\t\t\t<\/div>\n\t\t\t<\/a>\n\t\t\t<div class=\"links\">\n\t\t\t\t\t\t\t\t<a  class=\"btn btn-b btn-button\" href=\"https:\/\/dons.solaal.org\/\" target=\"_blank\"><i><\/i>Faire un don en ligne<\/a>\n\t\t\t\t\t\t\t\t<a  class=\"btn btn-b \" href=\"https:\/\/www.solaal.org\/occitanie\/contact\/\" target=\"_self\"><i><\/i>Contactez-nous<\/a>\n\t\t\t\t\t\t\t<\/div>\n\t\t<\/div>\n\t<\/section>","protected":false},"excerpt":{"rendered":"<p>SOLAAL Centre-Val de Loire facilite et organise la logistique du don agricole : du lieu de retrait jusqu&rsquo;\u00e0 l\u2019association d&rsquo;aide alimentaire b\u00e9n\u00e9ficiaire.SOLAAL Centre-Val de Loire assure \u00e9galement un service apr\u00e8s-don : retour de conditionnement consign\u00e9 ou pr\u00eat\u00e9, et aide dans votre d\u00e9claration fiscale, pour b\u00e9n\u00e9ficier de la r\u00e9duction d\u2019imp\u00f4t. Lanc\u00e9e par SOLAAL en 2019, la [&hellip;]<\/p>\n","protected":false},"author":2,"featured_media":0,"parent":453,"menu_order":15,"comment_status":"closed","ping_status":"closed","template":"","meta":{"_acf_changed":false,"inline_featured_image":false,"footnotes":""},"class_list":["post-531","page","type-page","status-publish","hentry"],"acf":[],"_links":{"self":[{"href":"https:\/\/www.solaal.org\/centre-val-de-loire\/wp-json\/wp\/v2\/pages\/531","targetHints":{"allow":["GET"]}}],"collection":[{"href":"https:\/\/www.solaal.org\/centre-val-de-loire\/wp-json\/wp\/v2\/pages"}],"about":[{"href":"https:\/\/www.solaal.org\/centre-val-de-loire\/wp-json\/wp\/v2\/types\/page"}],"author":[{"embeddable":true,"href":"https:\/\/www.solaal.org\/centre-val-de-loire\/wp-json\/wp\/v2\/users\/2"}],"replies":[{"embeddable":true,"href":"https:\/\/www.solaal.org\/centre-val-de-loire\/wp-json\/wp\/v2\/comments?post=531"}],"version-history":[{"count":4,"href":"https:\/\/www.solaal.org\/centre-val-de-loire\/wp-json\/wp\/v2\/pages\/531\/revisions"}],"predecessor-version":[{"id":1266,"href":"https:\/\/www.solaal.org\/centre-val-de-loire\/wp-json\/wp\/v2\/pages\/531\/revisions\/1266"}],"up":[{"embeddable":true,"href":"https:\/\/www.solaal.org\/centre-val-de-loire\/wp-json\/wp\/v2\/pages\/453"}],"wp:attachment":[{"href":"https:\/\/www.solaal.org\/centre-val-de-loire\/wp-json\/wp\/v2\/media?parent=531"}],"curies":[{"name":"wp","href":"https:\/\/api.w.org\/{rel}","templated":true}]}}