{"id":477,"date":"2022-05-17T16:22:20","date_gmt":"2022-05-17T14:22:20","guid":{"rendered":"https:\/\/www.solaal.org\/centre-val-de-loire\/partenaires-solidaires\/"},"modified":"2024-10-15T11:10:39","modified_gmt":"2024-10-15T09:10:39","slug":"partenaires-solidaires","status":"publish","type":"page","link":"https:\/\/www.solaal.org\/centre-val-de-loire\/decouvrez-lassociation\/partenaires-solidaires\/","title":{"rendered":"Nos partenaires solidaires"},"content":{"rendered":"\n<p><\/p>\n\n\n\n<p>Les partenaires solidaires de SOLAAL Centre-Val de Loire sont des entreprises, m\u00e9c\u00e8nes, fondations, collectivit\u00e9s, etc. qui soutiennent sous diff\u00e9rentes formes les actions de SOLAAL Centre-Val de Loire, pour une dur\u00e9e d\u00e9finie.<\/p>\n\n\n\n<p>\u00catre partenaire solidaire, c\u2019est&nbsp;<strong>accompagner&nbsp;<\/strong>et&nbsp;<strong>soutenir&nbsp;<\/strong>SOLAAL Centre-Val de Loire sous forme de m\u00e9c\u00e9nat :<\/p>\n\n\n\n<ul class=\"wp-block-list\">\n<li><strong>de comp\u00e9tences<\/strong>&nbsp;: mettre \u00e0 disposition un collaborateur<\/li>\n\n\n\n<li><strong>financier&nbsp;<\/strong>: donner une somme d\u2019argent<\/li>\n\n\n\n<li><strong>en nature<\/strong>&nbsp;: faire don de mat\u00e9riel<\/li>\n<\/ul>\n\n\n\n<p><\/p>\n\n\n\n<p><a href=\"https:\/\/www.solaal.org\/hauts-de-france\/contact\/\"><\/a><\/p>\n\n\n\n\t<div class=\"wp-block-button-two\">\n\t\t<a href=\"https:\/\/www.solaal.org\/centre-val-de-loire\/contact\/\" target=\"_self\"><i><\/i>Devenir un partenaire solidaire<\/a>\n\t<\/div>\n\n\n\t<section class=\"actualites-list not-h2\">\n\t\t<div class=\"actualites-list-box inner\">\n\t\t\n\t\t\t\n\n\t\t\t<div class=\"part-membres-content\">\n\t\t\t\t\t\t\t\t\t\t\n\t\t\t\t\t\t\t\t            \t\t\t\t\t\t<div class=\"list\">\n\t\t\t\t\t\t\t<a href=\"https:\/\/fondation.edf.com\/\"  target=\"_blank\" class=\"list-box\">\n\t\t\t\t\t\t\t\t<div class=\"img-c\">\n\t\t\t\t\t\t\t        <div class=\"img\" style=\"background-image: url(https:\/\/www.solaal.org\/centre-val-de-loire\/wp-content\/uploads\/sites\/30\/2025\/12\/Fondation-Groupe-EDF-1024x439.jpg);\"><\/div>\n\t\t\t\t\t\t\t\t<\/div>\n\t\t\t\t\t\t\t\t<div class=\"title-c\">\n\t\t\t\t\t\t\t\t\t<h2>Fondation Groupe EDF<\/h2>\n\t\t\t\t\t\t\t\t\t<div class=\"link\">\n\t\t\t\t\t\t\t\t\t\t<span class=\"btn\"><i><\/i>En savoir +<\/span>\n\t\t\t\t\t\t\t\t\t<\/div>\n\t\t\t\t\t\t\t\t<\/div>\n\t\t\t\t\t\t\t<\/a>\n\t\t\t\t\t\t<\/div>\n\t\t\t\t\t\t\t\t\t\t\t\t\t\t\t\t\t\t            \t\t\t\t\t\t<div class=\"list\">\n\t\t\t\t\t\t\t<a href=\"https:\/\/www.loiret.fr\/\"  target=\"_blank\" class=\"list-box\">\n\t\t\t\t\t\t\t\t<div class=\"img-c\">\n\t\t\t\t\t\t\t        <div class=\"img\" style=\"background-image: url(https:\/\/www.solaal.org\/centre-val-de-loire\/wp-content\/uploads\/sites\/30\/2024\/05\/Departement-Loiret-1024x410.jpeg);\"><\/div>\n\t\t\t\t\t\t\t\t<\/div>\n\t\t\t\t\t\t\t\t<div class=\"title-c\">\n\t\t\t\t\t\t\t\t\t<h2>Conseil d\u00e9partemental du Loiret<\/h2>\n\t\t\t\t\t\t\t\t\t<div class=\"link\">\n\t\t\t\t\t\t\t\t\t\t<span class=\"btn\"><i><\/i>En savoir +<\/span>\n\t\t\t\t\t\t\t\t\t<\/div>\n\t\t\t\t\t\t\t\t<\/div>\n\t\t\t\t\t\t\t<\/a>\n\t\t\t\t\t\t<\/div>\n\t\t\t\t\t\t\t\t\t\t\t\t\t\t\t\t\t\t            \t\t\t\t\t\t<div class=\"list\">\n\t\t\t\t\t\t\t<a href=\"https:\/\/www.departement18.fr\/\"  target=\"_blank\" class=\"list-box\">\n\t\t\t\t\t\t\t\t<div class=\"img-c\">\n\t\t\t\t\t\t\t        <div class=\"img\" style=\"background-image: url(https:\/\/www.solaal.org\/centre-val-de-loire\/wp-content\/uploads\/sites\/30\/2025\/02\/logo_cher-1024x642.png);\"><\/div>\n\t\t\t\t\t\t\t\t<\/div>\n\t\t\t\t\t\t\t\t<div class=\"title-c\">\n\t\t\t\t\t\t\t\t\t<h2>Conseil d\u00e9partemental du Cher<\/h2>\n\t\t\t\t\t\t\t\t\t<div class=\"link\">\n\t\t\t\t\t\t\t\t\t\t<span class=\"btn\"><i><\/i>En savoir +<\/span>\n\t\t\t\t\t\t\t\t\t<\/div>\n\t\t\t\t\t\t\t\t<\/div>\n\t\t\t\t\t\t\t<\/a>\n\t\t\t\t\t\t<\/div>\n\t\t\t\t\t\t\t\t\t\t\t\t\t\t\t\t\t\t            \t\t\t\t\t\t<div class=\"list\">\n\t\t\t\t\t\t\t<a href=\"https:\/\/www.departement41.fr\/\"  target=\"_blank\" class=\"list-box\">\n\t\t\t\t\t\t\t\t<div class=\"img-c\">\n\t\t\t\t\t\t\t        <div class=\"img\" style=\"background-image: url(https:\/\/www.solaal.org\/centre-val-de-loire\/wp-content\/uploads\/sites\/30\/2023\/09\/VT_QUAD_LOIR_CHER_logo-778x1024.png);\"><\/div>\n\t\t\t\t\t\t\t\t<\/div>\n\t\t\t\t\t\t\t\t<div class=\"title-c\">\n\t\t\t\t\t\t\t\t\t<h2>Conseil d\u00e9partemental du Loir-et-Cher<\/h2>\n\t\t\t\t\t\t\t\t\t<div class=\"link\">\n\t\t\t\t\t\t\t\t\t\t<span class=\"btn\"><i><\/i>En savoir +<\/span>\n\t\t\t\t\t\t\t\t\t<\/div>\n\t\t\t\t\t\t\t\t<\/div>\n\t\t\t\t\t\t\t<\/a>\n\t\t\t\t\t\t<\/div>\n\t\t\t\t\t\t\t\t\t\t\t\t\t\t\t\t\t\t            \t\t\t\t\t\t<div class=\"list\">\n\t\t\t\t\t\t\t<a href=\"https:\/\/www.touraine.fr\/\"  target=\"_blank\" class=\"list-box\">\n\t\t\t\t\t\t\t\t<div class=\"img-c\">\n\t\t\t\t\t\t\t        <div class=\"img\" style=\"background-image: url(https:\/\/www.solaal.org\/centre-val-de-loire\/wp-content\/uploads\/sites\/30\/2023\/09\/logo_touraine_dpt_bleu-1-1024x195.png);\"><\/div>\n\t\t\t\t\t\t\t\t<\/div>\n\t\t\t\t\t\t\t\t<div class=\"title-c\">\n\t\t\t\t\t\t\t\t\t<h2>Conseil d\u00e9partemental d&rsquo;Indre-et-Loire<\/h2>\n\t\t\t\t\t\t\t\t\t<div class=\"link\">\n\t\t\t\t\t\t\t\t\t\t<span class=\"btn\"><i><\/i>En savoir +<\/span>\n\t\t\t\t\t\t\t\t\t<\/div>\n\t\t\t\t\t\t\t\t<\/div>\n\t\t\t\t\t\t\t<\/a>\n\t\t\t\t\t\t<\/div>\n\t\t\t\t\t\t\t\t\t\t\t\t\t\t\t\t\t\t            \t\t\t\t\t\t<div class=\"list\">\n\t\t\t\t\t\t\t<a href=\"https:\/\/www.fondation-macif.org\/\"  target=\"_blank\" class=\"list-box\">\n\t\t\t\t\t\t\t\t<div class=\"img-c\">\n\t\t\t\t\t\t\t        <div class=\"img\" style=\"background-image: url(https:\/\/www.solaal.org\/centre-val-de-loire\/wp-content\/uploads\/sites\/30\/2023\/09\/fondation-macif-1024x483.png);\"><\/div>\n\t\t\t\t\t\t\t\t<\/div>\n\t\t\t\t\t\t\t\t<div class=\"title-c\">\n\t\t\t\t\t\t\t\t\t<h2>Fondation MACIF<\/h2>\n\t\t\t\t\t\t\t\t\t<div class=\"link\">\n\t\t\t\t\t\t\t\t\t\t<span class=\"btn\"><i><\/i>En savoir +<\/span>\n\t\t\t\t\t\t\t\t\t<\/div>\n\t\t\t\t\t\t\t\t<\/div>\n\t\t\t\t\t\t\t<\/a>\n\t\t\t\t\t\t<\/div>\n\t\t\t\t\t\t\t\t\t\t\t\t\t\t\t\t\t\t            \t\t\t\t\t\t<div class=\"list\">\n\t\t\t\t\t\t\t<a href=\"https:\/\/centre-val-de-loire.dreets.gouv.fr\/\"  target=\"_blank\" class=\"list-box\">\n\t\t\t\t\t\t\t\t<div class=\"img-c\">\n\t\t\t\t\t\t\t        <div class=\"img\" style=\"background-image: url(https:\/\/www.solaal.org\/centre-val-de-loire\/wp-content\/uploads\/sites\/30\/2023\/09\/DREETS.jpg);\"><\/div>\n\t\t\t\t\t\t\t\t<\/div>\n\t\t\t\t\t\t\t\t<div class=\"title-c\">\n\t\t\t\t\t\t\t\t\t<h2>DREETS Centre-Val de Loire<\/h2>\n\t\t\t\t\t\t\t\t\t<div class=\"link\">\n\t\t\t\t\t\t\t\t\t\t<span class=\"btn\"><i><\/i>En savoir +<\/span>\n\t\t\t\t\t\t\t\t\t<\/div>\n\t\t\t\t\t\t\t\t<\/div>\n\t\t\t\t\t\t\t<\/a>\n\t\t\t\t\t\t<\/div>\n\t\t\t\t\t\t\t\t\t\t\t\t\t\t\t\t\t\t            \t\t\t\t\t\t<div class=\"list\">\n\t\t\t\t\t\t\t<a href=\"https:\/\/bcl.msa.fr\/lfp\"  target=\"_blank\" class=\"list-box\">\n\t\t\t\t\t\t\t\t<div class=\"img-c\">\n\t\t\t\t\t\t\t        <div class=\"img\" style=\"background-image: url(https:\/\/www.solaal.org\/centre-val-de-loire\/wp-content\/uploads\/sites\/30\/2025\/04\/MSA.png);\"><\/div>\n\t\t\t\t\t\t\t\t<\/div>\n\t\t\t\t\t\t\t\t<div class=\"title-c\">\n\t\t\t\t\t\t\t\t\t<h2>MSA Beauce C\u0153ur de Loire<\/h2>\n\t\t\t\t\t\t\t\t\t<div class=\"link\">\n\t\t\t\t\t\t\t\t\t\t<span class=\"btn\"><i><\/i>En savoir +<\/span>\n\t\t\t\t\t\t\t\t\t<\/div>\n\t\t\t\t\t\t\t\t<\/div>\n\t\t\t\t\t\t\t<\/a>\n\t\t\t\t\t\t<\/div>\n\t\t\t\t\t\t\t\t\t\t\t\t\t\t\t\t\t\t            \t\t\t\t\t\t<div class=\"list\">\n\t\t\t\t\t\t\t<a href=\"https:\/\/berry-touraine.msa.fr\/lfp\"  target=\"_blank\" class=\"list-box\">\n\t\t\t\t\t\t\t\t<div class=\"img-c\">\n\t\t\t\t\t\t\t        <div class=\"img\" style=\"background-image: url(https:\/\/www.solaal.org\/centre-val-de-loire\/wp-content\/uploads\/sites\/30\/2025\/04\/MSA.png);\"><\/div>\n\t\t\t\t\t\t\t\t<\/div>\n\t\t\t\t\t\t\t\t<div class=\"title-c\">\n\t\t\t\t\t\t\t\t\t<h2>MSA Berry Touraine<\/h2>\n\t\t\t\t\t\t\t\t\t<div class=\"link\">\n\t\t\t\t\t\t\t\t\t\t<span class=\"btn\"><i><\/i>En savoir +<\/span>\n\t\t\t\t\t\t\t\t\t<\/div>\n\t\t\t\t\t\t\t\t<\/div>\n\t\t\t\t\t\t\t<\/a>\n\t\t\t\t\t\t<\/div>\n\t\t\t\t\t\t\t\t\t\t\t\t\t\t\t\t\t\t\t\t\t\n\t\t\t\t\t\t<div class=\"list\">\n\t\t\t\t\t\t\t<div class=\"list-box\">\n\t\t\t\t\t\t\t\t<div class=\"img-c\">\n\t\t\t\t\t\t\t        <div class=\"img\" style=\"background-image: url(https:\/\/www.solaal.org\/centre-val-de-loire\/wp-content\/uploads\/sites\/30\/2024\/03\/CAVDF-auCoeurDelAction-QUADRI-webFondTransparent-1024x731.png);\"><\/div>\n\t\t\t\t\t\t\t\t<\/div>\n\t\t\t\t\t\t\t\t<div class=\"title-c\">\n\t\t\t\t\t\t\t\t\t<h2>Cr\u00e9dit Agricole Val de France<\/h2>\n\t\t\t\t\t\t\t\t<\/div>\n\t\t\t\t\t\t\t<\/div>\n\t\t\t\t\t\t<\/div>\n\t\t\t\t\t\t\t\t\t\t\t\t\t\t\t\n\t\t\t\t\t\t<div class=\"list\">\n\t\t\t\t\t\t\t<div class=\"list-box\">\n\t\t\t\t\t\t\t\t<div class=\"img-c\">\n\t\t\t\t\t\t\t        <div class=\"img\" style=\"background-image: url(https:\/\/www.solaal.org\/centre-val-de-loire\/wp-content\/uploads\/sites\/30\/2024\/03\/Logo-standard-Centre-Ouest-1024x799.png);\"><\/div>\n\t\t\t\t\t\t\t\t<\/div>\n\t\t\t\t\t\t\t\t<div class=\"title-c\">\n\t\t\t\t\t\t\t\t\t<h2>Cr\u00e9dit Agricole du Centre Ouest<\/h2>\n\t\t\t\t\t\t\t\t<\/div>\n\t\t\t\t\t\t\t<\/div>\n\t\t\t\t\t\t<\/div>\n\t\t\t\t\t\t\t\t\t\t\t\t\t\t\t\n\t\t\t\t\t\t<div class=\"list\">\n\t\t\t\t\t\t\t<div class=\"list-box\">\n\t\t\t\t\t\t\t\t<div class=\"img-c\">\n\t\t\t\t\t\t\t        <div class=\"img\" style=\"background-image: url(https:\/\/www.solaal.org\/centre-val-de-loire\/wp-content\/uploads\/sites\/30\/2024\/03\/CENTRE-LOIRE-LOGO.jpg);\"><\/div>\n\t\t\t\t\t\t\t\t<\/div>\n\t\t\t\t\t\t\t\t<div class=\"title-c\">\n\t\t\t\t\t\t\t\t\t<h2>Cr\u00e9dit Agricole Centre Loire<\/h2>\n\t\t\t\t\t\t\t\t<\/div>\n\t\t\t\t\t\t\t<\/div>\n\t\t\t\t\t\t<\/div>\n\t\t\t\t\t\t\t\t\t\t\t\t\t\t\t\n\t\t\t\t\t\t<div class=\"list\">\n\t\t\t\t\t\t\t<div class=\"list-box\">\n\t\t\t\t\t\t\t\t<div class=\"img-c\">\n\t\t\t\t\t\t\t        <div class=\"img\" style=\"background-image: url(https:\/\/www.solaal.org\/centre-val-de-loire\/wp-content\/uploads\/sites\/30\/2024\/03\/ca-TourainePoit-v-rvb-1-1024x866.jpg);\"><\/div>\n\t\t\t\t\t\t\t\t<\/div>\n\t\t\t\t\t\t\t\t<div class=\"title-c\">\n\t\t\t\t\t\t\t\t\t<h2>Cr\u00e9dit Agricole de la Touraine et du Poitou<\/h2>\n\t\t\t\t\t\t\t\t<\/div>\n\t\t\t\t\t\t\t<\/div>\n\t\t\t\t\t\t<\/div>\n\t\t\t\t\t\t\t\t\t\t\t\t            \t\t\t\t\t\t<div class=\"list\">\n\t\t\t\t\t\t\t<a href=\"https:\/\/www.ademe.fr\/\"  target=\"_blank\" class=\"list-box\">\n\t\t\t\t\t\t\t\t<div class=\"img-c\">\n\t\t\t\t\t\t\t        <div class=\"img\" style=\"background-image: url(https:\/\/www.solaal.org\/centre-val-de-loire\/wp-content\/uploads\/sites\/30\/2024\/03\/ADEME.png);\"><\/div>\n\t\t\t\t\t\t\t\t<\/div>\n\t\t\t\t\t\t\t\t<div class=\"title-c\">\n\t\t\t\t\t\t\t\t\t<h2>ADEME Centre-Val de Loire<\/h2>\n\t\t\t\t\t\t\t\t\t<div class=\"link\">\n\t\t\t\t\t\t\t\t\t\t<span class=\"btn\"><i><\/i>En savoir +<\/span>\n\t\t\t\t\t\t\t\t\t<\/div>\n\t\t\t\t\t\t\t\t<\/div>\n\t\t\t\t\t\t\t<\/a>\n\t\t\t\t\t\t<\/div>\n\t\t\t\t\t\t\t\t\t\t\t\t\t\t\t\t\t\t<\/div>\n\t\t\t\t\t\t\t\t<\/div>\n\t<\/section>","protected":false},"excerpt":{"rendered":"<p>Les partenaires solidaires de SOLAAL Centre-Val de Loire sont des entreprises, m\u00e9c\u00e8nes, fondations, collectivit\u00e9s, etc. qui soutiennent sous diff\u00e9rentes formes les actions de SOLAAL Centre-Val de Loire, pour une dur\u00e9e d\u00e9finie. \u00catre partenaire solidaire, c\u2019est&nbsp;accompagner&nbsp;et&nbsp;soutenir&nbsp;SOLAAL Centre-Val de Loire sous forme de m\u00e9c\u00e9nat :<\/p>\n","protected":false},"author":1,"featured_media":0,"parent":450,"menu_order":3,"comment_status":"closed","ping_status":"closed","template":"","meta":{"_acf_changed":false,"inline_featured_image":false,"footnotes":""},"class_list":["post-477","page","type-page","status-publish","hentry"],"acf":[],"_links":{"self":[{"href":"https:\/\/www.solaal.org\/centre-val-de-loire\/wp-json\/wp\/v2\/pages\/477","targetHints":{"allow":["GET"]}}],"collection":[{"href":"https:\/\/www.solaal.org\/centre-val-de-loire\/wp-json\/wp\/v2\/pages"}],"about":[{"href":"https:\/\/www.solaal.org\/centre-val-de-loire\/wp-json\/wp\/v2\/types\/page"}],"author":[{"embeddable":true,"href":"https:\/\/www.solaal.org\/centre-val-de-loire\/wp-json\/wp\/v2\/users\/1"}],"replies":[{"embeddable":true,"href":"https:\/\/www.solaal.org\/centre-val-de-loire\/wp-json\/wp\/v2\/comments?post=477"}],"version-history":[{"count":8,"href":"https:\/\/www.solaal.org\/centre-val-de-loire\/wp-json\/wp\/v2\/pages\/477\/revisions"}],"predecessor-version":[{"id":1119,"href":"https:\/\/www.solaal.org\/centre-val-de-loire\/wp-json\/wp\/v2\/pages\/477\/revisions\/1119"}],"up":[{"embeddable":true,"href":"https:\/\/www.solaal.org\/centre-val-de-loire\/wp-json\/wp\/v2\/pages\/450"}],"wp:attachment":[{"href":"https:\/\/www.solaal.org\/centre-val-de-loire\/wp-json\/wp\/v2\/media?parent=477"}],"curies":[{"name":"wp","href":"https:\/\/api.w.org\/{rel}","templated":true}]}}