{"id":763,"date":"2022-08-24T15:54:27","date_gmt":"2022-08-24T13:54:27","guid":{"rendered":"https:\/\/www.solaal.org\/bretagne\/?page_id=763"},"modified":"2022-09-02T14:57:06","modified_gmt":"2022-09-02T12:57:06","slug":"nos-missions","status":"publish","type":"page","link":"https:\/\/www.solaal.org\/bretagne\/nos-missions\/","title":{"rendered":"Nos missions"},"content":{"rendered":"\n<p>SOLAAL est une association reconnue d&rsquo;int\u00e9r\u00eat g\u00e9n\u00e9ral qui a pour but de faciliter l&rsquo;organisation des dons des entreprises agricoles et agroalimentaires.<\/p>\n\n\n\n<section class=\"wp-block-title-c\">\n\t<h2>Notre raison d&rsquo;\u00eatre<\/h2>\n<\/section>\n\n\n<p class=\"has-medium-font-size\">4 objectifs animent notre association : <\/p>\n\n\n\n<div class=\"wp-block-columns is-layout-flex wp-container-core-columns-is-layout-9d6595d7 wp-block-columns-is-layout-flex\">\n<div class=\"wp-block-column is-layout-flow wp-block-column-is-layout-flow\">\n<h4 class=\"wp-block-heading\">Renforcer l&rsquo;engagement des fili\u00e8res alimentaires<\/h4>\n\n\n<div class=\"wp-block-image\">\n<figure class=\"aligncenter size-full is-resized\"><img loading=\"lazy\" decoding=\"async\" src=\"https:\/\/www.solaal.org\/pays-de-la-loire\/wp-content\/uploads\/sites\/26\/2022\/08\/Objectif-1.png\" alt=\"\" class=\"wp-image-1425\" width=\"281\" height=\"193\" \/><\/figure>\n<\/div>\n\n\n<h4 class=\"wp-block-heading\">Contribuer \u00e0 l&rsquo;\u00e9quilibre nutritionnel des b\u00e9n\u00e9ficiaires de l&rsquo;aide alimentaire<\/h4>\n\n\n<div class=\"wp-block-image\">\n<figure class=\"aligncenter size-full is-resized\"><img loading=\"lazy\" decoding=\"async\" src=\"https:\/\/www.solaal.org\/pays-de-la-loire\/wp-content\/uploads\/sites\/26\/2022\/08\/Objectif-3.png\" alt=\"\" class=\"wp-image-1427\" width=\"257\" height=\"193\" \/><\/figure>\n<\/div><\/div>\n\n\n\n<div class=\"wp-block-column is-layout-flow wp-block-column-is-layout-flow\">\n<h4 class=\"wp-block-heading\">Faciliter l&rsquo;organisation des dons<br>   <\/h4>\n\n\n<div class=\"wp-block-image\">\n<figure class=\"aligncenter size-full is-resized\"><img loading=\"lazy\" decoding=\"async\" src=\"https:\/\/www.solaal.org\/pays-de-la-loire\/wp-content\/uploads\/sites\/26\/2022\/08\/Objectif-2.png\" alt=\"\" class=\"wp-image-1426\" width=\"257\" height=\"193\" \/><\/figure>\n<\/div>\n\n\n<h4 class=\"wp-block-heading\">Lutter contre le gaspillage alimentaire<\/h4>\n\n\n<div class=\"wp-block-image\">\n<figure class=\"aligncenter size-full is-resized\"><img loading=\"lazy\" decoding=\"async\" src=\"https:\/\/www.solaal.org\/pays-de-la-loire\/wp-content\/uploads\/sites\/26\/2022\/08\/Objectif-4.png\" alt=\"\" class=\"wp-image-1428\" width=\"257\" height=\"193\" \/><\/figure>\n<\/div><\/div>\n<\/div>\n\n\n\n<section class=\"wp-block-title-c\">\n\t<h2>SOLAAL et les Objectifs du D\u00e9veloppement Durable (ODD)<\/h2>\n<\/section>\n\n\n<p class=\"has-medium-font-size\">L&rsquo;activit\u00e9 de SOLAAL s&rsquo;inscrit dans 5 objectifs du d\u00e9veloppement durable, \u00e0 savoir : <\/p>\n\n\n\n<div class=\"wp-block-columns is-layout-flex wp-container-core-columns-is-layout-9d6595d7 wp-block-columns-is-layout-flex\">\n<div class=\"wp-block-column is-layout-flow wp-block-column-is-layout-flow\"><div class=\"wp-block-image\">\n<figure class=\"aligncenter size-full is-resized\"><img loading=\"lazy\" decoding=\"async\" src=\"https:\/\/www.solaal.org\/pays-de-la-loire\/wp-content\/uploads\/sites\/26\/2022\/08\/ODD-1-pas-de-pauvrete.png\" alt=\"\" class=\"wp-image-1444\" width=\"121\" height=\"122\" \/><\/figure>\n<\/div><\/div>\n\n\n\n<div class=\"wp-block-column is-layout-flow wp-block-column-is-layout-flow\"><div class=\"wp-block-image\">\n<figure class=\"aligncenter size-full is-resized\"><img loading=\"lazy\" decoding=\"async\" src=\"https:\/\/www.solaal.org\/pays-de-la-loire\/wp-content\/uploads\/sites\/26\/2022\/08\/ODD-2-faim-zero.png\" alt=\"\" class=\"wp-image-1445\" width=\"121\" height=\"122\" \/><\/figure>\n<\/div><\/div>\n\n\n\n<div class=\"wp-block-column is-layout-flow wp-block-column-is-layout-flow\"><div class=\"wp-block-image\">\n<figure class=\"aligncenter size-full is-resized\"><img loading=\"lazy\" decoding=\"async\" src=\"https:\/\/www.solaal.org\/pays-de-la-loire\/wp-content\/uploads\/sites\/26\/2022\/08\/ODD-3-bonne-sante-et-bien-etre.png\" alt=\"\" class=\"wp-image-1446\" width=\"121\" height=\"122\" \/><\/figure>\n<\/div><\/div>\n<\/div>\n\n\n\n<div class=\"wp-block-columns is-layout-flex wp-container-core-columns-is-layout-9d6595d7 wp-block-columns-is-layout-flex\">\n<div class=\"wp-block-column is-layout-flow wp-block-column-is-layout-flow\"><div class=\"wp-block-image\">\n<figure class=\"aligncenter size-full is-resized\"><img loading=\"lazy\" decoding=\"async\" src=\"https:\/\/www.solaal.org\/pays-de-la-loire\/wp-content\/uploads\/sites\/26\/2022\/08\/ODD-10-reduction-des-inegalites.png\" alt=\"\" class=\"wp-image-1447\" width=\"121\" height=\"122\" \/><\/figure>\n<\/div><\/div>\n\n\n\n<div class=\"wp-block-column is-layout-flow wp-block-column-is-layout-flow\"><div class=\"wp-block-image\">\n<figure class=\"aligncenter size-full is-resized\"><img loading=\"lazy\" decoding=\"async\" src=\"https:\/\/www.solaal.org\/pays-de-la-loire\/wp-content\/uploads\/sites\/26\/2022\/08\/ODD-12-consommation-et-production-responsables.png\" alt=\"\" class=\"wp-image-1448\" width=\"121\" height=\"122\" \/><\/figure>\n<\/div><\/div>\n<\/div>\n\n\n\n<section class=\"wp-block-title-c\">\n\t<h2>Un accompagnement diversifi\u00e9 <\/h2>\n<\/section>\n\n\n<p id=\"block-194651b2-13f7-419a-9b55-c5d5c44c8887\"><br>Vous \u00eates une <strong>entreprise agricole<\/strong>, sachez que nous pouvons vous accompagner sur divers types de dons. Pour en savoir plus, consultez notre <a href=\"https:\/\/www.solaal.org\/pays-de-la-loire\/nos-missions-nos-actions\/un-accompagnement-complet\/\">page d\u00e9di\u00e9 au don<\/a>.<\/p>\n\n\n\n<p id=\"block-fe0abd0c-4467-4e47-9668-8eb1176956ad\">Vous \u00eates une <strong>association d&rsquo;aide alimentaire<\/strong>, sachez que nous travaillons en priorit\u00e9 avec les associations qui ont une habilitation nationale. Pour en savoir plus, <a href=\"https:\/\/www.solaal.org\/bretagne\/contact\/\" target=\"_blank\" rel=\"noreferrer noopener\">contactez-nous<\/a>.<\/p>\n\n\n\n<p id=\"block-e4ef9013-20da-47a3-be08-45b3f8301c23\">Vous \u00eates un (futur) <strong>partenaire<\/strong>, n&rsquo;h\u00e9sitez pas \u00e0 consultez notre page d\u00e9di\u00e9 ou \u00e0 nous contacter pour proposer vos id\u00e9es d&rsquo;<strong>actions solidaires<\/strong>.<\/p>\n","protected":false},"excerpt":{"rendered":"<p>SOLAAL est une association reconnue d&rsquo;int\u00e9r\u00eat g\u00e9n\u00e9ral qui a pour but de faciliter l&rsquo;organisation des dons des entreprises agricoles et agroalimentaires. 4 objectifs animent notre association : Renforcer l&rsquo;engagement des fili\u00e8res alimentaires Contribuer \u00e0 l&rsquo;\u00e9quilibre nutritionnel des b\u00e9n\u00e9ficiaires de l&rsquo;aide alimentaire Faciliter l&rsquo;organisation des dons Lutter contre le gaspillage alimentaire L&rsquo;activit\u00e9 de SOLAAL s&rsquo;inscrit dans [&hellip;]<\/p>\n","protected":false},"author":2,"featured_media":0,"parent":0,"menu_order":0,"comment_status":"closed","ping_status":"closed","template":"","meta":{"_acf_changed":false,"inline_featured_image":false,"footnotes":""},"class_list":["post-763","page","type-page","status-publish","hentry"],"acf":[],"_links":{"self":[{"href":"https:\/\/www.solaal.org\/bretagne\/wp-json\/wp\/v2\/pages\/763","targetHints":{"allow":["GET"]}}],"collection":[{"href":"https:\/\/www.solaal.org\/bretagne\/wp-json\/wp\/v2\/pages"}],"about":[{"href":"https:\/\/www.solaal.org\/bretagne\/wp-json\/wp\/v2\/types\/page"}],"author":[{"embeddable":true,"href":"https:\/\/www.solaal.org\/bretagne\/wp-json\/wp\/v2\/users\/2"}],"replies":[{"embeddable":true,"href":"https:\/\/www.solaal.org\/bretagne\/wp-json\/wp\/v2\/comments?post=763"}],"version-history":[{"count":4,"href":"https:\/\/www.solaal.org\/bretagne\/wp-json\/wp\/v2\/pages\/763\/revisions"}],"predecessor-version":[{"id":879,"href":"https:\/\/www.solaal.org\/bretagne\/wp-json\/wp\/v2\/pages\/763\/revisions\/879"}],"wp:attachment":[{"href":"https:\/\/www.solaal.org\/bretagne\/wp-json\/wp\/v2\/media?parent=763"}],"curies":[{"name":"wp","href":"https:\/\/api.w.org\/{rel}","templated":true}]}}