{"id":901,"date":"2023-12-18T13:51:44","date_gmt":"2023-12-18T12:51:44","guid":{"rendered":"https:\/\/www.solaal.org\/bourgogne-franche-comte\/?page_id=901"},"modified":"2024-11-18T16:20:13","modified_gmt":"2024-11-18T15:20:13","slug":"organiser-une-action-solidaire-locale","status":"publish","type":"page","link":"https:\/\/www.solaal.org\/bourgogne-franche-comte\/organiser-une-action-solidaire-locale\/","title":{"rendered":"Organiser une action solidaire locale"},"content":{"rendered":"\n<div class=\"wp-block-cover is-light\"><span aria-hidden=\"true\" class=\"wp-block-cover__background has-background-dim\"><\/span><img decoding=\"async\" class=\"wp-block-cover__image-background wp-image-11415\" alt=\"\" src=\"https:\/\/www.solaal.org\/wp-content\/uploads\/2022\/07\/21_09_28-Glanage-Savy-Berlette-Lycee-Savy-Berlette-9.jpg\" data-object-fit=\"cover\" \/><div class=\"wp-block-cover__inner-container is-layout-flow wp-block-cover-is-layout-flow\">\n<p class=\"has-text-align-center has-white-color has-text-color\" style=\"font-size:30px\">L&rsquo;engagement solidaire au travers d&rsquo;action locale.<\/p>\n<\/div><\/div>\n\n\n\n<p><\/p>\n\n\n\n<p class=\"has-medium-font-size\">De nombreuses parties prenantes (acteurs agricoles, collectivit\u00e9s locales, citoyens, associations) peuvent contribuer \u00e0 la r\u00e9alisation d\u2019actions solidaire collectives.<\/p>\n\n\n\n<p class=\"has-text-align-left has-medium-font-size\">Retrouver ci-dessous les informations utiles \u00e0 l&rsquo;organisation d&rsquo;une action solidaire locale. <\/p>\n\n\n\n<section class=\"fiches-par-produits  list-three\">\n\t\t<div class=\"fiches-par-produits-box inner wowo fadeInUp\">\n\t\t\n\t\t\t<div class=\"content\">\n\t\t\t\t\t\t\t\t<a href=\"https:\/\/www.solaal.org\/bourgogne-franche-comte\/wp-content\/uploads\/sites\/32\/2024\/11\/Fiche_JourneeNationaleDonAgricole_LIENS.pdf\" class=\"block\" download>\n\t\t\t\t\t<div class=\"img\">\n\t\t\t\t\t\t<img decoding=\"async\" src=\"https:\/\/www.solaal.org\/bourgogne-franche-comte\/wp-content\/uploads\/sites\/32\/2024\/11\/21_09_28-Glanage-Savy-Berlette-Lycee-Savy-Berlette-9-1.webp\" alt=\"\" \/>\n\t\t\t\t\t<\/div>\n\t\t\t\t\t<div class=\"text\">\n\t\t\t\t\t\t<p>\n\t\t\t\t\t\t\t\t\t\t\t\t\t\t<span>Journ\u00e9es nationales du don agricole<\/span>\n\t\t\t\t\t\t\t\t\t\t\t\t\t<\/p>\n\t\t\t\t\t\t<span class=\"btn\"><i><\/i>Voir la Fiche<\/span>\n\t\t\t\t\t<\/div>\n\t\t\t\t<\/a>\n\t\t\t\t\t\t\t\t\t\t\t\t<a href=\"https:\/\/www.solaal.org\/bourgogne-franche-comte\/wp-content\/uploads\/sites\/32\/2024\/11\/Fiche_CueilletteGlanage_LIENS.pdf\" class=\"block\" download>\n\t\t\t\t\t<div class=\"img\">\n\t\t\t\t\t\t<img decoding=\"async\" src=\"https:\/\/www.solaal.org\/bourgogne-franche-comte\/wp-content\/uploads\/sites\/32\/2024\/10\/240919_Glanage-CD45_3-Laboureurs-45.2-e1731943114268.jpg\" alt=\"\" \/>\n\t\t\t\t\t<\/div>\n\t\t\t\t\t<div class=\"text\">\n\t\t\t\t\t\t<p>\n\t\t\t\t\t\t\t\t\t\t\t\t\t\t<span>Glanage solidaire<\/span>\n\t\t\t\t\t\t\t\t\t\t\t\t\t<\/p>\n\t\t\t\t\t\t<span class=\"btn\"><i><\/i>Voir la Fiche<\/span>\n\t\t\t\t\t<\/div>\n\t\t\t\t<\/a>\n\t\t\t\t\t\t\t\t\t\t\t\t<a href=\"https:\/\/www.solaal.org\/bourgogne-franche-comte\/wp-content\/uploads\/sites\/32\/2024\/11\/Fiche_ParticiperEvenemntGrandPublic_LIENS.pdf\" class=\"block\" download>\n\t\t\t\t\t<div class=\"img\">\n\t\t\t\t\t\t<img decoding=\"async\" src=\"https:\/\/www.solaal.org\/bourgogne-franche-comte\/wp-content\/uploads\/sites\/32\/2024\/11\/21_09_18-Fete-des-Producteurs-6.webp\" alt=\"\" \/>\n\t\t\t\t\t<\/div>\n\t\t\t\t\t<div class=\"text\">\n\t\t\t\t\t\t<p>\n\t\t\t\t\t\t\t\t\t\t\t\t\t\t<span>Ev\u00e8nement grand public <\/span>\n\t\t\t\t\t\t\t\t\t\t\t\t\t<\/p>\n\t\t\t\t\t\t<span class=\"btn\"><i><\/i>Voir la Fiche<\/span>\n\t\t\t\t\t<\/div>\n\t\t\t\t<\/a>\n\t\t\t\t\t\t\t\t\t\t\t<\/div>\n\t\t<\/div>\n\t<\/section>\n\n\n<section class=\"fiches-par-produits  list-two\">\n\t\t<div class=\"fiches-par-produits-box inner wowo fadeInUp\">\n\t\t\n\t\t\t<div class=\"content\">\n\t\t\t\t\t\t\t\t<div class=\"block\">\n\t\t\t\t\t<div class=\"img\">\n\t\t\t\t\t\t<img decoding=\"async\" src=\"\" alt=\"\" \/>\n\t\t\t\t\t<\/div>\n\t\t\t\t\t<div class=\"text\">\n\t\t\t\t\t\t<p>\n\t\t\t\t\t\t\t\t\t\t\t\t\t\t<span>Actions solidaires pour le tri et le conditionnement <\/span>\n\t\t\t\t\t\t\t\t\t\t\t\t\t<\/p>\n\t\t\t\t\t<\/div>\n\t\t\t\t<\/div>\n\t\t\t\t\t\t\t\t\t\t\t\t<div class=\"block\">\n\t\t\t\t\t<div class=\"img\">\n\t\t\t\t\t\t<img decoding=\"async\" src=\"\" alt=\"\" \/>\n\t\t\t\t\t<\/div>\n\t\t\t\t\t<div class=\"text\">\n\t\t\t\t\t\t<p>\n\t\t\t\t\t\t\t\t\t\t\t\t\t\t<span>Int\u00e9grer une action solidaire sur mon territoire <\/span>\n\t\t\t\t\t\t\t\t\t\t\t\t\t<\/p>\n\t\t\t\t\t<\/div>\n\t\t\t\t<\/div>\n\t\t\t\t\t\t\t\t\t\t\t<\/div>\n\t\t<\/div>\n\t<\/section>","protected":false},"excerpt":{"rendered":"<p>De nombreuses parties prenantes (acteurs agricoles, collectivit\u00e9s locales, citoyens, associations) peuvent contribuer \u00e0 la r\u00e9alisation d\u2019actions solidaire collectives. Retrouver ci-dessous les informations utiles \u00e0 l&rsquo;organisation d&rsquo;une action solidaire locale.<\/p>\n","protected":false},"author":2,"featured_media":0,"parent":0,"menu_order":0,"comment_status":"closed","ping_status":"closed","template":"","meta":{"_acf_changed":false,"inline_featured_image":false,"footnotes":""},"class_list":["post-901","page","type-page","status-publish","hentry"],"acf":[],"_links":{"self":[{"href":"https:\/\/www.solaal.org\/bourgogne-franche-comte\/wp-json\/wp\/v2\/pages\/901","targetHints":{"allow":["GET"]}}],"collection":[{"href":"https:\/\/www.solaal.org\/bourgogne-franche-comte\/wp-json\/wp\/v2\/pages"}],"about":[{"href":"https:\/\/www.solaal.org\/bourgogne-franche-comte\/wp-json\/wp\/v2\/types\/page"}],"author":[{"embeddable":true,"href":"https:\/\/www.solaal.org\/bourgogne-franche-comte\/wp-json\/wp\/v2\/users\/2"}],"replies":[{"embeddable":true,"href":"https:\/\/www.solaal.org\/bourgogne-franche-comte\/wp-json\/wp\/v2\/comments?post=901"}],"version-history":[{"count":8,"href":"https:\/\/www.solaal.org\/bourgogne-franche-comte\/wp-json\/wp\/v2\/pages\/901\/revisions"}],"predecessor-version":[{"id":1047,"href":"https:\/\/www.solaal.org\/bourgogne-franche-comte\/wp-json\/wp\/v2\/pages\/901\/revisions\/1047"}],"wp:attachment":[{"href":"https:\/\/www.solaal.org\/bourgogne-franche-comte\/wp-json\/wp\/v2\/media?parent=901"}],"curies":[{"name":"wp","href":"https:\/\/api.w.org\/{rel}","templated":true}]}}