{"id":1255,"date":"2025-04-15T16:54:57","date_gmt":"2025-04-15T14:54:57","guid":{"rendered":"https:\/\/www.solaal.org\/bourgogne-franche-comte\/?page_id=1255"},"modified":"2025-04-15T17:00:06","modified_gmt":"2025-04-15T15:00:06","slug":"interventions-en-milieu-scolaire","status":"publish","type":"page","link":"https:\/\/www.solaal.org\/bourgogne-franche-comte\/interventions-en-milieu-scolaire\/","title":{"rendered":"Interventions en milieu scolaire"},"content":{"rendered":"\n<p style=\"font-size:18px\">SOLAAL Bourgogne Franche Comt\u00e9 anime des interventions dans les \u00e9tablissements scolaires agricoles de la r\u00e9gion.<\/p>\n\n\n\n<p style=\"font-size:18px\">L\u2019objectif est de sensibiliser les lyc\u00e9ens\/coll\u00e9giens des \u00e9tablissements scolaires \u00e0 la <strong>lutte contre le gaspillage alimentaire et la pr\u00e9carit\u00e9 alimentaire<\/strong>.<br>Des <strong>glanages solidaires<\/strong> peuvent \u00eatre \u00e9galement organis\u00e9s avec les \u00e9tablissements scolaires. Ainsi les lyc\u00e9ens\/coll\u00e9giens auront, dans un m\u00eame temps, un contact avec l\u2019agriculteur-donateur et une association d\u2019aide alimentaire.<\/p>\n\n\n\n<div class=\"wp-block-buttons is-layout-flex wp-block-buttons-is-layout-flex\">\n<div class=\"wp-block-button\"><a class=\"wp-block-button__link wp-element-button\" href=\"https:\/\/www.solaal.org\/bourgogne-franche-comte\/organiser-une-action-solidaire-locale\/\">Organiser une action solidaire dans votre \u00e9tablissement<\/a><\/div>\n<\/div>\n\n\n\n<p style=\"font-size:18px\">L&rsquo;intervention a un format de 2 heures et comprend une pr\u00e9sentation de SOLAAL et de ses missions, puis une \u00e9tude de cas (type serious game) en groupe avec un temps de restitution \u00e0 l&rsquo;oral. Cette intervention se veut dynamique et interactive.<\/p>\n\n\n\n<p style=\"font-size:18px\"><strong>Ces types d&rsquo;actions vous int\u00e9ressent ? Prenez contact avec nous ! <\/strong><br>Retrouvez le t\u00e9moignage du Directeur du LEAP Savy-Berlette dans les Hauts de France dans l&rsquo;article ci-apr\u00e8s : <a href=\"https:\/\/www.solaal.org\/hauts-de-france\/2022\/07\/01\/solaal-hauts-de-france-4-millions-de-repas-distribues\/\" target=\"_blank\" rel=\"noreferrer noopener\">SOLAAL Hauts-de-France : 4 millions de repas distribu\u00e9s<\/a><\/p>\n\n\n\n\t<div class=\"wp-block-button-two\">\n\t\t<a href=\"https:\/\/www.solaal.org\/bourgogne-franche-comte\/contact\/\" target=\"_self\"><i><\/i>Contactez nos \u00e9quipes<\/a>\n\t<\/div>\n\n\n<section class=\"four-img width-770\">\n\t\t<div class=\"four-img-box inner wowo fadeInUp\">\n\t\t\t<div class=\"content gallery-wrap\">\n\t\t\t\t\t\t\t\t<div class=\"block\">\n\t\t\t\t\t<a href=\"https:\/\/www.solaal.org\/bourgogne-franche-comte\/wp-content\/uploads\/sites\/32\/2025\/03\/21_10_18-Intervention-au-BTS-ACSE-Hazebrouck-2.jpg\" data-rel=\"lightcase:myCollection\">\n\t\t\t\t\t\t<div class=\"bg-img\" style=\"background-image: url(https:\/\/www.solaal.org\/bourgogne-franche-comte\/wp-content\/uploads\/sites\/32\/2025\/03\/21_10_18-Intervention-au-BTS-ACSE-Hazebrouck-2.jpg);\"><\/div>\n\t\t\t\t\t<\/a>\n\t\t\t\t\t\t\t\t\t<\/div>\n\t\t\t\t\t\t\t\t<div class=\"block\">\n\t\t\t\t\t<div class=\"box-box\">\n\t\t\t\t\t\t\t\t\t\t\t\t<div class=\"box\">\n\t\t\t\t\t\t\t<a href=\"https:\/\/www.solaal.org\/bourgogne-franche-comte\/wp-content\/uploads\/sites\/32\/2025\/03\/22_04_05-Intervention-Lycee-Paraclet-3-rotated-1.jpg\" data-rel=\"lightcase:myCollection\">\n\t\t\t\t\t\t\t<div class=\"bg-img\" style=\"background-image: url(https:\/\/www.solaal.org\/bourgogne-franche-comte\/wp-content\/uploads\/sites\/32\/2025\/03\/22_04_05-Intervention-Lycee-Paraclet-3-rotated-1.jpg);\"><\/div>\n\t\t\t\t\t\t\t<\/a>\n\t\t\t\t\t\t\t\t\t\t\t\t\t<\/div>\n\t\t\t\t\t\t\t\t\t\t\t\t<div class=\"box\">\n\t\t\t\t\t\t\t<a href=\"https:\/\/www.solaal.org\/bourgogne-franche-comte\/wp-content\/uploads\/sites\/32\/2025\/03\/22_05_06-intervention-au-Lycee-Agri-Haute-Somme-3.jpg\" data-rel=\"lightcase:myCollection\">\n\t\t\t\t\t\t\t<div class=\"bg-img\" style=\"background-image: url(https:\/\/www.solaal.org\/bourgogne-franche-comte\/wp-content\/uploads\/sites\/32\/2025\/03\/22_05_06-intervention-au-Lycee-Agri-Haute-Somme-3.jpg);\"><\/div>\n\t\t\t\t\t\t\t<\/a>\n\t\t\t\t\t\t\t\t\t\t\t\t\t<\/div>\n\t\t\t\t\t\t\t\t\t\t\t\t<div class=\"box\">\n\t\t\t\t\t\t\t<a href=\"https:\/\/www.solaal.org\/bourgogne-franche-comte\/wp-content\/uploads\/sites\/32\/2025\/03\/22_03_15-intervention-lycee-Ste-Colette-Corbie.jpg\" data-rel=\"lightcase:myCollection\">\n\t\t\t\t\t\t\t<div class=\"bg-img\" style=\"background-image: url(https:\/\/www.solaal.org\/bourgogne-franche-comte\/wp-content\/uploads\/sites\/32\/2025\/03\/22_03_15-intervention-lycee-Ste-Colette-Corbie.jpg);\"><\/div>\n\t\t\t\t\t\t\t<\/a>\n\t\t\t\t\t\t\t\t\t\t\t\t\t<\/div>\n\t\t\t\t\t\t\t\t\t\t\t<\/div>\n\t\t\t\t\t\n\t\t\t\t<\/div>\n\t\t\t<\/div>\n\t\t<\/div>\n\t<\/section>","protected":false},"excerpt":{"rendered":"<p>SOLAAL Bourgogne Franche Comt\u00e9 anime des interventions dans les \u00e9tablissements scolaires agricoles de la r\u00e9gion. L\u2019objectif est de sensibiliser les lyc\u00e9ens\/coll\u00e9giens des \u00e9tablissements scolaires \u00e0 la lutte contre le gaspillage alimentaire et la pr\u00e9carit\u00e9 alimentaire.Des glanages solidaires peuvent \u00eatre \u00e9galement organis\u00e9s avec les \u00e9tablissements scolaires. Ainsi les lyc\u00e9ens\/coll\u00e9giens auront, dans un m\u00eame temps, un contact [&hellip;]<\/p>\n","protected":false},"author":23,"featured_media":0,"parent":0,"menu_order":0,"comment_status":"closed","ping_status":"closed","template":"","meta":{"_acf_changed":false,"inline_featured_image":false,"footnotes":""},"class_list":["post-1255","page","type-page","status-publish","hentry"],"acf":[],"_links":{"self":[{"href":"https:\/\/www.solaal.org\/bourgogne-franche-comte\/wp-json\/wp\/v2\/pages\/1255","targetHints":{"allow":["GET"]}}],"collection":[{"href":"https:\/\/www.solaal.org\/bourgogne-franche-comte\/wp-json\/wp\/v2\/pages"}],"about":[{"href":"https:\/\/www.solaal.org\/bourgogne-franche-comte\/wp-json\/wp\/v2\/types\/page"}],"author":[{"embeddable":true,"href":"https:\/\/www.solaal.org\/bourgogne-franche-comte\/wp-json\/wp\/v2\/users\/23"}],"replies":[{"embeddable":true,"href":"https:\/\/www.solaal.org\/bourgogne-franche-comte\/wp-json\/wp\/v2\/comments?post=1255"}],"version-history":[{"count":3,"href":"https:\/\/www.solaal.org\/bourgogne-franche-comte\/wp-json\/wp\/v2\/pages\/1255\/revisions"}],"predecessor-version":[{"id":1281,"href":"https:\/\/www.solaal.org\/bourgogne-franche-comte\/wp-json\/wp\/v2\/pages\/1255\/revisions\/1281"}],"wp:attachment":[{"href":"https:\/\/www.solaal.org\/bourgogne-franche-comte\/wp-json\/wp\/v2\/media?parent=1255"}],"curies":[{"name":"wp","href":"https:\/\/api.w.org\/{rel}","templated":true}]}}