{"id":1247,"date":"2025-04-15T16:49:13","date_gmt":"2025-04-15T14:49:13","guid":{"rendered":"https:\/\/www.solaal.org\/bourgogne-franche-comte\/?page_id=1247"},"modified":"2025-04-15T16:50:15","modified_gmt":"2025-04-15T14:50:15","slug":"projets-alimentaires-territoriaux-2","status":"publish","type":"page","link":"https:\/\/www.solaal.org\/bourgogne-franche-comte\/projets-alimentaires-territoriaux-2\/","title":{"rendered":"Projets Alimentaires Territoriaux"},"content":{"rendered":"\n<p style=\"font-size:18px\"><strong>SOLAAL Bourgogne Franche Comt\u00e9 participe \u00e0 une quinzaine de Projets Alimentaires Territoriaux (P.A.T) sur toute la r\u00e9gion. L&rsquo;objectif est de conna\u00eetre les territoires et les acteurs locaux afin que l&rsquo;association adapte ses actions en fonction des besoins des producteurs et des associations d\u2019aide alimentaire \u00e0 l\u2019\u00e9chelle locale.  <\/strong><\/p>\n\n\n\n<section class=\"wp-block-title-c\">\n\t<h2>QU\u2019EST CE QU\u2019UN PROJET ALIMENTAIRE DE TERRITOIRE ?<\/h2>\n<\/section>\n\n\n<p style=\"font-size:18px\">Selon le Minist\u00e8re de l\u2019Agriculture et de la Souverainet\u00e9 Alimentaire, les&nbsp;<a href=\"http:\/\/agriculture.gouv.fr\/comment-construire-son-projet-alimentaire-territorial\" target=\"_blank\" rel=\"noreferrer noopener\">projets alimentaires territoriaux<\/a>&nbsp;(P.A.T) ont pour objectif de relocaliser l\u2019agriculture et l\u2019alimentation dans les territoires en soutenant l\u2019installation d\u2019agriculteurs, les circuits courts ou les produits locaux dans la restauration collective. Issus de la Loi d\u2019avenir pour l\u2019agriculture qui encourage leur d\u00e9veloppement depuis 2014, ils sont \u00e9labor\u00e9s de mani\u00e8re collective \u00e0 l\u2019initiative des acteurs d\u2019un territoire (collectivit\u00e9s, entreprises agricoles et agroalimentaires, artisans, citoyens etc.).<br>Ce sont des d\u00e9marches de terrain, volontaires, collectives. C\u2019est un rassemblement des acteurs int\u00e9ress\u00e9s par la question de l\u2019alimentation, qui se regroupent, qui \u00e9tablissent un diagnostic du territoire et qui cherchent et mettent en \u0153uvre des solutions concr\u00e8tes pour r\u00e9pondre \u00e0 des probl\u00e9matiques locales.<\/p>\n\n\n\n<section class=\"wp-block-title-c\">\n\t<h2>Qu&rsquo;est ce que vous propose SOLAAL Bourgogne Franche Comt\u00e9 ?<\/h2>\n<\/section>\n\n\n<p style=\"font-size:18px\">SOLAAL Bourgogne Franche Comt\u00e9 vous apporte son expertise sur l&rsquo;approvisionnement en produits frais des associations d&rsquo;aide alimentaire par le don des invendus sains, loyaux et consommables des producteurs locaux. L&rsquo;association peut donc participer \u00e0 deux ateliers en particulier : <strong>lutte contre le gaspillage alimentaire et accessibilit\u00e9 aux produits locaux aupr\u00e8s des publics en pr\u00e9carit\u00e9 alimentaire<\/strong>.<\/p>\n\n\n\n<p style=\"font-size:18px\">SOLAAL Bourgogne Franche Comt\u00e9 vous aide \u00e9galement dans l\u2019organisation d\u2019actions autour de la solidarit\u00e9 (liste non exhaustive) :<\/p>\n\n\n\n<ul class=\"wp-block-list\">\n<li>Glanage solidaire<\/li>\n\n\n\n<li>Promotion du don agricole aupr\u00e8s des parties prenantes*<\/li>\n\n\n\n<li>Interventions de sensibilisation dans les \u00e9tablissements scolaires<\/li>\n\n\n\n<li>Visite d\u2019associations d\u2019aide alimentaire<\/li>\n\n\n\n<li>Visite d\u2019entreprises agricoles et agroalimentaires \u00ab\u00a0donatrices\u00a0\u00bb<\/li>\n\n\n\n<li>Organisation de dons lors d&rsquo;un \u00e9v\u00e9nement grand public<\/li>\n\n\n\n<li>Mise en culture de parcelles d\u00e9laiss\u00e9es au profit de l&rsquo;aide alimentaire<\/li>\n\n\n\n<li>Bilan des dons sur votre territoire<\/li>\n<\/ul>\n\n\n\n<p style=\"font-size:16px\">*\u00e9lus, donateurs, associations <\/p>\n\n\n\n<p style=\"font-size:18px\">Contactez-nous pour nous convier aux ateliers de travail et mettre en place ce type d&rsquo;actions sur votre territoire.<\/p>\n\n\n\n\t<div class=\"wp-block-button-two\">\n\t\t<a href=\"https:\/\/www.solaal.org\/bourgogne-franche-comte\/contact\/\" target=\"_self\"><i><\/i>Contactez nos \u00e9quipes<\/a>\n\t<\/div>\n\n\n<section class=\"four-img width-770\">\n\t\t<div class=\"four-img-box inner wowo fadeInUp\">\n\t\t\t<div class=\"content gallery-wrap\">\n\t\t\t\t\t\t\t\t<div class=\"block\">\n\t\t\t\t\t<a href=\"https:\/\/www.solaal.org\/bourgogne-franche-comte\/wp-content\/uploads\/sites\/32\/2025\/04\/250130_EpiSourire5.jpg\" data-rel=\"lightcase:myCollection\">\n\t\t\t\t\t\t<div class=\"bg-img\" style=\"background-image: url(https:\/\/www.solaal.org\/bourgogne-franche-comte\/wp-content\/uploads\/sites\/32\/2025\/04\/250130_EpiSourire5.jpg);\"><\/div>\n\t\t\t\t\t<\/a>\n\t\t\t\t\t\t\t\t\t\t<span>Visite d&rsquo;Epi&rsquo;Sourire \u00e0 Dijon avec des agricultrices et \u00e9lus <\/span>\n\t\t\t\t\t\t\t\t\t<\/div>\n\t\t\t\t\t\t\t\t<div class=\"block\">\n\t\t\t\t\t<div class=\"box-box\">\n\t\t\t\t\t\t\t\t\t\t\t\t<div class=\"box\">\n\t\t\t\t\t\t\t<a href=\"https:\/\/www.solaal.org\/bourgogne-franche-comte\/wp-content\/uploads\/sites\/32\/2025\/03\/21_09_18-Fete-des-Producteurs-2.jpg\" data-rel=\"lightcase:myCollection\">\n\t\t\t\t\t\t\t<div class=\"bg-img\" style=\"background-image: url(https:\/\/www.solaal.org\/bourgogne-franche-comte\/wp-content\/uploads\/sites\/32\/2025\/03\/21_09_18-Fete-des-Producteurs-2.jpg);\"><\/div>\n\t\t\t\t\t\t\t<\/a>\n\t\t\t\t\t\t\t\t\t\t\t\t\t\t<span>Participation \u00e0 une f\u00eate agricole<\/span>\n\t\t\t\t\t\t\t\t\t\t\t\t\t<\/div>\n\t\t\t\t\t\t\t\t\t\t\t\t<div class=\"box\">\n\t\t\t\t\t\t\t<a href=\"https:\/\/www.solaal.org\/bourgogne-franche-comte\/wp-content\/uploads\/sites\/32\/2025\/03\/21_10_06-Glanage-pdt-St-quentin-entraide-D.Sebbe-02-1.jpeg\" data-rel=\"lightcase:myCollection\">\n\t\t\t\t\t\t\t<div class=\"bg-img\" style=\"background-image: url(https:\/\/www.solaal.org\/bourgogne-franche-comte\/wp-content\/uploads\/sites\/32\/2025\/03\/21_10_06-Glanage-pdt-St-quentin-entraide-D.Sebbe-02-1.jpeg);\"><\/div>\n\t\t\t\t\t\t\t<\/a>\n\t\t\t\t\t\t\t\t\t\t\t\t\t\t<span>Glanage de pommes de terre <\/span>\n\t\t\t\t\t\t\t\t\t\t\t\t\t<\/div>\n\t\t\t\t\t\t\t\t\t\t\t\t<div class=\"box\">\n\t\t\t\t\t\t\t<a href=\"https:\/\/www.solaal.org\/bourgogne-franche-comte\/wp-content\/uploads\/sites\/32\/2025\/03\/21_10_28-glanage-de-potirons-Sylvie-59-FD59-Lomme-5.jpg\" data-rel=\"lightcase:myCollection\">\n\t\t\t\t\t\t\t<div class=\"bg-img\" style=\"background-image: url(https:\/\/www.solaal.org\/bourgogne-franche-comte\/wp-content\/uploads\/sites\/32\/2025\/03\/21_10_28-glanage-de-potirons-Sylvie-59-FD59-Lomme-5.jpg);\"><\/div>\n\t\t\t\t\t\t\t<\/a>\n\t\t\t\t\t\t\t\t\t\t\t\t\t\t<span>Glanage de courges<\/span>\n\t\t\t\t\t\t\t\t\t\t\t\t\t<\/div>\n\t\t\t\t\t\t\t\t\t\t\t<\/div>\n\t\t\t\t\t\n\t\t\t\t<\/div>\n\t\t\t<\/div>\n\t\t<\/div>\n\t<\/section>","protected":false},"excerpt":{"rendered":"<p>SOLAAL Bourgogne Franche Comt\u00e9 participe \u00e0 une quinzaine de Projets Alimentaires Territoriaux (P.A.T) sur toute la r\u00e9gion. L&rsquo;objectif est de conna\u00eetre les territoires et les acteurs locaux afin que l&rsquo;association adapte ses actions en fonction des besoins des producteurs et des associations d\u2019aide alimentaire \u00e0 l\u2019\u00e9chelle locale. Selon le Minist\u00e8re de l\u2019Agriculture et de la [&hellip;]<\/p>\n","protected":false},"author":23,"featured_media":0,"parent":0,"menu_order":0,"comment_status":"closed","ping_status":"closed","template":"","meta":{"_acf_changed":false,"inline_featured_image":false,"footnotes":""},"class_list":["post-1247","page","type-page","status-publish","hentry"],"acf":[],"_links":{"self":[{"href":"https:\/\/www.solaal.org\/bourgogne-franche-comte\/wp-json\/wp\/v2\/pages\/1247","targetHints":{"allow":["GET"]}}],"collection":[{"href":"https:\/\/www.solaal.org\/bourgogne-franche-comte\/wp-json\/wp\/v2\/pages"}],"about":[{"href":"https:\/\/www.solaal.org\/bourgogne-franche-comte\/wp-json\/wp\/v2\/types\/page"}],"author":[{"embeddable":true,"href":"https:\/\/www.solaal.org\/bourgogne-franche-comte\/wp-json\/wp\/v2\/users\/23"}],"replies":[{"embeddable":true,"href":"https:\/\/www.solaal.org\/bourgogne-franche-comte\/wp-json\/wp\/v2\/comments?post=1247"}],"version-history":[{"count":4,"href":"https:\/\/www.solaal.org\/bourgogne-franche-comte\/wp-json\/wp\/v2\/pages\/1247\/revisions"}],"predecessor-version":[{"id":1269,"href":"https:\/\/www.solaal.org\/bourgogne-franche-comte\/wp-json\/wp\/v2\/pages\/1247\/revisions\/1269"}],"wp:attachment":[{"href":"https:\/\/www.solaal.org\/bourgogne-franche-comte\/wp-json\/wp\/v2\/media?parent=1247"}],"curies":[{"name":"wp","href":"https:\/\/api.w.org\/{rel}","templated":true}]}}