{"id":1246,"date":"2025-04-15T17:03:38","date_gmt":"2025-04-15T15:03:38","guid":{"rendered":"https:\/\/www.solaal.org\/bourgogne-franche-comte\/?page_id=1246"},"modified":"2025-04-15T17:03:40","modified_gmt":"2025-04-15T15:03:40","slug":"nos-missions","status":"publish","type":"page","link":"https:\/\/www.solaal.org\/bourgogne-franche-comte\/nos-missions\/","title":{"rendered":"Nos missions"},"content":{"rendered":"\n<p style=\"font-size:18px\"><strong>SOLAAL Bourgogne Franche Comt\u00e9 est une association reconnue d\u2019int\u00e9r\u00eat g\u00e9n\u00e9ral qui a pour but de faciliter l\u2019organisation des dons des entreprises agricoles et agroalimentaires.<\/strong><\/p>\n\n\n\n<section class=\"wp-block-title-c\">\n\t<h2>Nos missions en vid\u00e9o<\/h2>\n<\/section>\n\n\n\t<section class=\"home-video style-two width-770\">\n\t\t<div class=\"home-video-box inner wowo fadeInUp\">\n\t\t\t<div class=\"video\">\n\t\t        <a href=\"#\" class=\"video-link embed\">\n\t\t          \t\t\t\t\t<div class=\"data-video\">\n\t\t\t\t\t\t<a href=\"https:\/\/www.youtube.com\/watch?v=P6gOJURkLgA\">https:\/\/www.youtube.com\/watch?v=P6gOJURkLgA<\/a>\t\t\t\t\t\t\t\n\t\t\t\t\t\t<\/div>\n\t\t\t\t\t\t\t\t          <div class=\"img\">\n\t\t\t            <img decoding=\"async\" src=\"https:\/\/www.solaal.org\/bourgogne-franche-comte\/wp-content\/uploads\/sites\/32\/2025\/03\/video-2-min.png\" alt=\"\" class=\"img-bg \">\n\t\t\t          <\/div>\n\t\t\t          <div class=\"text-and-icon\">\n\t\t\t          \t<h2>Les missions de <span>SOLAAL Bourgogne Franche Comt\u00e9<\/span><\/h2>\n\t\t\t          \t<i class=\"icon-play\"><\/i>\n\t\t\t          <\/div>\n\t\t        <\/a>\n\t\t    <\/div>\n\t\t    <div class=\"text\">\n\t\t    \t<p>D\u00e9couvrez SOLAAL Bourgogne Franche Comt\u00e9 et ses missions en moins de 2 minutes !<\/p>\n\t    \t<\/div>\n\t\t<\/div>\t\n\t<\/section>\n\n\n<section class=\"wp-block-title-c\">\n\t<h2>Un accompagnement diversifi\u00e9<\/h2>\n<\/section>\n\n\n<p style=\"font-size:18px\">Je suis <strong>une entreprise agricole<\/strong> <strong>et\/ou agroalimentaire<\/strong> =&gt; Nous pouvons vous accompagner sur divers types de dons. Pour en savoir plus, consultez notre&nbsp;<a href=\"https:\/\/www.solaal.org\/bourgogne-franche-comte\/le-don-de-a-a-z\/\" target=\"_blank\" rel=\"noreferrer noopener\">page d\u00e9di\u00e9e au don<\/a>.<\/p>\n\n\n\n<p style=\"font-size:18px\">Je suis <strong>une<\/strong>&nbsp;<strong>association d\u2019aide alimentaire<\/strong> =&gt; Nous travaillons avec les associations nationales habilit\u00e9es. Pour en savoir plus, <a href=\"https:\/\/www.solaal.org\/bourgogne-franche-comte\/contact\/\">contactez-nous !<\/a><\/p>\n\n\n\n<p style=\"font-size:18px\">Je suis <strong>un (futur)&nbsp;partenaire<\/strong>&nbsp;=&gt; Nous vous invitons \u00e0 consulter notre <a href=\"https:\/\/www.solaal.org\/bourgogne-franche-comte\/nos-partenaires-solidaires\/\/\" target=\"_blank\" rel=\"noreferrer noopener\">page d\u00e9di\u00e9e<\/a> ou \u00e0 <a href=\"https:\/\/www.solaal.org\/bourgogne-franche-comte\/contact\/\">nous contacter<\/a> pour proposer vos id\u00e9es d\u2019<strong>actions solidaires<\/strong>.<\/p>\n\n\n\n<p style=\"font-size:18px\">Je suis <strong>un \u00e9tablissement scolaire agricole <\/strong>=&gt; Nous pouvons sensibiliser vos \u00e9l\u00e8ves \u00e0 la lutte contre le gaspillage et la pr\u00e9carit\u00e9 alimentaire. Pour en savoir plus, <a href=\"https:\/\/www.solaal.org\/bourgogne-franche-comte\/contact\/\">contactez-nous !<\/a><\/p>\n\n\n\n<p style=\"font-size:18px\">Je suis <strong>un agriculteur\/ une agricultrice<\/strong> et je souhaite communiquer sur la solidarit\u00e9 de mon m\u00e9tier et de ses fili\u00e8res =&gt; Nous formons et accompagnons tous les ans des Ambassadeurs pour leur permettre de communiquer autrement sur l&rsquo;agriculture. Pour en savoir plus, <a href=\"https:\/\/www.solaal.org\/bourgogne-franche-comte\/contact\/\">contactez-nous !<\/a><\/p>\n\n\n\n<p style=\"font-size:18px\">Je suis&nbsp;<strong>porteur d&rsquo;un Projet Alimentaire Territorial<\/strong> =&gt; Nous participons d\u00e9j\u00e0 \u00e0 une quinzaine de PAT sur toute la r\u00e9gion. Nous pouvons apporter des solutions sur les deux th\u00e8mes suivants : lutte contre le gaspillage alimentaire et accessibilit\u00e9 aux produits locaux aupr\u00e8s des publics en pr\u00e9carit\u00e9 alimentaire. Pour en savoir plus, consultez <a href=\"https:\/\/www.solaal.org\/bourgogne-franche-comte\/organiser-une-action-solidaire-locale\/\" target=\"_blank\" rel=\"noreferrer noopener\">la page d\u00e9di\u00e9e<\/a> et <a href=\"https:\/\/www.solaal.org\/bourgogne-franche-comte\/contact\/\">contactez-nous !<\/a><\/p>\n\n\n\n<section class=\"wp-block-title-c\">\n\t<h2>La communication<\/h2>\n<\/section>\n\n\n<p style=\"font-size:18px\">Une des missions de SOLAAL Bourgogne Franche Comt\u00e9 est de <strong>communiquer sur le don alimentaire et la g\u00e9n\u00e9rosit\u00e9 agricole<\/strong>.<br><br>L&rsquo;association est pr\u00e9sente sur les <strong>r\u00e9seaux sociaux<\/strong> (<a href=\"https:\/\/www.facebook.com\/people\/Solaal-Bourgogne-Franche-Comt%C3%A9\/61553052581411\/\" target=\"_blank\" rel=\"noreferrer noopener\">Facebook<\/a> et <a href=\"https:\/\/www.linkedin.com\/company\/solaal-bourgogne-franche-comt%C3%A9\" target=\"_blank\" rel=\"noreferrer noopener\">LinkedIn<\/a>) et participe \u00e0 des \u00e9v\u00e8nements grand public et agricoles : Les Terres de Jade, les f\u00eates agricoles d\u00e9partementales, Vache de Salon, le Salon de l&rsquo;Agriculture et tant d&rsquo;autres. <br><br>SOLAAL Bourgogne Franche Comt\u00e9 est \u00e9galement sollicit\u00e9e par diff\u00e9rents <strong>m\u00e9dias<\/strong>, tout au long de l&rsquo;ann\u00e9e, pour mettre en lumi\u00e8re la solidarit\u00e9 de l&rsquo;agriculture et de des fili\u00e8res.<\/p>\n\n\n\n<p style=\"font-size:18px\">En septembre, se d\u00e9roulent les <a href=\"https:\/\/www.solaal.org\/bourgogne-franche-comte\/journees-nationales-du-don-agricole-2024\/\">Journ\u00e9es Nationales du Don Agricole (JNDA) cr\u00e9\u00e9es par SOLAAL en 2014<\/a>, sous le Haut patronage du minist\u00e8re de l\u2019Agriculture et de l\u2019Alimentation. Dans toute la France, pendant un mois de nombreuses actions sont organis\u00e9es : visites d&rsquo;associations d&rsquo;aide alimentaire par des agriculteurs, des glanages solidaires, des r\u00e9unions d&rsquo;informations\u2026<\/p>\n\n\n\n\t<div class=\"wp-block-button-two\">\n\t\t<a href=\"https:\/\/www.solaal.org\/bourgogne-franche-comte\/contact\/\" target=\"_self\"><i><\/i>Contactez nos \u00e9quipes<\/a>\n\t<\/div>","protected":false},"excerpt":{"rendered":"<p>SOLAAL Bourgogne Franche Comt\u00e9 est une association reconnue d\u2019int\u00e9r\u00eat g\u00e9n\u00e9ral qui a pour but de faciliter l\u2019organisation des dons des entreprises agricoles et agroalimentaires. Je suis une entreprise agricole et\/ou agroalimentaire =&gt; Nous pouvons vous accompagner sur divers types de dons. Pour en savoir plus, consultez notre&nbsp;page d\u00e9di\u00e9e au don. Je suis une&nbsp;association d\u2019aide alimentaire [&hellip;]<\/p>\n","protected":false},"author":23,"featured_media":0,"parent":0,"menu_order":0,"comment_status":"closed","ping_status":"closed","template":"","meta":{"_acf_changed":false,"inline_featured_image":false,"footnotes":""},"class_list":["post-1246","page","type-page","status-publish","hentry"],"acf":[],"_links":{"self":[{"href":"https:\/\/www.solaal.org\/bourgogne-franche-comte\/wp-json\/wp\/v2\/pages\/1246","targetHints":{"allow":["GET"]}}],"collection":[{"href":"https:\/\/www.solaal.org\/bourgogne-franche-comte\/wp-json\/wp\/v2\/pages"}],"about":[{"href":"https:\/\/www.solaal.org\/bourgogne-franche-comte\/wp-json\/wp\/v2\/types\/page"}],"author":[{"embeddable":true,"href":"https:\/\/www.solaal.org\/bourgogne-franche-comte\/wp-json\/wp\/v2\/users\/23"}],"replies":[{"embeddable":true,"href":"https:\/\/www.solaal.org\/bourgogne-franche-comte\/wp-json\/wp\/v2\/comments?post=1246"}],"version-history":[{"count":1,"href":"https:\/\/www.solaal.org\/bourgogne-franche-comte\/wp-json\/wp\/v2\/pages\/1246\/revisions"}],"predecessor-version":[{"id":1282,"href":"https:\/\/www.solaal.org\/bourgogne-franche-comte\/wp-json\/wp\/v2\/pages\/1246\/revisions\/1282"}],"wp:attachment":[{"href":"https:\/\/www.solaal.org\/bourgogne-franche-comte\/wp-json\/wp\/v2\/media?parent=1246"}],"curies":[{"name":"wp","href":"https:\/\/api.w.org\/{rel}","templated":true}]}}