{"id":1139,"date":"2022-07-27T16:42:57","date_gmt":"2022-07-27T16:42:57","guid":{"rendered":"https:\/\/www.solaal.org\/?page_id=11215"},"modified":"2026-04-22T12:18:41","modified_gmt":"2026-04-22T10:18:41","slug":"solaal-infos-newsletter","status":"publish","type":"page","link":"https:\/\/www.solaal.org\/bourgogne-franche-comte\/solaal-infos-newsletter\/","title":{"rendered":"Newsletter"},"content":{"rendered":"\n<p class=\"has-text-align-center\">Retrouvez SOLAAL INFOS tous les 1er jeudis du mois.<\/p>\n\n\n\n\t<section class=\"home-newsletter not-h2 style-two\">\n\t<div class=\"home-newsletter-box inner fadeInUp\">\n\t\t<div class=\"content\">\n\t\t\t<div class=\"title\">\n\t\t\t\t<h2>u003cspanu003eAbonnez-vous \u00e0u003c\/spanu003e la Newsletter solaal !<\/h2>\n\t\t\t<\/div>\n\t\t\t<div class=\"form\">\n\t\t\t\t\t\t\t\t<p class=\"wpcf7-contact-form-not-found\"><strong>Erreur\u00a0:<\/strong> Formulaire de contact non trouv\u00e9\u00a0!<\/p>\t\t\t<\/div>\n\t\t\t\n\t\t<\/div>\n\t\t<div class=\"end-text\">\n\t\t\t<p>Votre adresse de messagerie est uniquement utilis\u00e9e pour vous envoyer les newsletter de SOLAAL. Vous pouvez \u00e0 tout moment utiliser le lien de d\u00e9sabonnement int\u00e9gr\u00e9 dans la newsletter. En savoir plus sur la u003ca href=u0022https:\/\/www.solaal.org\/donnees-personnelles\/u0022u003egestion de vos donn\u00e9es et vos droits.u003c\/au003e<\/p>\n\t\t<\/div>\n\t<\/div>\n<\/section>\n\n\n\n<section class=\"wp-block-title-c\">\n\t<h2>Retrouvez les derni\u00e8res SOLAAL Infos<\/h2>\n<\/section>\n\n\n<div class=\"wp-block-media-text alignwide is-stacked-on-mobile\" style=\"grid-template-columns:17% auto\"><figure class=\"wp-block-media-text__media\"><img decoding=\"async\" src=\"https:\/\/www.solaal.org\/wp-content\/uploads\/2025\/03\/portrait-G.-Garot-site-930x1024.jpg\" alt=\"\" class=\"wp-image-14952 size-thumbnail\" \/><\/figure><div class=\"wp-block-media-text__content\">\n<p><a href=\"https:\/\/mailchi.mp\/solaal.org\/solaal-infos-mars-2026\" target=\"_blank\" rel=\"noreferrer noopener\">Newsletter mars 2026<\/a><a href=\"https:\/\/mailchi.mp\/solaal.org\/solaal-infos-juin2025-6424117\" target=\"_blank\" rel=\"noreferrer noopener\"><br><\/a>Interview de Guillaume Garot, d\u00e9put\u00e9 de la Mayenne et parrain de SOLAAL<\/p>\n<\/div><\/div>\n\n\n\n<div class=\"wp-block-media-text alignwide is-stacked-on-mobile\" style=\"grid-template-columns:17% auto\"><figure class=\"wp-block-media-text__media\"><img decoding=\"async\" src=\"https:\/\/www.solaal.org\/wp-content\/uploads\/2026\/01\/SIVAL_2025_INAUGURATION__EQUIPE_Photo-Regine-Lemarchand-6-768x1024.jpg\" alt=\"\" class=\"wp-image-16379 size-thumbnail\" \/><\/figure><div class=\"wp-block-media-text__content\">\n<p><a href=\"https:\/\/mailchi.mp\/solaal.org\/solaal-infos-janvier2026\" target=\"_blank\" rel=\"noreferrer noopener\">Newsletter janvier 2026<\/a><a href=\"https:\/\/mailchi.mp\/solaal.org\/solaal-infos-juin2025-6424117\" target=\"_blank\" rel=\"noreferrer noopener\"><br><\/a>Interview d&rsquo;Albert Richard, pr\u00e9sident du SIVAL<\/p>\n<\/div><\/div>\n\n\n\n<div class=\"wp-block-media-text alignwide is-stacked-on-mobile\" style=\"grid-template-columns:17% auto\"><figure class=\"wp-block-media-text__media\"><img decoding=\"async\" src=\"https:\/\/www.solaal.org\/wp-content\/uploads\/2025\/12\/benjamin-sterlin.png\" alt=\"\" class=\"wp-image-16357 size-thumbnail\" \/><\/figure><div class=\"wp-block-media-text__content\">\n<p><a href=\"https:\/\/mailchi.mp\/solaal.org\/solaal-infos-decembre2025\" target=\"_blank\" rel=\"noreferrer noopener\">Newsletter d\u00e9cembre 2025<\/a><a href=\"https:\/\/mailchi.mp\/solaal.org\/solaal-infos-juin2025-6424117\" target=\"_blank\" rel=\"noreferrer noopener\"><br><\/a>Interview de Benjamin Sterlin, chef de culture aux Jardins de Meslay<\/p>\n<\/div><\/div>\n\n\n\n<div class=\"wp-block-media-text alignwide is-stacked-on-mobile\" style=\"grid-template-columns:17% auto\"><figure class=\"wp-block-media-text__media\"><img decoding=\"async\" src=\"https:\/\/www.solaal.org\/wp-content\/uploads\/2025\/11\/Design-sans-titre-1.png\" alt=\"\" class=\"wp-image-16320 size-thumbnail\" \/><\/figure><div class=\"wp-block-media-text__content\">\n<p><a href=\"https:\/\/mailchi.mp\/solaal.org\/solaal-infos-novembre2025-6436060\" target=\"_blank\" rel=\"noreferrer noopener\">Newsletter novembre 2025<\/a><a href=\"https:\/\/mailchi.mp\/solaal.org\/solaal-infos-juin2025-6424117\" target=\"_blank\" rel=\"noreferrer noopener\"><br><\/a>Interview crois\u00e9e de Nicolas Henry, Directeur artistique de la biennale Photoclimat et parrain de SOLAAL, ainsi que Guillaume Chartier, pr\u00e9sident de la Fondation Avril<br>&nbsp;<\/p>\n<\/div><\/div>\n\n\n\n<div class=\"wp-block-media-text alignwide is-stacked-on-mobile\" style=\"grid-template-columns:17% auto\"><figure class=\"wp-block-media-text__media\"><img decoding=\"async\" src=\"https:\/\/www.solaal.org\/wp-content\/uploads\/2025\/10\/GLANAG1-768x1024.jpg\" alt=\"\" class=\"wp-image-16107 size-thumbnail\" \/><\/figure><div class=\"wp-block-media-text__content\">\n<p><a href=\"https:\/\/mailchi.mp\/solaal.org\/solaal-infos-octobre2025-6435122\" target=\"_blank\" rel=\"noreferrer noopener\">Newsletter octobre 2025<\/a><a href=\"https:\/\/mailchi.mp\/solaal.org\/solaal-infos-juin2025-6424117\" target=\"_blank\" rel=\"noreferrer noopener\"><br><\/a>Yvon Sarraute, pr\u00e9sident de SOLAAL Occitanie<br>&nbsp;<\/p>\n<\/div><\/div>\n\n\n\n<div class=\"wp-block-media-text alignwide is-stacked-on-mobile\" style=\"grid-template-columns:17% auto\"><figure class=\"wp-block-media-text__media\"><img decoding=\"async\" src=\"https:\/\/www.solaal.org\/wp-content\/uploads\/2025\/09\/IMG_3416-768x1024.jpg\" alt=\"\" class=\"wp-image-15991 size-thumbnail\" \/><\/figure><div class=\"wp-block-media-text__content\">\n<p><a href=\"https:\/\/mailchi.mp\/solaal.org\/solaal-infos-septembre2025-6426861\" target=\"_blank\" rel=\"noreferrer noopener\">Newsletter septembre 2025<\/a><a href=\"https:\/\/mailchi.mp\/solaal.org\/solaal-infos-juin2025-6424117\" target=\"_blank\" rel=\"noreferrer noopener\"><br><\/a>Ang\u00e9lique Delahaye, pr\u00e9sidente de SOLAAL<br>&nbsp;<\/p>\n<\/div><\/div>\n\n\n\n<div class=\"wp-block-media-text alignwide is-stacked-on-mobile\" style=\"grid-template-columns:17% auto\"><figure class=\"wp-block-media-text__media\"><img decoding=\"async\" src=\"https:\/\/www.solaal.org\/wp-content\/uploads\/2025\/06\/Photo-Marie-Griffaton-768x1024.jpg\" alt=\"\" class=\"wp-image-15344 size-thumbnail\" \/><\/figure><div class=\"wp-block-media-text__content\">\n<p><a href=\"https:\/\/mailchi.mp\/solaal.org\/solaal-infos-juillet2025-6425232\" target=\"_blank\" rel=\"noreferrer noopener\">Newsletter juillet 2025<\/a><a href=\"https:\/\/mailchi.mp\/solaal.org\/solaal-infos-juin2025-6424117\" target=\"_blank\" rel=\"noreferrer noopener\"><br><\/a>Marie Griffaton, Pr\u00e9sidente de SOLAAL Nouvelle Aquitaine<br>&nbsp;<\/p>\n<\/div><\/div>\n\n\n\n<div class=\"wp-block-media-text alignwide is-stacked-on-mobile\" style=\"grid-template-columns:17% auto\"><figure class=\"wp-block-media-text__media\"><img decoding=\"async\" src=\"https:\/\/www.solaal.org\/wp-content\/uploads\/2025\/05\/25137_039-1024x683.jpg\" alt=\"\" class=\"wp-image-15236 size-thumbnail\" \/><\/figure><div class=\"wp-block-media-text__content\">\n<p><a href=\"https:\/\/mailchi.mp\/solaal.org\/solaal-infos-juin2025-6424117\" target=\"_blank\" rel=\"noreferrer noopener\">Newsletter juin 2025<br><\/a>Annie Gennevard, ministre de l&rsquo;Agriculture et de la Souverainet\u00e9 alimentaire<\/p>\n<\/div><\/div>\n\n\n\n<div class=\"wp-block-media-text alignwide is-stacked-on-mobile\" style=\"grid-template-columns:15% auto\"><figure class=\"wp-block-media-text__media\"><img decoding=\"async\" src=\"https:\/\/www.solaal.org\/wp-content\/uploads\/2025\/04\/Photo-Caroline-Schwartz.jpg\" alt=\"\" class=\"wp-image-15170 size-thumbnail\" \/><\/figure><div class=\"wp-block-media-text__content\">\n<p><a href=\"https:\/\/mailchi.mp\/solaal.org\/solaal-infos-mai2025\" target=\"_blank\" rel=\"noreferrer noopener\">Newsletter mai 2025<br><\/a>Caroline Schwartz, manager chez Eurogroup consulting<\/p>\n<\/div><\/div>\n\n\n\n<div class=\"wp-block-media-text alignwide is-stacked-on-mobile\" style=\"grid-template-columns:15% auto\"><figure class=\"wp-block-media-text__media\"><img decoding=\"async\" src=\"https:\/\/www.solaal.org\/wp-content\/uploads\/2025\/03\/210617-AVRIL-Jean-Pierre-PAILLOT-1001-square-\u00a9thibaut-voisin-1024x1024.jpg\" alt=\"\" class=\"wp-image-15076 size-thumbnail\" \/><\/figure><div class=\"wp-block-media-text__content\">\n<p><a href=\"https:\/\/mailchi.mp\/solaal.org\/solaal-infos-avril2025\" target=\"_blank\" rel=\"noreferrer noopener\">Newsletter avril 2025<br><\/a>Jean-Pierre Paillot, directeur de la Fondation Avril<\/p>\n<\/div><\/div>\n\n\n\n<div class=\"wp-block-media-text alignwide is-stacked-on-mobile\" style=\"grid-template-columns:15% auto\"><figure class=\"wp-block-media-text__media\"><img decoding=\"async\" src=\"https:\/\/www.solaal.org\/wp-content\/uploads\/2025\/03\/portrait-G.-Garot-site-930x1024.jpg\" alt=\"\" class=\"wp-image-14952 size-thumbnail\" \/><\/figure><div class=\"wp-block-media-text__content\">\n<p><a href=\"https:\/\/mailchi.mp\/solaal.org\/solaal-infos-mars2025\">Newsletter mars 2025<br><\/a>Guillaume Garot, D\u00e9put\u00e9 de la Mayenne, conseiller r\u00e9gional des Pays de la Loire et parrain de SOLAAL<\/p>\n<\/div><\/div>\n\n\n\n<div class=\"wp-block-media-text alignwide is-stacked-on-mobile\" style=\"grid-template-columns:15% auto\"><figure class=\"wp-block-media-text__media\"><img decoding=\"async\" src=\"https:\/\/www.solaal.org\/wp-content\/uploads\/2025\/02\/Photo-Corinne-Poncey-Courtois-1-1.jpg\" alt=\"\" class=\"wp-image-14909 size-thumbnail\" \/><\/figure><div class=\"wp-block-media-text__content\">\n<p><a href=\"https:\/\/mailchi.mp\/solaal.org\/solaal-infos-janvier2025-6421534\">Newsletter f\u00e9vrier 2025<br><\/a>Corinne Poncey Courtois, directrice g\u00e9n\u00e9rale de la Fondation SFR<\/p>\n<\/div><\/div>\n\n\n\n<div class=\"wp-block-media-text alignwide is-stacked-on-mobile\" style=\"grid-template-columns:15% auto\"><figure class=\"wp-block-media-text__media\"><img decoding=\"async\" src=\"https:\/\/www.solaal.org\/wp-content\/uploads\/2024\/12\/1.png\" alt=\"\" class=\"wp-image-14799 size-thumbnail\" \/><\/figure><div class=\"wp-block-media-text__content\">\n<p><a href=\"https:\/\/mailchi.mp\/solaal.org\/solaal-infos-janvier2025\">Newsletter janvier 2025<br><\/a>Edito d&rsquo;Ang\u00e9lique Delahaye, pr\u00e9sidente de SOLAAL<\/p>\n<\/div><\/div>\n\n\n\n<div class=\"wp-block-media-text alignwide is-stacked-on-mobile\" style=\"grid-template-columns:15% auto\"><figure class=\"wp-block-media-text__media\"><img decoding=\"async\" src=\"https:\/\/www.solaal.org\/wp-content\/uploads\/2024\/12\/Medias-newsletter-mai-2.png\" alt=\"\" class=\"wp-image-14750 size-thumbnail\" \/><\/figure><div class=\"wp-block-media-text__content\">\n<p><a href=\"https:\/\/mailchi.mp\/solaal.org\/solaal-infos-decembre\">Newsletter d\u00e9cembre 2024<br><\/a>Interview de Jean-Philippe Fievez, d\u00e9l\u00e9gu\u00e9 et membre de la Fondation MACIF Grand Est<\/p>\n<\/div><\/div>\n\n\n\n<div class=\"wp-block-media-text alignwide is-stacked-on-mobile\" style=\"grid-template-columns:15% auto\"><figure class=\"wp-block-media-text__media\"><img decoding=\"async\" src=\"https:\/\/www.solaal.org\/wp-content\/uploads\/2024\/11\/Eric-THIROUIN-3-Copie2-1024x1024.jpg\" alt=\"\" class=\"wp-image-14630 size-thumbnail\" \/><\/figure><div class=\"wp-block-media-text__content\">\n<p><a href=\"https:\/\/mailchi.mp\/solaal.org\/solaal-infos-novembre?e=[UNIQID]\">Newsletter novembre 2024<br><\/a>Interview de Eric Thirouin, pr\u00e9sident d&rsquo;Unigrains<\/p>\n<\/div><\/div>\n\n\n\n<div class=\"wp-block-media-text alignwide is-stacked-on-mobile\" style=\"grid-template-columns:15% auto\"><figure class=\"wp-block-media-text__media\"><img decoding=\"async\" src=\"https:\/\/www.solaal.org\/wp-content\/uploads\/2024\/10\/J.-Chazalet-715x1024.jpg\" alt=\"\" class=\"wp-image-14542 size-thumbnail\" \/><\/figure><div class=\"wp-block-media-text__content\">\n<p><a href=\"https:\/\/mailchi.mp\/solaal.org\/solaal-infos-octobre\">Newsletter octobre 2024<br><\/a>Interview de Jacques Chazalet, pr\u00e9sident du Sommet de l&rsquo;\u00e9levage<\/p>\n<\/div><\/div>\n\n\n\n<div class=\"wp-block-media-text alignwide is-stacked-on-mobile\" style=\"grid-template-columns:15% auto\"><figure class=\"wp-block-media-text__media\"><img decoding=\"async\" src=\"https:\/\/www.solaal.org\/wp-content\/uploads\/2024\/09\/20240404_161904-1-1024x943.jpg\" alt=\"\" class=\"wp-image-14492 size-thumbnail\" \/><\/figure><div class=\"wp-block-media-text__content\">\n<p><a href=\"https:\/\/mailchi.mp\/solaal.org\/solaal-infos-septembre-jnda?e=[UNIQID]\">Newsletter septembre 2024<br><\/a>10\u00e8me \u00e9dition des Journ\u00e9es nationales du don agricole #JNDA24 !<\/p>\n<\/div><\/div>\n\n\n\n<div class=\"wp-block-media-text alignwide is-stacked-on-mobile\" style=\"grid-template-columns:15% auto\"><figure class=\"wp-block-media-text__media\"><img decoding=\"async\" src=\"https:\/\/www.solaal.org\/wp-content\/uploads\/2024\/07\/Photo-SP-1-1024x1024.jpg\" alt=\"S\u00e9bastien Prouteau, pr\u00e9sident SOLAAL Centre - Val de Loire et agriculteur\" class=\"wp-image-14247 size-thumbnail\" \/><\/figure><div class=\"wp-block-media-text__content\">\n<p><a href=\"https:\/\/mailchi.mp\/solaal.org\/solaal-infos-juillet\">Newsletter juillet 2024<br><\/a>Interview de S\u00e9bastien Prouteau, pr\u00e9sident de SOLAAL Centre-Val de Loire et agriculteur<\/p>\n<\/div><\/div>\n\n\n\n<div class=\"wp-block-media-text alignwide is-stacked-on-mobile\" style=\"grid-template-columns:15% auto\"><figure class=\"wp-block-media-text__media\"><img decoding=\"async\" src=\"https:\/\/www.solaal.org\/wp-content\/uploads\/2024\/06\/thumbnail_Marie-Garnier-003-EAR65851ret-2-2.jpg\" alt=\"\" class=\"wp-image-14149 size-thumbnail\" \/><\/figure><div class=\"wp-block-media-text__content\">\n<p><a href=\"https:\/\/mailchi.mp\/solaal.org\/solaal-infos-juin-2024\">Newsletter juin 2024<\/a><br>Interview de Marie Garnier, Directrice Qualit\u00e9 et D\u00e9veloppement Durable METRO France et Vice-pr\u00e9sidente de la Fondation METRO<\/p>\n<\/div><\/div>\n\n\n\n<div class=\"wp-block-media-text alignwide is-stacked-on-mobile\" style=\"grid-template-columns:15% auto\"><figure class=\"wp-block-media-text__media\"><img decoding=\"async\" src=\"https:\/\/www.solaal.org\/wp-content\/uploads\/2024\/04\/Design-sans-titre-6.png\" alt=\"\" class=\"wp-image-14025 size-thumbnail\" \/><\/figure><div class=\"wp-block-media-text__content\">\n<p><a href=\"https:\/\/mailchi.mp\/solaal.org\/solaal-infos-mai-2024\">Newsletter mai 2024<\/a><br>Interview de La Famille TEULET, producteurs de fruits et l\u00e9gumes frais<\/p>\n<\/div><\/div>\n\n\n\n<div class=\"wp-block-media-text alignwide is-stacked-on-mobile\" style=\"grid-template-columns:15% auto\"><figure class=\"wp-block-media-text__media\"><img decoding=\"async\" src=\"https:\/\/www.solaal.org\/wp-content\/uploads\/2024\/04\/Jean-Michel-Hamel.jpg\" alt=\"\" class=\"wp-image-13945 size-thumbnail\" \/><\/figure><div class=\"wp-block-media-text__content\">\n<p><a href=\"https:\/\/us11.campaign-archive.com\/?e=__test_email__&amp;u=41ffe44c60fb3d81b1a1f556c&amp;id=868304d76f\">Newsletter avril 2024<\/a><br>Interview de Jean-Michel Hamel, pr\u00e9sident de SOLAAL Normandie<\/p>\n<\/div><\/div>\n\n\n\n<div class=\"wp-block-media-text alignwide is-stacked-on-mobile\" style=\"grid-template-columns:15% auto\"><figure class=\"wp-block-media-text__media\"><img decoding=\"async\" src=\"https:\/\/www.solaal.org\/wp-content\/uploads\/2024\/03\/Luc-BARBIER-1-956x1024.jpg\" alt=\"\" class=\"wp-image-13891 size-thumbnail\" \/><\/figure><div class=\"wp-block-media-text__content\">\n<p><a href=\"https:\/\/mailchi.mp\/solaal\/focus-sur-notre-livre-blanc-lachat-vente-solidaire-et-le-don-agricole?e=9d15f4d359\">Newsletter mars 2024<\/a><br>Interview de Luc Barbier, pr\u00e9sident de Vegafruits<\/p>\n<\/div><\/div>\n\n\n\n<div class=\"wp-block-media-text alignwide is-stacked-on-mobile\" style=\"grid-template-columns:15% auto\"><figure class=\"wp-block-media-text__media\"><img decoding=\"async\" src=\"https:\/\/www.solaal.org\/wp-content\/uploads\/2024\/01\/A._Delahaye_SOLAAL-2-2-998x1024.jpg\" alt=\"\" class=\"wp-image-13670 size-thumbnail\" \/><\/figure><div class=\"wp-block-media-text__content\">\n<p><a href=\"https:\/\/mailchi.mp\/solaal\/en-2024_donnez-et-vendez-solidaire\" target=\"_blank\" rel=\"noreferrer noopener\">New<\/a><a href=\"https:\/\/mailchi.mp\/solaal\/en-2024_donnez-et-vendez-solidaire?e=9d15f4d359\" target=\"_blank\" rel=\"noreferrer noopener\">sletter f\u00e9vrier 2024<\/a><\/p>\n\n\n\n<p>Edito d&rsquo;Ang\u00e9lique Delahaye, pr\u00e9sidente de SOLAAL<\/p>\n<\/div><\/div>\n\n\n\n<div class=\"wp-block-media-text alignwide is-stacked-on-mobile\" style=\"grid-template-columns:15% auto\"><figure class=\"wp-block-media-text__media\"><img decoding=\"async\" src=\"https:\/\/www.solaal.org\/wp-content\/uploads\/2023\/12\/Sylvain-Waserman_PDG-ADEME_Portrait-HD_\u00a9Jean-Chiscano-1024x819.jpg\" alt=\"\" class=\"wp-image-13614 size-thumbnail\" \/><\/figure><div class=\"wp-block-media-text__content\">\n<p><a href=\"https:\/\/mailchi.mp\/solaal\/100000-litres-dons-lait?e=%5bUNIQID%5d\" target=\"_blank\" rel=\"noreferrer noopener\">Newsletter d\u00e9cembre 2023<\/a><\/p>\n\n\n\n<p>Interview de Sylvain Waserman, pr\u00e9sident de l&rsquo;ADEME<\/p>\n<\/div><\/div>\n\n\n\n<div class=\"wp-block-media-text alignwide is-stacked-on-mobile\" style=\"grid-template-columns:15% auto\"><figure class=\"wp-block-media-text__media\"><img decoding=\"async\" src=\"https:\/\/www.solaal.org\/wp-content\/uploads\/2023\/11\/MicrosoftTeams-image-1-Copie-933x1024.jpg\" alt=\"\" class=\"wp-image-13431 size-thumbnail\" \/><\/figure><div class=\"wp-block-media-text__content\">\n<p><a href=\"https:\/\/mailchi.mp\/solaal\/gaspillage_alimentaire_france?e=[UNIQID]\" target=\"_blank\" rel=\"noreferrer noopener\">Newsletter novembre 2023<\/a><\/p>\n\n\n\n<p>Interview de Thierry Roquefeuil, pr\u00e9sident du CNIEL<\/p>\n<\/div><\/div>\n\n\n\n<div class=\"wp-block-media-text alignwide is-stacked-on-mobile\" style=\"grid-template-columns:15% auto\"><figure class=\"wp-block-media-text__media\"><img decoding=\"async\" src=\"https:\/\/www.solaal.org\/wp-content\/uploads\/2023\/10\/ISA-bouglime.png\" alt=\"\" class=\"wp-image-13334 size-thumbnail\" \/><\/figure><div class=\"wp-block-media-text__content\">\n<p><a href=\"https:\/\/mailchi.mp\/solaal\/jnda_2023_record_dons?e=[UNIQID]\">Newsletter octobre 2023<\/a><\/p>\n\n\n\n<p>Interview d&rsquo;Isa Bouglime, directrice Affaires Publiques\/ Partenariats Sant\u00e9 Assurances chez HOYA Vision Care<\/p>\n<\/div><\/div>\n\n\n\n<div class=\"wp-block-media-text alignwide is-stacked-on-mobile\" style=\"grid-template-columns:15% auto\"><figure class=\"wp-block-media-text__media\"><img decoding=\"async\" src=\"https:\/\/www.solaal.org\/wp-content\/uploads\/2023\/01\/A._Delahaye_SOLAAl-1-840x1024.jpg\" alt=\"\" class=\"wp-image-12584 size-thumbnail\" \/><\/figure><div class=\"wp-block-media-text__content\">\n<p><a href=\"https:\/\/mailchi.mp\/solaal\/tour-de-france-les-tapes-solidaires-6251661?e=[UNIQID]\">Newsletter septembre 2023<\/a><\/p>\n\n\n\n<p>Edito d&rsquo;Ang\u00e9lique Delahaye, pr\u00e9sidente de SOLAAL <\/p>\n<\/div><\/div>\n\n\n\n<div class=\"wp-block-media-text alignwide is-stacked-on-mobile\" style=\"grid-template-columns:15% auto\"><figure class=\"wp-block-media-text__media\"><img decoding=\"async\" src=\"https:\/\/www.solaal.org\/wp-content\/uploads\/2023\/07\/Marcel-DENIEUL-Copie-977x1024.jpg\" alt=\"\" class=\"wp-image-13143 size-thumbnail\" \/><\/figure><div class=\"wp-block-media-text__content\">\n<p><a href=\"https:\/\/mailchi.mp\/solaal\/10_ans_solaal_ministre_solidarites-6245529?e=[UNIQID]\">Newsletter juillet 2023<\/a><\/p>\n\n\n\n<p>Interview de Marcel Denieul, pr\u00e9sident du SPACE Rennes<\/p>\n<\/div><\/div>\n\n\n\n<div class=\"wp-block-media-text alignwide is-stacked-on-mobile\" style=\"grid-template-columns:15% auto\"><figure class=\"wp-block-media-text__media\"><img decoding=\"async\" src=\"https:\/\/www.solaal.org\/wp-content\/uploads\/2023\/06\/ROUSSEAU_ARNAUD-478-Copie.jpg\" alt=\"\" class=\"wp-image-13038 size-thumbnail\" \/><\/figure><div class=\"wp-block-media-text__content\">\n<p><a href=\"https:\/\/mailchi.mp\/solaal\/10_ans_solaal_ministre_solidarites\">Newsletter juin 2023<\/a><\/p>\n\n\n\n<p>Interview d&rsquo;Arnaud Rousseau , pr\u00e9sident de la FNSEA<\/p>\n<\/div><\/div>\n\n\n\n<div class=\"wp-block-media-text alignwide is-stacked-on-mobile\" style=\"grid-template-columns:15% auto\"><figure class=\"wp-block-media-text__media\"><img decoding=\"async\" src=\"https:\/\/www.solaal.org\/wp-content\/uploads\/2023\/05\/MicrosoftTeams-image-8.png\" alt=\"\" class=\"wp-image-12988 size-thumbnail\" \/><\/figure><div class=\"wp-block-media-text__content\">\n<p><a href=\"https:\/\/mailchi.mp\/solaal\/crise-noix-solaal-au-rdv?e=9d15f4d359\">Newsletter mai 2023<\/a><\/p>\n\n\n\n<p>Interview de St\u00e9phanie Osmont, directrice de l&rsquo;innovation sociale et environnementale &#8211; Groupe La Poste<\/p>\n<\/div><\/div>\n\n\n\n<div class=\"wp-block-media-text alignwide is-stacked-on-mobile\" style=\"grid-template-columns:15% auto\"><figure class=\"wp-block-media-text__media\"><img decoding=\"async\" src=\"https:\/\/www.solaal.org\/wp-content\/uploads\/2023\/01\/A._Delahaye_SOLAAl-2-840x1024.jpg\" alt=\"\" class=\"wp-image-12585 size-thumbnail\" \/><\/figure><div class=\"wp-block-media-text__content\">\n<p><a href=\"https:\/\/mailchi.mp\/solaal\/10_ans_solaal?e=9d15f4d359\">Newsletter avril 2023<\/a><\/p>\n\n\n\n<p>Edito d&rsquo;Ang\u00e9lique Delahaye, pr\u00e9sidente de SOLAAL <\/p>\n<\/div><\/div>\n\n\n\n<div class=\"wp-block-media-text alignwide is-stacked-on-mobile\" style=\"grid-template-columns:15% auto\"><figure class=\"wp-block-media-text__media\"><img decoding=\"async\" src=\"https:\/\/www.solaal.org\/wp-content\/uploads\/2022\/11\/JCC.SIPA_.0010-1-1-1024x1000.jpg\" alt=\"\" class=\"wp-image-12422 size-thumbnail\" \/><\/figure><div class=\"wp-block-media-text__content\">\n<p><a href=\"https:\/\/mailchi.mp\/7b0bdb86867f\/mieux-manger-pour-tous-ministre-solidarit?e=[UNIQID]\">Newsletter mars 2023<\/a><\/p>\n\n\n\n<p>Interview Jean-Christophe Combe, Ministre des Solidarit\u00e9s, de l&rsquo;Autonomie et des Personnes handicap\u00e9es<\/p>\n<\/div><\/div>\n\n\n\n<div class=\"wp-block-media-text alignwide is-stacked-on-mobile\" style=\"grid-template-columns:15% auto\"><figure class=\"wp-block-media-text__media\"><img decoding=\"async\" src=\"https:\/\/www.solaal.org\/wp-content\/uploads\/2023\/03\/PortraitValerieLeRoy1_Creditphoto_StudioCuiCuiSIA22-Copie.jpg\" alt=\"\" class=\"wp-image-12861 size-thumbnail\" \/><\/figure><div class=\"wp-block-media-text__content\">\n<p><a href=\"https:\/\/mailchi.mp\/edec71878072\/sia-10-ans-solaal?e=[UNIQID]\">Newsletter f\u00e9vrier 2023<\/a><\/p>\n\n\n\n<p>Interview Val\u00e9rie Le Roy, directrice du SIA <\/p>\n<\/div><\/div>\n\n\n\n<div class=\"wp-block-media-text alignwide is-stacked-on-mobile\" style=\"grid-template-columns:15% auto\"><figure class=\"wp-block-media-text__media\"><img decoding=\"async\" src=\"https:\/\/www.solaal.org\/wp-content\/uploads\/2023\/01\/A._Delahaye_SOLAAl-1-840x1024.jpg\" alt=\"\" class=\"wp-image-12584 size-thumbnail\" \/><\/figure><div class=\"wp-block-media-text__content\">\n<p><a href=\"https:\/\/mailchi.mp\/9e8d96d17347\/bilan-2022-plus-de-donateurs-et-dons?e=[UNIQID]\">Newsletter janvier 2023<\/a><\/p>\n\n\n\n<p>Edito d&rsquo;Ang\u00e9lique Delahaye, pr\u00e9sidente de SOLAAL <\/p>\n<\/div><\/div>\n\n\n\n<p><\/p>\n","protected":false},"excerpt":{"rendered":"<p>Retrouvez SOLAAL INFOS tous les 1er jeudis du mois. Newsletter mars 2026Interview de Guillaume Garot, d\u00e9put\u00e9 de la Mayenne et parrain de SOLAAL Newsletter janvier 2026Interview d&rsquo;Albert Richard, pr\u00e9sident du SIVAL Newsletter d\u00e9cembre 2025Interview de Benjamin Sterlin, chef de culture aux Jardins de Meslay Newsletter novembre 2025Interview crois\u00e9e de Nicolas Henry, Directeur artistique de la [&hellip;]<\/p>\n","protected":false},"author":2,"featured_media":1025,"parent":0,"menu_order":17,"comment_status":"closed","ping_status":"closed","template":"","meta":{"_acf_changed":false,"inline_featured_image":false,"footnotes":""},"class_list":["post-1139","page","type-page","status-publish","has-post-thumbnail","hentry"],"acf":[],"_links":{"self":[{"href":"https:\/\/www.solaal.org\/bourgogne-franche-comte\/wp-json\/wp\/v2\/pages\/1139","targetHints":{"allow":["GET"]}}],"collection":[{"href":"https:\/\/www.solaal.org\/bourgogne-franche-comte\/wp-json\/wp\/v2\/pages"}],"about":[{"href":"https:\/\/www.solaal.org\/bourgogne-franche-comte\/wp-json\/wp\/v2\/types\/page"}],"author":[{"embeddable":true,"href":"https:\/\/www.solaal.org\/bourgogne-franche-comte\/wp-json\/wp\/v2\/users\/2"}],"replies":[{"embeddable":true,"href":"https:\/\/www.solaal.org\/bourgogne-franche-comte\/wp-json\/wp\/v2\/comments?post=1139"}],"version-history":[{"count":1,"href":"https:\/\/www.solaal.org\/bourgogne-franche-comte\/wp-json\/wp\/v2\/pages\/1139\/revisions"}],"predecessor-version":[{"id":1469,"href":"https:\/\/www.solaal.org\/bourgogne-franche-comte\/wp-json\/wp\/v2\/pages\/1139\/revisions\/1469"}],"wp:featuredmedia":[{"embeddable":true,"href":"https:\/\/www.solaal.org\/bourgogne-franche-comte\/wp-json\/wp\/v2\/media\/1025"}],"wp:attachment":[{"href":"https:\/\/www.solaal.org\/bourgogne-franche-comte\/wp-json\/wp\/v2\/media?parent=1139"}],"curies":[{"name":"wp","href":"https:\/\/api.w.org\/{rel}","templated":true}]}}