{"version":"1.0","provider_name":"SOLAAL Bourgogne-Franche-Comt\u00e9","provider_url":"https:\/\/www.solaal.org\/bourgogne-franche-comte","author_name":"solaal_admin","author_url":"https:\/\/www.solaal.org\/bourgogne-franche-comte\/author\/solaal_admin\/","title":"D\u00e9couvrez l'association | SOLAAL Bourgogne-Franche-Comt\u00e9","type":"rich","width":600,"height":338,"html":"<blockquote class=\"wp-embedded-content\" data-secret=\"O7qCARN62h\"><a href=\"https:\/\/www.solaal.org\/bourgogne-franche-comte\/decouvrez-lassociation\/\">D\u00e9couvrez l&rsquo;association<\/a><\/blockquote><iframe sandbox=\"allow-scripts\" security=\"restricted\" src=\"https:\/\/www.solaal.org\/bourgogne-franche-comte\/decouvrez-lassociation\/embed\/#?secret=O7qCARN62h\" width=\"600\" height=\"338\" title=\"\u00ab\u00a0D\u00e9couvrez l&rsquo;association\u00a0\u00bb &#8212; SOLAAL Bourgogne-Franche-Comt\u00e9\" data-secret=\"O7qCARN62h\" frameborder=\"0\" marginwidth=\"0\" marginheight=\"0\" scrolling=\"no\" class=\"wp-embedded-content\"><\/iframe><script type=\"text\/javascript\">\n\/* <![CDATA[ *\/\n\/*! This file is auto-generated *\/\n!function(d,l){\"use strict\";l.querySelector&&d.addEventListener&&\"undefined\"!=typeof URL&&(d.wp=d.wp||{},d.wp.receiveEmbedMessage||(d.wp.receiveEmbedMessage=function(e){var t=e.data;if((t||t.secret||t.message||t.value)&&!\/[^a-zA-Z0-9]\/.test(t.secret)){for(var s,r,n,a=l.querySelectorAll('iframe[data-secret=\"'+t.secret+'\"]'),o=l.querySelectorAll('blockquote[data-secret=\"'+t.secret+'\"]'),c=new RegExp(\"^https?:$\",\"i\"),i=0;i<o.length;i++)o[i].style.display=\"none\";for(i=0;i<a.length;i++)s=a[i],e.source===s.contentWindow&&(s.removeAttribute(\"style\"),\"height\"===t.message?(1e3<(r=parseInt(t.value,10))?r=1e3:~~r<200&&(r=200),s.height=r):\"link\"===t.message&&(r=new URL(s.getAttribute(\"src\")),n=new URL(t.value),c.test(n.protocol))&&n.host===r.host&&l.activeElement===s&&(d.top.location.href=t.value))}},d.addEventListener(\"message\",d.wp.receiveEmbedMessage,!1),l.addEventListener(\"DOMContentLoaded\",function(){for(var e,t,s=l.querySelectorAll(\"iframe.wp-embedded-content\"),r=0;r<s.length;r++)(t=(e=s[r]).getAttribute(\"data-secret\"))||(t=Math.random().toString(36).substring(2,12),e.src+=\"#?secret=\"+t,e.setAttribute(\"data-secret\",t)),e.contentWindow.postMessage({message:\"ready\",secret:t},\"*\")},!1)))}(window,document);\n\/\/# sourceURL=https:\/\/www.solaal.org\/bourgogne-franche-comte\/wp-includes\/js\/wp-embed.min.js\n\/* ]]> *\/\n<\/script>\n","description":"SOLAAL Bourgogne Franche-Comt\u00e9 SOLAAL Bourgogne Franche-Comt\u00e9 facilite gratuitement l\u2019organisation des dons des entreprises agricoles et agroalimentaires \u00e0 destination des associations d\u2019aide alimentaire. L\u2019antenne r\u00e9gionale de SOLAAL s\u2019est constitu\u00e9e en novembre 2023. Notre r\u00f4le est de caract\u00e9riser les dons des entreprises pour en faire la proposition aux associations d\u2019aide alimentaire. Une fois le retour de chacune [&hellip;]"}