{"id":1830,"date":"2023-08-29T14:59:29","date_gmt":"2023-08-29T12:59:29","guid":{"rendered":"https:\/\/www.solaal.org\/aura\/?page_id=1830"},"modified":"2025-05-09T12:01:29","modified_gmt":"2025-05-09T10:01:29","slug":"salons-et-foires","status":"publish","type":"page","link":"https:\/\/www.solaal.org\/aura\/salons-et-foires\/","title":{"rendered":"Salons et foires"},"content":{"rendered":"\n<p>L\u2019association SOLAAL AURA est pr\u00e9sente sur les salons et foires r\u00e9gionaux. L\u2019objectif est de&nbsp;<strong>sensibiliser&nbsp;<\/strong>un public cible au&nbsp;<strong>don agricole<\/strong>&nbsp;(donateurs, associations d\u2019aide alimentaire, \u00e9tablissements scolaires agricoles , \u00e9lus\u2026) et d\u2019attirer l\u2019attention du grand public sur&nbsp;<strong>l\u2019acc\u00e8s \u00e0 l\u2019alimentation<\/strong>&nbsp;et&nbsp;<strong>le gaspillage alimentaire<\/strong>.<br>Un quizz est propos\u00e9 aux visiteurs afin qu\u2019ils apprennent en s\u2019amusant.<\/p>\n\n\n\n<p>Le projet d&rsquo;antenne SOLAAL AURA a \u00e9t\u00e9 inaugur\u00e9 au Sommet de l&rsquo;\u00e9levage en 2021, \u00e9v\u00e8nement agricole majeur dans la r\u00e9gion. <\/p>\n\n\n\n<p>SOLAAL AURA participe \u00e9galement au Salon de l\u2019Agriculture \u00e0 Paris avec toutes les antennes r\u00e9gionales. <\/p>\n\n\n\n<figure class=\"wp-block-gallery has-nested-images columns-default is-cropped wp-block-gallery-1 is-layout-flex wp-block-gallery-is-layout-flex\">\n<figure class=\"wp-block-image size-large\"><img loading=\"lazy\" decoding=\"async\" width=\"768\" height=\"1024\" data-id=\"1832\" src=\"https:\/\/www.solaal.org\/aura\/wp-content\/uploads\/sites\/29\/2023\/08\/SIA-2mars23-StandDrome2-768x1024.jpg\" alt=\"\" class=\"wp-image-1832\" style=\"aspect-ratio:3\/2;object-fit:cover\" srcset=\"https:\/\/www.solaal.org\/aura\/wp-content\/uploads\/sites\/29\/2023\/08\/SIA-2mars23-StandDrome2-768x1024.jpg 768w, https:\/\/www.solaal.org\/aura\/wp-content\/uploads\/sites\/29\/2023\/08\/SIA-2mars23-StandDrome2-225x300.jpg 225w, https:\/\/www.solaal.org\/aura\/wp-content\/uploads\/sites\/29\/2023\/08\/SIA-2mars23-StandDrome2.jpg 900w\" sizes=\"auto, (max-width: 768px) 100vw, 768px\" \/><\/figure>\n\n\n\n<figure class=\"wp-block-image size-large\"><img loading=\"lazy\" decoding=\"async\" width=\"1018\" height=\"1024\" data-id=\"1831\" src=\"https:\/\/www.solaal.org\/aura\/wp-content\/uploads\/sites\/29\/2023\/08\/20230515_143149-1018x1024.jpg\" alt=\"\" class=\"wp-image-1831\" style=\"aspect-ratio:3\/2;object-fit:cover\" srcset=\"https:\/\/www.solaal.org\/aura\/wp-content\/uploads\/sites\/29\/2023\/08\/20230515_143149-1018x1024.jpg 1018w, https:\/\/www.solaal.org\/aura\/wp-content\/uploads\/sites\/29\/2023\/08\/20230515_143149-298x300.jpg 298w, https:\/\/www.solaal.org\/aura\/wp-content\/uploads\/sites\/29\/2023\/08\/20230515_143149-150x150.jpg 150w, https:\/\/www.solaal.org\/aura\/wp-content\/uploads\/sites\/29\/2023\/08\/20230515_143149-768x773.jpg 768w, https:\/\/www.solaal.org\/aura\/wp-content\/uploads\/sites\/29\/2023\/08\/20230515_143149-16x16.jpg 16w, https:\/\/www.solaal.org\/aura\/wp-content\/uploads\/sites\/29\/2023\/08\/20230515_143149.jpg 1193w\" sizes=\"auto, (max-width: 1018px) 100vw, 1018px\" \/><\/figure>\n\n\n\n<figure class=\"wp-block-image size-large\"><img loading=\"lazy\" decoding=\"async\" width=\"1024\" height=\"768\" data-id=\"2382\" src=\"https:\/\/www.solaal.org\/aura\/wp-content\/uploads\/sites\/29\/2024\/10\/WhatsApp-Image-2024-10-04-at-14.44.29-1-1024x768.jpeg\" alt=\"\" class=\"wp-image-2382\" style=\"aspect-ratio:4\/3;object-fit:contain\" srcset=\"https:\/\/www.solaal.org\/aura\/wp-content\/uploads\/sites\/29\/2024\/10\/WhatsApp-Image-2024-10-04-at-14.44.29-1-1024x768.jpeg 1024w, https:\/\/www.solaal.org\/aura\/wp-content\/uploads\/sites\/29\/2024\/10\/WhatsApp-Image-2024-10-04-at-14.44.29-1-300x225.jpeg 300w, https:\/\/www.solaal.org\/aura\/wp-content\/uploads\/sites\/29\/2024\/10\/WhatsApp-Image-2024-10-04-at-14.44.29-1-768x576.jpeg 768w, https:\/\/www.solaal.org\/aura\/wp-content\/uploads\/sites\/29\/2024\/10\/WhatsApp-Image-2024-10-04-at-14.44.29-1.jpeg 1200w\" sizes=\"auto, (max-width: 1024px) 100vw, 1024px\" \/><\/figure>\n<\/figure>\n","protected":false},"excerpt":{"rendered":"<p>L\u2019association SOLAAL AURA est pr\u00e9sente sur les salons et foires r\u00e9gionaux. L\u2019objectif est de&nbsp;sensibiliser&nbsp;un public cible au&nbsp;don agricole&nbsp;(donateurs, associations d\u2019aide alimentaire, \u00e9tablissements scolaires agricoles , \u00e9lus\u2026) et d\u2019attirer l\u2019attention du grand public sur&nbsp;l\u2019acc\u00e8s \u00e0 l\u2019alimentation&nbsp;et&nbsp;le gaspillage alimentaire.Un quizz est propos\u00e9 aux visiteurs afin qu\u2019ils apprennent en s\u2019amusant. Le projet d&rsquo;antenne SOLAAL AURA a \u00e9t\u00e9 inaugur\u00e9 [&hellip;]<\/p>\n","protected":false},"author":19,"featured_media":0,"parent":0,"menu_order":0,"comment_status":"closed","ping_status":"closed","template":"","meta":{"_acf_changed":false,"inline_featured_image":false,"footnotes":""},"class_list":["post-1830","page","type-page","status-publish","hentry"],"acf":[],"_links":{"self":[{"href":"https:\/\/www.solaal.org\/aura\/wp-json\/wp\/v2\/pages\/1830","targetHints":{"allow":["GET"]}}],"collection":[{"href":"https:\/\/www.solaal.org\/aura\/wp-json\/wp\/v2\/pages"}],"about":[{"href":"https:\/\/www.solaal.org\/aura\/wp-json\/wp\/v2\/types\/page"}],"author":[{"embeddable":true,"href":"https:\/\/www.solaal.org\/aura\/wp-json\/wp\/v2\/users\/19"}],"replies":[{"embeddable":true,"href":"https:\/\/www.solaal.org\/aura\/wp-json\/wp\/v2\/comments?post=1830"}],"version-history":[{"count":10,"href":"https:\/\/www.solaal.org\/aura\/wp-json\/wp\/v2\/pages\/1830\/revisions"}],"predecessor-version":[{"id":2476,"href":"https:\/\/www.solaal.org\/aura\/wp-json\/wp\/v2\/pages\/1830\/revisions\/2476"}],"wp:attachment":[{"href":"https:\/\/www.solaal.org\/aura\/wp-json\/wp\/v2\/media?parent=1830"}],"curies":[{"name":"wp","href":"https:\/\/api.w.org\/{rel}","templated":true}]}}